{"id":598959,"date":"2026-04-30T05:00:24","date_gmt":"2026-04-30T05:00:24","guid":{"rendered":"http:\/\/cf-motors.de\/de\/listing\/mercedes-benz-v-300-d-lang-4m-vip-xbox-nespresso-fridge-tv\/"},"modified":"2026-04-30T05:00:24","modified_gmt":"2026-04-30T05:00:24","slug":"mercedes-benz-v-300-d-lang-4m-vip-xbox-nespresso-fridge-tv","status":"publish","type":"vehica_car","link":"https:\/\/cf-motors.de\/pt\/listing\/mercedes-benz-v-300-d-lang-4m-vip-xbox-nespresso-fridge-tv\/","title":{"rendered":"MERCEDES-BENZ V 300 d long 4M VIP XBOX, NESPRESSO, FRIDGE, TV"},"content":{"rendered":"<p>##P5TANK PARA O SEU INTERESSE NUM DOS NOSSOS VE\u00cdCULOS##<br \/>Temos o prazer de lhe apresentar um V-Class que lhe permite viajar t\u00e3o descontraidamente como num jato privado. Discretamente discreto por fora, altamente luxuoso por dentro! Para al\u00e9m dos bancos reclin\u00e1veis VIP el\u00e9ctricos revestidos com a mais fina pele napa, um tapete macio e soleiras das portas em madeira verdadeira, encontrar\u00e1 um extenso sistema de entretenimento a bordo (incluindo PlayStation5, v\u00e1rios ecr\u00e3s e sistema de cinema Harman Kardon 5.1 topo de gama), uma m\u00e1quina de caf\u00e9, um humidor e muitos outros extras. Se tiver mais alguma quest\u00e3o, n\u00e3o hesite em contactar-nos!<br \/><strong class='title'>Lista de op\u00e7\u00f5es extra instaladas:<\/strong><\/p>\n<ul>\n<li>e anima\u00e7\u00e3o de estrelas<\/li>\n<li>-<\/li>\n<li>- 2x Quadros de mesas el\u00e9ctricas<\/li>\n<li>- 2x espelhos de maquilhagem Mercedes-Benz Classe S<\/li>\n<li>- 4x Aberturas de ventila\u00e7\u00e3o<\/li>\n<li>- 8x Cobertura de pilares<\/li>\n<li>- Constru\u00e7\u00e3o de tectos incorporada<\/li>\n<li>- Teto revestido a Alc\u00e2ntara<\/li>\n<li>- Teto do Rovelver Rolls-Royce Starry Sky com estrelas cadentes<\/li>\n<li>- Cabide no porta-bagagens<\/li>\n<li>- Cockpit revestido a Alcantara<\/li>\n<li>- Decora\u00e7\u00f5es com Alc\u00e2ntara e couro<\/li>\n<li>- Portas revestidas a Alcantara e couro<\/li>\n<li>- Monitor LED rebat\u00edvel eletricamente para os h\u00f3spedes<\/li>\n<li>- Pavimento da \u00e1rea VIP coberto com uma alcatifa de pele REX de alta qualidade<\/li>\n<li>- Porta-luvas com inser\u00e7\u00e3o decorativa<\/li>\n<li>- Integra\u00e7\u00e3o do controlador de ar condicionado<\/li>\n<li>- Barra lateral esquerda com ornamentos decorativos<\/li>\n<li>- Adorno de mesa \u00e0 esquerda<\/li>\n<li>- Consola central de luxo com apoio de bra\u00e7o em pele<\/li>\n<li>- Barra lateral direita com ornamentos decorativos<\/li>\n<li>- Decora\u00e7\u00e3o da mesa direita<\/li>\n<li>- Bancos revestidos a pele Bentley Nappa<\/li>\n<li>- Paredes laterais revestidas a Alcantara e couro<\/li>\n<li>- Volante revestido a madeira de mogno e couro<\/li>\n<li>- Tiras na barra lateral esquerda<\/li>\n<li>- Tiras na parede lateral esquerda<\/li>\n<li>- Tiras na barra lateral direita<\/li>\n<li>- Tiras na parede lateral direita<\/li>\n<li>- V\u00e1rios suportes de vidro<\/li>\n<\/ul>\n<p><strong>OBRIGADO PELO SEU INTERESSE NUM DOS NOSSOS VE\u00cdCULOS<\/strong><\/p>\n<hr\/>\n<p><strong>Pacotes de equipamento:<\/strong><\/p>\n<ul>\n<li>Linha AMG<\/li>\n<li>Pacote de vanguarda<\/li>\n<\/ul>\n<p><strong class='title'>Garantia e selo de qualidade:<\/strong><\/p>\n<ul>\n<li>Garantia<\/li>\n<\/ul>\n<p><strong class='title'>Sistemas de assist\u00eancia:<\/strong><\/p>\n<ul>\n<li>Controlo de cruzeiro adaptativo (Distronic)<\/li>\n<li>Sistema de aviso de colis\u00e3o<\/li>\n<li>Pacote de Assist\u00eancia \u00e0 Condu\u00e7\u00e3o<\/li>\n<li>Assistente de feixe alto<\/li>\n<li>Mercedes me connect<\/li>\n<li>Pacote de estacionamento com c\u00e2mara de 360 graus<\/li>\n<li>Assist\u00eancia na faixa de rodagem<\/li>\n<li>Controlo de velocidade de cruzeiro<\/li>\n<li>Assist\u00eancia aos pontos cegos<\/li>\n<li>Reconhecimento de sinais de tr\u00e2nsito<\/li>\n<\/ul>\n<p><strong class='title'>Luz:<\/strong><\/p>\n<ul>\n<li>Luz de curva<\/li>\n<li>Ilumina\u00e7\u00e3o din\u00e2mica de curvas<\/li>\n<li>Sistema de luz inteligente LED<\/li>\n<li>Ilumina\u00e7\u00e3o envolvente\/sa\u00edda com proje\u00e7\u00e3o do log\u00f3tipo<\/li>\n<\/ul>\n<p><strong class='title'>Multim\u00e9dia e Infotainment:<\/strong><\/p>\n<ul>\n<li>Ecr\u00e3 a cores de 10,2 polegadas<\/li>\n<li>Sistema de som Burmester Surround<\/li>\n<li>Sintonizador DAB<\/li>\n<li>Interface iPod\u00ae\/iPhone\u00ae\/Android<\/li>\n<li>Sistema multim\u00e9dia MBUX<\/li>\n<li>Navega\u00e7\u00e3o \/ Navega\u00e7\u00e3o em linha<\/li>\n<li>W-LAN Hotspot \/ Prepara\u00e7\u00e3o<\/li>\n<\/ul>\n<p><strong class='title'>Seguran\u00e7a e tecnologia:<\/strong><\/p>\n<ul>\n<li>Airmatic DC<\/li>\n<li>Assistente de travagem activo<\/li>\n<li>Sistema de travagem antibloqueio (ABS)<\/li>\n<li>Sistema de Controlo de Trac\u00e7\u00e3o (TCS)<\/li>\n<li>Airbag de passageiro<\/li>\n<li>Programa Electr\u00f3nico de Estabilidade (ESP)<\/li>\n<li>Airbag do condutor<\/li>\n<li>Sistema de airbag da cabe\u00e7a<\/li>\n<li>Longa dist\u00e2ncia entre eixos<\/li>\n<li>PR\u00c9-SAFE<\/li>\n<li>Prote\u00e7\u00e3o contra impactos laterais<\/li>\n<li>Imobilizador<\/li>\n<\/ul>\n<p><strong class='title'>Conforto e climatiza\u00e7\u00e3o:<\/strong><\/p>\n<ul>\n<li>(Controlo clim\u00e1tico autom\u00e1tico de 3 zonas)<\/li>\n<li>Tomada de 12V<\/li>\n<li>Colourglas<\/li>\n<li>Portas de correr el\u00e9ctricas<\/li>\n<li>Porta de correr \u00e0 esquerda<\/li>\n<li>Porta deslizante direita<\/li>\n<li>Direc\u00e7\u00e3o assistida<\/li>\n<li>Pacote de conforto dos bancos<\/li>\n<li>Smart Mirror View \/ espelho interior digital<\/li>\n<li>Pacote de espelhos<\/li>\n<li>Aquecedor de estacionamentos<\/li>\n<li>Sistema de chamada telem\u00e1tica\/emerg\u00eancia (prepara\u00e7\u00e3o)<\/li>\n<li>Touchpad<\/li>\n<li>Fecho centralizado com controlo remoto<\/li>\n<\/ul>\n<p><strong class='title'>Pneus e jantes:<\/strong><\/p>\n<ul>\n<li>Jantes de alum\u00ednio de 19 polegadas<\/li>\n<li>Controlo da press\u00e3o dos pneus<\/li>\n<\/ul>\n<p><strong class='title'>Interior e design:<\/strong><\/p>\n<ul>\n<li>Ilumina\u00e7\u00e3o ambiente<\/li>\n<li>soleiras das portas iluminadas<\/li>\n<li>Volante multifun\u00e7\u00f5es<\/li>\n<\/ul>\n<p><strong class='title'>Bagagem \/ ajudas de carga:<\/strong><\/p>\n<ul>\n<li>Porta traseira EASY-PACK<\/li>\n<\/ul>\n<p><strong class='title'>Ambiente e tarifa\u00e7\u00e3o:<\/strong><\/p>\n<ul>\n<li>EURO 6d<\/li>\n<li>Filtro de part\u00edculas<\/li>\n<li>Iniciar\/Pararar Autom\u00e1tico<\/li>\n<li>Distintivo ambiental 4<\/li>\n<\/ul>\n<p><strong class='title'>Caixa de velocidades:<\/strong><\/p>\n<ul>\n<li>9G-Tronic<\/li>\n<\/ul>\n<p><strong class='title'>Mais informa\u00e7\u00f5es:<\/strong><\/p>\n<ul>\n<li>Gerador<\/li>\n<li>Em nome de um cliente<\/li>\n<li>Livro de cheques<\/li>\n<li>sem acidentes<\/li>\n<\/ul>\n<p><\/p>\n<hr\/>\n<p>Sujeito a venda pr\u00e9via e com exce\u00e7\u00e3o de erros. A descri\u00e7\u00e3o do ve\u00edculo serve exclusivamente para a identifica\u00e7\u00e3o geral do ve\u00edculo e n\u00e3o constitui uma garantia juridicamente vinculativa. Apenas os acordos constantes do contrato de compra e venda e da confirma\u00e7\u00e3o da encomenda s\u00e3o vinculativos. Por favor, tenha em aten\u00e7\u00e3o que determinados extras opcionais podem implicar custos adicionais. Informa\u00e7\u00f5es pormenorizadas sobre a gama de equipamento podem ser obtidas junto dos nossos vendedores.<\/p>","protected":false},"author":95,"featured_media":0,"template":"","vehica_6654":[2072],"vehica_17481":[2452],"vehica_6655":[2476],"vehica_6659":[2720],"vehica_6660":[2756],"vehica_6657":[],"vehica_6661":[],"vehica_6662":[2483],"vehica_6663":[2108],"vehica_12974":[],"vehica_6666":[2374],"vehica_12770":[],"vehica_6670":[],"vehica_12723":[],"vehica_18854":[2500],"class_list":["post-598959","vehica_car","type-vehica_car","status-publish","hentry","vehica_6654-new","vehica_17481-car","vehica_6655-car","vehica_6659-mercedes-benz","vehica_6660-v-300","vehica_6662-automatic_gear","vehica_6663-diesel","vehica_6666-black","vehica_18854-euro6d"],"vehica_6656":{"vehica_currency_6656_2316":216580},"vehica_14696":"","vehica_6664":"300","vehica_6665":"1950","vehica_6671":"","vehica_6673":["https:\/\/cf-motors.de\/wp-content\/uploads\/cars_pictures\/2256119_1.jpg","https:\/\/cf-motors.de\/wp-content\/uploads\/cars_pictures\/2256119_2.jpg","https:\/\/cf-motors.de\/wp-content\/uploads\/cars_pictures\/2256119_3.jpg","https:\/\/cf-motors.de\/wp-content\/uploads\/cars_pictures\/2256119_4.jpg","https:\/\/cf-motors.de\/wp-content\/uploads\/cars_pictures\/2256119_5.jpg","https:\/\/cf-motors.de\/wp-content\/uploads\/cars_pictures\/2256119_6.jpg","https:\/\/cf-motors.de\/wp-content\/uploads\/cars_pictures\/2256119_7.jpg","https:\/\/cf-motors.de\/wp-content\/uploads\/cars_pictures\/2256119_8.jpg","https:\/\/cf-motors.de\/wp-content\/uploads\/cars_pictures\/2256119_9.jpg","https:\/\/cf-motors.de\/wp-content\/uploads\/cars_pictures\/2256119_10.jpg","https:\/\/cf-motors.de\/wp-content\/uploads\/cars_pictures\/2256119_11.jpg","https:\/\/cf-motors.de\/wp-content\/uploads\/cars_pictures\/2256119_12.jpg","https:\/\/cf-motors.de\/wp-content\/uploads\/cars_pictures\/2256119_13.jpg","https:\/\/cf-motors.de\/wp-content\/uploads\/cars_pictures\/2256119_14.jpg","https:\/\/cf-motors.de\/wp-content\/uploads\/cars_pictures\/2256119_15.jpg","https:\/\/cf-motors.de\/wp-content\/uploads\/cars_pictures\/2256119_16.jpg","https:\/\/cf-motors.de\/wp-content\/uploads\/cars_pictures\/2256119_17.jpg","https:\/\/cf-motors.de\/wp-content\/uploads\/cars_pictures\/2256119_18.jpg","https:\/\/cf-motors.de\/wp-content\/uploads\/cars_pictures\/2256119_19.jpg","https:\/\/cf-motors.de\/wp-content\/uploads\/cars_pictures\/2256119_20.jpg","https:\/\/cf-motors.de\/wp-content\/uploads\/cars_pictures\/2256119_21.jpg","https:\/\/cf-motors.de\/wp-content\/uploads\/cars_pictures\/2256119_22.jpg","https:\/\/cf-motors.de\/wp-content\/uploads\/cars_pictures\/2256119_23.jpg","https:\/\/cf-motors.de\/wp-content\/uploads\/cars_pictures\/2256119_24.jpg","https:\/\/cf-motors.de\/wp-content\/uploads\/cars_pictures\/2256119_25.jpg","https:\/\/cf-motors.de\/wp-content\/uploads\/cars_pictures\/2256119_26.jpg","https:\/\/cf-motors.de\/wp-content\/uploads\/cars_pictures\/2256119_27.jpg"],"vehica_6674":{"embed":"","url":""},"vehica_16721":"","vehica_18845":"V300_VIP_24","vehica_18846":"174 kW (237 PS)","vehica_18847":"191","vehica_18848":"","vehica_18849":"7.3","vehica_18850":"19","vehica_18851":"","vehica_18852":"8.4","vehica_18853":"6.6","vehica_18855":"","vehica_18856":"","vehica_18857":"","vehica_18858":"","vehica_22348":"1","vehica_22990":"237","vehica_346997":"0","vehica_437603":"G","vehica_439584":"","vehica_439585":"50;1433+115;3295+190;5444","vehica_439586":"1.72","vehica_439587":"2023","vehica_439588":"436","vehica_439589":"2121","vehica_449495":"191","vehica_449496":"8.2","vehica_449497":"","vehica_454484":"","vehica_454485":"","vehica_454486":"","vehica_454487":"","vehica_454488":"8.2","vehica_472325":"","vehica_472326":"","vehica_472327":"","vehica_472328":"191","vehica_472329":"G","vehica_472330":"","vehica_472331":"","vehica_472332":"","vehica_472333":"","vehica_472366":"","vehica_597916":"","_links":{"self":[{"href":"https:\/\/cf-motors.de\/pt\/wp-json\/wp\/v2\/cars\/598959","targetHints":{"allow":["GET"]}}],"collection":[{"href":"https:\/\/cf-motors.de\/pt\/wp-json\/wp\/v2\/cars"}],"about":[{"href":"https:\/\/cf-motors.de\/pt\/wp-json\/wp\/v2\/types\/vehica_car"}],"author":[{"embeddable":true,"href":"https:\/\/cf-motors.de\/pt\/wp-json\/wp\/v2\/users\/95"}],"wp:attachment":[{"href":"https:\/\/cf-motors.de\/pt\/wp-json\/wp\/v2\/media?parent=598959"}],"wp:term":[{"taxonomy":"vehica_6654","embeddable":true,"href":"https:\/\/cf-motors.de\/pt\/wp-json\/wp\/v2\/vehica_6654?post=598959"},{"taxonomy":"vehica_17481","embeddable":true,"href":"https:\/\/cf-motors.de\/pt\/wp-json\/wp\/v2\/vehica_17481?post=598959"},{"taxonomy":"vehica_6655","embeddable":true,"href":"https:\/\/cf-motors.de\/pt\/wp-json\/wp\/v2\/vehica_6655?post=598959"},{"taxonomy":"vehica_6659","embeddable":true,"href":"https:\/\/cf-motors.de\/pt\/wp-json\/wp\/v2\/vehica_6659?post=598959"},{"taxonomy":"vehica_6660","embeddable":true,"href":"https:\/\/cf-motors.de\/pt\/wp-json\/wp\/v2\/vehica_6660?post=598959"},{"taxonomy":"vehica_6657","embeddable":true,"href":"https:\/\/cf-motors.de\/pt\/wp-json\/wp\/v2\/vehica_6657?post=598959"},{"taxonomy":"vehica_6661","embeddable":true,"href":"https:\/\/cf-motors.de\/pt\/wp-json\/wp\/v2\/vehica_6661?post=598959"},{"taxonomy":"vehica_6662","embeddable":true,"href":"https:\/\/cf-motors.de\/pt\/wp-json\/wp\/v2\/vehica_6662?post=598959"},{"taxonomy":"vehica_6663","embeddable":true,"href":"https:\/\/cf-motors.de\/pt\/wp-json\/wp\/v2\/vehica_6663?post=598959"},{"taxonomy":"vehica_12974","embeddable":true,"href":"https:\/\/cf-motors.de\/pt\/wp-json\/wp\/v2\/vehica_12974?post=598959"},{"taxonomy":"vehica_6666","embeddable":true,"href":"https:\/\/cf-motors.de\/pt\/wp-json\/wp\/v2\/vehica_6666?post=598959"},{"taxonomy":"vehica_12770","embeddable":true,"href":"https:\/\/cf-motors.de\/pt\/wp-json\/wp\/v2\/vehica_12770?post=598959"},{"taxonomy":"vehica_6670","embeddable":true,"href":"https:\/\/cf-motors.de\/pt\/wp-json\/wp\/v2\/vehica_6670?post=598959"},{"taxonomy":"vehica_12723","embeddable":true,"href":"https:\/\/cf-motors.de\/pt\/wp-json\/wp\/v2\/vehica_12723?post=598959"},{"taxonomy":"vehica_18854","embeddable":true,"href":"https:\/\/cf-motors.de\/pt\/wp-json\/wp\/v2\/vehica_18854?post=598959"}],"curies":[{"name":"wp","href":"https:\/\/api.w.org\/{rel}","templated":true}]}}