{"id":598556,"date":"2026-04-27T12:00:21","date_gmt":"2026-04-27T12:00:21","guid":{"rendered":"http:\/\/cf-motors.de\/de\/listing\/porsche-991-2-gt3-rs-non-opf-lift-cam-approved-pccb\/"},"modified":"2026-04-27T12:00:21","modified_gmt":"2026-04-27T12:00:21","slug":"porsche-991-2-gt3-rs-non-opf-lift-cam-approved-pccb","status":"publish","type":"vehica_car","link":"https:\/\/cf-motors.de\/pt\/listing\/porsche-991-2-gt3-rs-non-opf-lift-cam-approved-pccb\/","title":{"rendered":"PORSCHE 991.2 GT3 RS N\u00c3O OPF, LIFT, CAM, APROVADO, PCCB"},"content":{"rendered":"<p><strong>OBRIGADO PELO SEU INTERESSE NUM DOS NOSSOS VE\u00cdCULOS<\/strong><\/p>\n<hr\/>\n<p>Temos o prazer de apresentar este 991.2 GT3RS muito bem conservado SEM OPF desde a primeira propriedade com Garantia Aprovada at\u00e9 08\/2026 na cor especial Miami Blue. O ve\u00edculo recebeu um novo servi\u00e7o em agosto de 2025. Se tiver mais alguma quest\u00e3o sobre o carro, n\u00e3o hesite em contactar-nos!<br \/>Destaques da extensa gama de extras opcionais:<br \/>- Cinto de seguran\u00e7a de 6 pontos do lado do passageiro<br \/>- Painel de sa\u00edda dos cintos de seguran\u00e7a Pilar B Alcantara<br \/>- Pacote Clubsport<br \/>- Pain\u00e9is das soleiras das portas iluminados (fibra de carbono)<br \/>- Far\u00f3is principais LED (regulados) incl. Porsche Dynamic Light System (PDLS)<br \/>- Pacote de ilumina\u00e7\u00e3o interior \/ pacote de design de ilumina\u00e7\u00e3o<br \/>- Painel de controlo em pele<br \/>- Painel da porta em pele\/Alcantara<br \/>- Sistema de travagem em cer\u00e2mica (Porsche Ceramic Composite Brake, PCCB)<br \/>- Dep\u00f3sito de combust\u00edvel: 90 litros<br \/>- Acabamento da coluna de dire\u00e7\u00e3o em pele<br \/>- Sistema de eleva\u00e7\u00e3o do eixo dianteiro<br \/>- Jantes LM (preto, acabamento brilhante)<br \/>- Consola central dianteira em pele, painel dianteiro em fibra de carbono<br \/>- Tampa da bagageira traseira em Alc\u00e2ntara com inscri\u00e7\u00e3o Porsche<br \/>- Pedais e apoio para os p\u00e9s em alum\u00ednio<br \/>- C\u00e2mara de vis\u00e3o traseira<br \/>- Palas de sol em Alc\u00e2ntara<br \/>- Sistema de som BOSE<br \/>- Pacote Sport Chrono<br \/>- Tampa do dep\u00f3sito de combust\u00edvel com aspeto de alum\u00ednio<br \/>- Sistema de localiza\u00e7\u00e3o de ve\u00edculos Plus (PVTS Plus)<br \/>- Cron\u00f3metro Sport Chrono<\/p>\n<hr\/>\n<p><strong>Garantia e selo de qualidade:<\/strong><\/p>\n<ul>\n<li>Garantia dos carros usados<\/li>\n<\/ul>\n<p><strong class='title'>Sistemas de assist\u00eancia:<\/strong><\/p>\n<ul>\n<li>C\u00e2mara de vis\u00e3o traseira<\/li>\n<\/ul>\n<p><strong class='title'>Luz:<\/strong><\/p>\n<ul>\n<li>Sistema de luzes din\u00e2micas Porsche (PDLS)<\/li>\n<\/ul>\n<p><strong class='title'>Multim\u00e9dia e Infotainment:<\/strong><\/p>\n<ul>\n<li>Interface Bluetooth<\/li>\n<li>Sistema de som surround BOSE\u00ae<\/li>\n<li>Sintonizador DAB<\/li>\n<li>Porsche Communication Management (PCM)<\/li>\n<li>R\u00e1dio<\/li>\n<\/ul>\n<p><strong class='title'>Seguran\u00e7a e tecnologia:<\/strong><\/p>\n<ul>\n<li>Airbag de passageiro<\/li>\n<li>Airbag do condutor<\/li>\n<li>Verifica\u00e7\u00e3o da fixa\u00e7\u00e3o dos cintos de seguran\u00e7a<\/li>\n<li>Limitador de for\u00e7a da correia<\/li>\n<li>Sistema de airbag da cabe\u00e7a<\/li>\n<li>Trav\u00e3o Porsche Ceramic Composite (PCCB)<\/li>\n<li>Airbags laterais frontais<\/li>\n<li>Prote\u00e7\u00e3o contra impactos laterais<\/li>\n<li>Cintos de seguran\u00e7a com tensores de cinto<\/li>\n<li>Pr\u00e9-instala\u00e7\u00e3o do sistema de localiza\u00e7\u00e3o de ve\u00edculos<\/li>\n<li>Imobilizador<\/li>\n<\/ul>\n<p><strong class='title'>Conforto e climatiza\u00e7\u00e3o:<\/strong><\/p>\n<ul>\n<li>ATA \/ exposi\u00e7\u00e3o da temperatura exterior<\/li>\n<li>Computador de bordo<\/li>\n<li>Colourglas<\/li>\n<li>vidros el\u00e9ctricos<\/li>\n<li>Controlo clim\u00e1tico autom\u00e1tico<\/li>\n<li>Bancos de balde<\/li>\n<\/ul>\n<p><strong class='title'>Pneus e jantes:<\/strong><\/p>\n<ul>\n<li>Jantes de alum\u00ednio de 20\/21 polegadas<\/li>\n<li>Controlo da press\u00e3o dos pneus<\/li>\n<\/ul>\n<p><strong class='title'>Exterior e design:<\/strong><\/p>\n<ul>\n<li>Spoiler traseiro<\/li>\n<li>Sistema de eleva\u00e7\u00e3o do eixo dianteiro<\/li>\n<\/ul>\n<p><strong class='title'>Interior e design:<\/strong><\/p>\n<ul>\n<li>Volante em Alc\u00e2ntara<\/li>\n<li>Forro de telhado preto<\/li>\n<li>Pacote interior adicional Painel de instrumentos em fibra de carbono<\/li>\n<li>Pacote interior adicional Painel de instrumentos em pele<\/li>\n<li>Pacote adicional interior painel de porta em pele<\/li>\n<li>Costura contrastada<\/li>\n<\/ul>\n<p><strong class='title'>Ambiente e tarifa\u00e7\u00e3o:<\/strong><\/p>\n<ul>\n<li>E10 adequado<\/li>\n<li>EURO VI<\/li>\n<li>Catalisador<\/li>\n<li>Distintivo ambiental 4<\/li>\n<\/ul>\n<p><strong class='title'>Caixa de velocidades:<\/strong><\/p>\n<ul>\n<li>Transmiss\u00e3o com dupla embraiagem (PDK)<\/li>\n<\/ul>\n<p><strong class='title'>Mais informa\u00e7\u00f5es:<\/strong><\/p>\n<ul>\n<li>Primeira propriedade<\/li>\n<li>Em nome de um cliente<\/li>\n<li>Livro de cheques<\/li>\n<\/ul>\n<p><\/p>\n<hr\/>\n<p>Sujeito a venda pr\u00e9via e com exce\u00e7\u00e3o de erros. A descri\u00e7\u00e3o do ve\u00edculo serve exclusivamente para a identifica\u00e7\u00e3o geral do ve\u00edculo e n\u00e3o constitui uma garantia juridicamente vinculativa. Apenas os acordos constantes do contrato de compra e venda e da confirma\u00e7\u00e3o da encomenda s\u00e3o vinculativos. Por favor, tenha em aten\u00e7\u00e3o que determinados extras opcionais podem implicar custos adicionais. Informa\u00e7\u00f5es pormenorizadas sobre a gama de equipamento podem ser obtidas junto dos nossos vendedores.<\/p>","protected":false},"author":95,"featured_media":0,"template":"","vehica_6654":[2073],"vehica_17481":[2452],"vehica_6655":[2476],"vehica_6659":[2718],"vehica_6660":[2719],"vehica_6657":[],"vehica_6661":[],"vehica_6662":[2483],"vehica_6663":[2107],"vehica_12974":[],"vehica_6666":[2324],"vehica_12770":[],"vehica_6670":[],"vehica_12723":[],"vehica_18854":[2480],"class_list":["post-598556","vehica_car","type-vehica_car","status-publish","hentry","vehica_6654-used","vehica_17481-car","vehica_6655-car","vehica_6659-porsche","vehica_6660-2719","vehica_6662-automatic_gear","vehica_6663-petrol","vehica_6666-blue","vehica_18854-euro6"],"vehica_6656":{"vehica_currency_6656_2316":233000},"vehica_14696":"2018","vehica_6664":"16950","vehica_6665":"3996","vehica_6671":"","vehica_6673":["https:\/\/cf-motors.de\/wp-content\/uploads\/cars_pictures\/2444606_1.jpg","https:\/\/cf-motors.de\/wp-content\/uploads\/cars_pictures\/2444606_2.jpg","https:\/\/cf-motors.de\/wp-content\/uploads\/cars_pictures\/2444606_3.jpg","https:\/\/cf-motors.de\/wp-content\/uploads\/cars_pictures\/2444606_4.jpg","https:\/\/cf-motors.de\/wp-content\/uploads\/cars_pictures\/2444606_5.jpg","https:\/\/cf-motors.de\/wp-content\/uploads\/cars_pictures\/2444606_6.jpg","https:\/\/cf-motors.de\/wp-content\/uploads\/cars_pictures\/2444606_7.jpg","https:\/\/cf-motors.de\/wp-content\/uploads\/cars_pictures\/2444606_8.jpg","https:\/\/cf-motors.de\/wp-content\/uploads\/cars_pictures\/2444606_9.jpg","https:\/\/cf-motors.de\/wp-content\/uploads\/cars_pictures\/2444606_10.jpg","https:\/\/cf-motors.de\/wp-content\/uploads\/cars_pictures\/2444606_11.jpg","https:\/\/cf-motors.de\/wp-content\/uploads\/cars_pictures\/2444606_12.jpg","https:\/\/cf-motors.de\/wp-content\/uploads\/cars_pictures\/2444606_13.jpg","https:\/\/cf-motors.de\/wp-content\/uploads\/cars_pictures\/2444606_14.jpg","https:\/\/cf-motors.de\/wp-content\/uploads\/cars_pictures\/2444606_15.jpg","https:\/\/cf-motors.de\/wp-content\/uploads\/cars_pictures\/2444606_16.jpg","https:\/\/cf-motors.de\/wp-content\/uploads\/cars_pictures\/2444606_17.jpg","https:\/\/cf-motors.de\/wp-content\/uploads\/cars_pictures\/2444606_18.jpg","https:\/\/cf-motors.de\/wp-content\/uploads\/cars_pictures\/2444606_19.jpg","https:\/\/cf-motors.de\/wp-content\/uploads\/cars_pictures\/2444606_20.jpg","https:\/\/cf-motors.de\/wp-content\/uploads\/cars_pictures\/2444606_21.jpg","https:\/\/cf-motors.de\/wp-content\/uploads\/cars_pictures\/2444606_22.jpg","https:\/\/cf-motors.de\/wp-content\/uploads\/cars_pictures\/2444606_23.jpg","https:\/\/cf-motors.de\/wp-content\/uploads\/cars_pictures\/2444606_24.jpg","https:\/\/cf-motors.de\/wp-content\/uploads\/cars_pictures\/2444606_25.jpg"],"vehica_6674":{"embed":"","url":""},"vehica_16721":"","vehica_18845":"GT3RSMK2_BLUE","vehica_18846":"383 kW (521 PS)","vehica_18847":"","vehica_18848":"1","vehica_18849":"","vehica_18850":"","vehica_18851":"","vehica_18852":"","vehica_18853":"","vehica_18855":"06\/2018","vehica_18856":"2018","vehica_18857":"","vehica_18858":"","vehica_22348":"1","vehica_22990":"521","vehica_346997":"0","vehica_437603":"G","vehica_439584":"","vehica_439585":"50;2243+115;5158+190;8522","vehica_439586":"1.85","vehica_439587":"2023","vehica_439588":"","vehica_439589":"3608","vehica_449495":"299","vehica_449496":"13","vehica_449497":"","vehica_454484":"","vehica_454485":"","vehica_454486":"","vehica_454487":"","vehica_454488":"13","vehica_472325":"","vehica_472326":"","vehica_472327":"","vehica_472328":"299","vehica_472329":"G","vehica_472330":"","vehica_472331":"","vehica_472332":"","vehica_472333":"","vehica_472366":"","vehica_597916":"","_links":{"self":[{"href":"https:\/\/cf-motors.de\/pt\/wp-json\/wp\/v2\/cars\/598556","targetHints":{"allow":["GET"]}}],"collection":[{"href":"https:\/\/cf-motors.de\/pt\/wp-json\/wp\/v2\/cars"}],"about":[{"href":"https:\/\/cf-motors.de\/pt\/wp-json\/wp\/v2\/types\/vehica_car"}],"author":[{"embeddable":true,"href":"https:\/\/cf-motors.de\/pt\/wp-json\/wp\/v2\/users\/95"}],"wp:attachment":[{"href":"https:\/\/cf-motors.de\/pt\/wp-json\/wp\/v2\/media?parent=598556"}],"wp:term":[{"taxonomy":"vehica_6654","embeddable":true,"href":"https:\/\/cf-motors.de\/pt\/wp-json\/wp\/v2\/vehica_6654?post=598556"},{"taxonomy":"vehica_17481","embeddable":true,"href":"https:\/\/cf-motors.de\/pt\/wp-json\/wp\/v2\/vehica_17481?post=598556"},{"taxonomy":"vehica_6655","embeddable":true,"href":"https:\/\/cf-motors.de\/pt\/wp-json\/wp\/v2\/vehica_6655?post=598556"},{"taxonomy":"vehica_6659","embeddable":true,"href":"https:\/\/cf-motors.de\/pt\/wp-json\/wp\/v2\/vehica_6659?post=598556"},{"taxonomy":"vehica_6660","embeddable":true,"href":"https:\/\/cf-motors.de\/pt\/wp-json\/wp\/v2\/vehica_6660?post=598556"},{"taxonomy":"vehica_6657","embeddable":true,"href":"https:\/\/cf-motors.de\/pt\/wp-json\/wp\/v2\/vehica_6657?post=598556"},{"taxonomy":"vehica_6661","embeddable":true,"href":"https:\/\/cf-motors.de\/pt\/wp-json\/wp\/v2\/vehica_6661?post=598556"},{"taxonomy":"vehica_6662","embeddable":true,"href":"https:\/\/cf-motors.de\/pt\/wp-json\/wp\/v2\/vehica_6662?post=598556"},{"taxonomy":"vehica_6663","embeddable":true,"href":"https:\/\/cf-motors.de\/pt\/wp-json\/wp\/v2\/vehica_6663?post=598556"},{"taxonomy":"vehica_12974","embeddable":true,"href":"https:\/\/cf-motors.de\/pt\/wp-json\/wp\/v2\/vehica_12974?post=598556"},{"taxonomy":"vehica_6666","embeddable":true,"href":"https:\/\/cf-motors.de\/pt\/wp-json\/wp\/v2\/vehica_6666?post=598556"},{"taxonomy":"vehica_12770","embeddable":true,"href":"https:\/\/cf-motors.de\/pt\/wp-json\/wp\/v2\/vehica_12770?post=598556"},{"taxonomy":"vehica_6670","embeddable":true,"href":"https:\/\/cf-motors.de\/pt\/wp-json\/wp\/v2\/vehica_6670?post=598556"},{"taxonomy":"vehica_12723","embeddable":true,"href":"https:\/\/cf-motors.de\/pt\/wp-json\/wp\/v2\/vehica_12723?post=598556"},{"taxonomy":"vehica_18854","embeddable":true,"href":"https:\/\/cf-motors.de\/pt\/wp-json\/wp\/v2\/vehica_18854?post=598556"}],"curies":[{"name":"wp","href":"https:\/\/api.w.org\/{rel}","templated":true}]}}