{"id":598157,"date":"2026-04-30T09:00:19","date_gmt":"2026-04-30T09:00:19","guid":{"rendered":"http:\/\/cf-motors.de\/de\/listing\/mercedes-benz-g-500-4x4%c2%b2\/"},"modified":"2026-04-30T09:00:19","modified_gmt":"2026-04-30T09:00:19","slug":"mercedes-benz-g-500-4x4%c2%b2","status":"publish","type":"vehica_car","link":"https:\/\/cf-motors.de\/pt\/listing\/mercedes-benz-g-500-4x4%c2%b2\/","title":{"rendered":"MERCEDES-BENZ G 500 4\u00d74\u00b2"},"content":{"rendered":"<p><strong>OBRIGADO PELO SEU INTERESSE NUM DOS NOSSOS VE\u00cdCULOS<\/strong><\/p>\n<hr\/>\n<p>Excerto do extenso equipamento:<br \/>- Rede de armazenamento<br \/>- Trav\u00e3o ADAPTIVO<br \/>- Trac\u00e7\u00e3o integral permanente, com transmiss\u00e3o compensadora diferencial<br \/>- Ilumina\u00e7\u00e3o de ambiente<br \/>- Assentos desportivos AMG<br \/>- Elementos de aparagem AMG carbono<br \/>- Pe\u00e7as adicionais e grelha do radiador pintadas na cor do corpo<br \/>- Tomada de reboque<br \/>- Espelhos exteriores aquecidos \u00e0 esquerda e \u00e0 direita, regul\u00e1veis electricamente<br \/>- Farol de bi-x\u00e9non<br \/>- Assistente de travagem BAS<br \/>- Pin\u00e7as de trav\u00e3o e molas pintadas de vermelho \u00e0 frente e atr\u00e1s<br \/>- Pacote cromado<br \/>- Controlador de comando<br \/>- COMANDO Online com carregador de DVD<br \/>- Frente do spoiler do telhado<br \/>- Pacote Exclusivo Designo<br \/>- Painel de instrumentos de couro preto<br \/>- Pacote Conforto do assento<br \/>- Bloqueios diferenciais<br \/>- Pacote DINAMICA Interior<br \/>- Sistema de alarme contra roubo e furto<br \/>- Sistema Electr\u00f3nico de Trac\u00e7\u00e3o (4ETS)<br \/>- Assistente de condu\u00e7\u00e3o de luz<br \/>- Chassis com suspens\u00e3o em a\u00e7o<br \/>- Extintor de inc\u00eandio<br \/>- Banco traseiro dobr\u00e1vel<br \/>- Abridor de porta de garagem<br \/>- redu\u00e7\u00e3o fora de estrada<br \/>- Harman Kardon Logic7 sistema de som surround<br \/>- Altifalante 9 vezes<br \/>- Sistema de travagem de alto desempenho<br \/>- Sistema de climatiza\u00e7\u00e3o autom\u00e1tica THERMATIC<br \/>- Dep\u00f3sito de combust\u00edvel aprox. 96l<br \/>- Eixos do portal<br \/>- Sensor de chuva para limpador de p\u00e1ra-brisas<br \/>- Monitoriza\u00e7\u00e3o da press\u00e3o dos pneus<br \/>- C\u00e2mara de vis\u00e3o traseira<br \/>- Tecto de abrir el\u00e9ctrico<br \/>- Bancos aquecidos do condutor\/passageiro e traseiros<br \/>- Sistema de escape desportivo com 2 caudais duplos de tubo de escape<br \/>- Volante desportivo com aplica\u00e7\u00e3o DINAMICA\/couro<br \/>- Aquecedor de estacionamentos<br \/>- TIREF\u00cdCIO<br \/>- Sintonizador de TV<br \/>- Guarda inferior 2 vezes em a\u00e7o inoxid\u00e1vel, escovado<br \/>- Sensores frontais e de capotamento<br \/>- Amortecimento de ajuste<br \/>- Bancos de condutor\/passageiro regul\u00e1veis electricamente<br \/>- Sinal sonoro de aviso e indicador de aviso<br \/>- P\u00e1ra-brisas aquecido<\/p>\n<hr\/>\n<p><strong>Pacotes de equipamento:<\/strong><\/p>\n<ul>\n<li>Pacote exclusivo<\/li>\n<\/ul>\n<p><strong class='title'>Garantia e selo de qualidade:<\/strong><\/p>\n<ul>\n<li>Garantia dos carros usados<\/li>\n<\/ul>\n<p><strong class='title'>Sistemas de assist\u00eancia:<\/strong><\/p>\n<ul>\n<li>Sensor de luz<\/li>\n<li>Sensor de chuva<\/li>\n<li>C\u00e2mara de vis\u00e3o traseira<\/li>\n<\/ul>\n<p><strong class='title'>Luz:<\/strong><\/p>\n<ul>\n<li>luz de travagem adaptativa<\/li>\n<li>Bi-Xenon<\/li>\n<li>Luzes indicadoras integradas na lateral dos espelhos exteriores<\/li>\n<li>Luz LED diurna cont\u00ednua<\/li>\n<li>Luz nevoeiro\/fun\u00e7\u00e3o<\/li>\n<\/ul>\n<p><strong class='title'>Multim\u00e9dia e Infotainment:<\/strong><\/p>\n<ul>\n<li>Interface Bluetooth<\/li>\n<li>Leitor de CD<\/li>\n<li>COMANDO Online<\/li>\n<li>Controlador na consola central<\/li>\n<li>Kit m\u00e3os livres<\/li>\n<li>Harman Kardon Logic 7 sistema de som surround<\/li>\n<li>Navega\u00e7\u00e3o \/ Navega\u00e7\u00e3o em linha<\/li>\n<li>Ranhura para cart\u00e3o SD<\/li>\n<li>Prepara\u00e7\u00e3o telef\u00f3nica com Bluetooth<\/li>\n<li>Interface\/liga\u00e7\u00e3o USB<\/li>\n<\/ul>\n<p><strong class='title'>Seguran\u00e7a e tecnologia:<\/strong><\/p>\n<ul>\n<li>Sistema de alarme<\/li>\n<li>Sistema de travagem antibloqueio (ABS)<\/li>\n<li>Sistema de Controlo de Trac\u00e7\u00e3o (TCS)<\/li>\n<li>Airbag de passageiro<\/li>\n<li>Assist\u00eancia \u00e0 travagem (BAS)<\/li>\n<li>Fechadura dif.<\/li>\n<li>Programa Electr\u00f3nico de Estabilidade (ESP)<\/li>\n<li>Sistema Electr\u00f3nico de Trac\u00e7\u00e3o (ETS)<\/li>\n<li>Airbag do condutor<\/li>\n<li>Chassis com maior dist\u00e2ncia ao solo<\/li>\n<li>Verifica\u00e7\u00e3o da fixa\u00e7\u00e3o dos cintos de seguran\u00e7a<\/li>\n<li>Sistema de airbag da cabe\u00e7a<\/li>\n<li>Pelvisbag<\/li>\n<li>Airbags laterais frontais<\/li>\n<li>Imobilizador<\/li>\n<\/ul>\n<p><strong class='title'>Conforto e climatiza\u00e7\u00e3o:<\/strong><\/p>\n<ul>\n<li>4x Aquecimento de assento<\/li>\n<li>Tomada de 12V<\/li>\n<li>janela(s) escurecida(s)<\/li>\n<li>ATA \/ exposi\u00e7\u00e3o da temperatura exterior<\/li>\n<li>Computador de bordo<\/li>\n<li>Interruptor de fecho central<\/li>\n<li>Contador Rev<\/li>\n<li>Espelhos el\u00e9ctricos. aquecidos<\/li>\n<li>vidros el\u00e9ctricos<\/li>\n<li>Ajuste do banco el\u00e9ctrico condutor\/passageiro com mem\u00f3ria do condutor<\/li>\n<li>Limpa-vidros traseiro<\/li>\n<li>Escurecimento autom\u00e1tico do espelho interior<\/li>\n<li>ISOFIX montagem de cadeira de crian\u00e7a<\/li>\n<li>Controlo clim\u00e1tico autom\u00e1tico<\/li>\n<li>Fun\u00e7\u00e3o de mem\u00f3ria para assento de passageiro<\/li>\n<li>Apoio de bra\u00e7o central<\/li>\n<li>Sistema de limpeza dos far\u00f3is (SRA)<\/li>\n<li>Direc\u00e7\u00e3o assistida<\/li>\n<li>Aquecedor de estacionamentos<\/li>\n<li>Banco\/ encosto traseiro divis\u00edvel<\/li>\n<li>Sistema de chamada telem\u00e1tica\/emerg\u00eancia (prepara\u00e7\u00e3o)<\/li>\n<li>Fecho centralizado com controlo remoto<\/li>\n<\/ul>\n<p><strong class='title'>Pneus e jantes:<\/strong><\/p>\n<ul>\n<li>Jantes de liga de 22 polegadas<\/li>\n<li>Controlo da press\u00e3o dos pneus<\/li>\n<\/ul>\n<p><strong class='title'>Exterior e design:<\/strong><\/p>\n<ul>\n<li>Pin\u00e7as de trav\u00e3o vermelhas<\/li>\n<li>Pacote cromado<\/li>\n<li>Sistema de escape desportivo<\/li>\n<li>Quadros de corrida<\/li>\n<li>Underrun\/ protec\u00e7\u00e3o do motor<\/li>\n<\/ul>\n<p><strong class='title'>Interior e design:<\/strong><\/p>\n<ul>\n<li>Ilumina\u00e7\u00e3o ambiente<\/li>\n<li>Comandos do volante<\/li>\n<li>Cabe\u00e7alho em microfibra Dinamica<\/li>\n<li>Carris de entrada com letras Mercedes-Benz<\/li>\n<li>Regula\u00e7\u00e3o do volante el\u00e9ctrico<\/li>\n<li>Eleva\u00e7\u00e3o el\u00e9ctrica do telhado deslizante de a\u00e7o<\/li>\n<li>Porta-copos<\/li>\n<li>Volante multifun\u00e7\u00f5es<\/li>\n<li>P\u00e1s de mudan\u00e7a de velocidades no volante<\/li>\n<\/ul>\n<p><strong class='title'>Bagagem \/ ajudas de carga:<\/strong><\/p>\n<ul>\n<li>Rede de separa\u00e7\u00e3o<\/li>\n<li>Olhos de amarra\u00e7\u00e3o<\/li>\n<\/ul>\n<p><strong class='title'>Ambiente e tarifa\u00e7\u00e3o:<\/strong><\/p>\n<ul>\n<li>Efici\u00eancia classe E<\/li>\n<li>EURO VI<\/li>\n<li>Catalisador<\/li>\n<li>Iniciar\/Pararar Autom\u00e1tico<\/li>\n<li>Distintivo ambiental 4<\/li>\n<\/ul>\n<p><strong class='title'>Caixa de velocidades:<\/strong><\/p>\n<ul>\n<li>7G-Tronic Plus<\/li>\n<\/ul>\n<p><strong class='title'>Mais informa\u00e7\u00f5es:<\/strong><\/p>\n<ul>\n<li>Em nome de um cliente<\/li>\n<li>Livro de cheques<\/li>\n<li>sem acidentes<\/li>\n<\/ul>\n<p><\/p>\n<hr\/>\n<p>Sujeito a venda pr\u00e9via e com exce\u00e7\u00e3o de erros. A descri\u00e7\u00e3o do ve\u00edculo serve exclusivamente para a identifica\u00e7\u00e3o geral do ve\u00edculo e n\u00e3o constitui uma garantia juridicamente vinculativa. Apenas os acordos constantes do contrato de compra e venda e da confirma\u00e7\u00e3o da encomenda s\u00e3o vinculativos. Por favor, tenha em aten\u00e7\u00e3o que determinados extras opcionais podem implicar custos adicionais. Informa\u00e7\u00f5es pormenorizadas sobre a gama de equipamento podem ser obtidas junto dos nossos vendedores.<\/p>","protected":false},"author":95,"featured_media":0,"template":"","vehica_6654":[2073],"vehica_17481":[2452],"vehica_6655":[2476],"vehica_6659":[2720],"vehica_6660":[2721],"vehica_6657":[],"vehica_6661":[],"vehica_6662":[2483],"vehica_6663":[2107],"vehica_12974":[],"vehica_6666":[2328],"vehica_12770":[],"vehica_6670":[],"vehica_12723":[],"vehica_18854":[2480],"class_list":["post-598157","vehica_car","type-vehica_car","status-publish","hentry","vehica_6654-used","vehica_17481-car","vehica_6655-car","vehica_6659-mercedes-benz","vehica_6660-g-500","vehica_6662-automatic_gear","vehica_6663-petrol","vehica_6666-white","vehica_18854-euro6"],"vehica_6656":{"vehica_currency_6656_2316":199900},"vehica_14696":"2017","vehica_6664":"880","vehica_6665":"3982","vehica_6671":"","vehica_6673":["https:\/\/cf-motors.de\/wp-content\/uploads\/cars_pictures\/2065884_1.jpg","https:\/\/cf-motors.de\/wp-content\/uploads\/cars_pictures\/2065884_2.jpg","https:\/\/cf-motors.de\/wp-content\/uploads\/cars_pictures\/2065884_3.jpg","https:\/\/cf-motors.de\/wp-content\/uploads\/cars_pictures\/2065884_4.jpg","https:\/\/cf-motors.de\/wp-content\/uploads\/cars_pictures\/2065884_5.jpg","https:\/\/cf-motors.de\/wp-content\/uploads\/cars_pictures\/2065884_6.jpg","https:\/\/cf-motors.de\/wp-content\/uploads\/cars_pictures\/2065884_7.jpg","https:\/\/cf-motors.de\/wp-content\/uploads\/cars_pictures\/2065884_8.jpg","https:\/\/cf-motors.de\/wp-content\/uploads\/cars_pictures\/2065884_9.jpg","https:\/\/cf-motors.de\/wp-content\/uploads\/cars_pictures\/2065884_10.jpg","https:\/\/cf-motors.de\/wp-content\/uploads\/cars_pictures\/2065884_11.jpg","https:\/\/cf-motors.de\/wp-content\/uploads\/cars_pictures\/2065884_12.jpg","https:\/\/cf-motors.de\/wp-content\/uploads\/cars_pictures\/2065884_13.jpg","https:\/\/cf-motors.de\/wp-content\/uploads\/cars_pictures\/2065884_14.jpg","https:\/\/cf-motors.de\/wp-content\/uploads\/cars_pictures\/2065884_15.jpg"],"vehica_6674":{"embed":"","url":""},"vehica_16721":"","vehica_18845":"G5004x4_white","vehica_18846":"310 kW (421 PS)","vehica_18847":"323","vehica_18848":"","vehica_18849":"13.8","vehica_18850":"19","vehica_18851":"E","vehica_18852":"16.3","vehica_18853":"12.3","vehica_18855":"07\/2017","vehica_18856":"2017","vehica_18857":"","vehica_18858":"","vehica_22348":"3","vehica_22990":"421","vehica_346997":"0","vehica_437603":"G","vehica_439584":"","vehica_439585":"50;2423+115;5572+190;9206","vehica_439586":"1.85","vehica_439587":"2023","vehica_439588":"536","vehica_439589":"3830","vehica_449495":"323","vehica_449496":"13.8","vehica_449497":"","vehica_454484":"","vehica_454485":"","vehica_454486":"","vehica_454487":"","vehica_454488":"13.8","vehica_472325":"","vehica_472326":"","vehica_472327":"","vehica_472328":"323","vehica_472329":"G","vehica_472330":"","vehica_472331":"","vehica_472332":"","vehica_472333":"","vehica_472366":"","vehica_597916":"","_links":{"self":[{"href":"https:\/\/cf-motors.de\/pt\/wp-json\/wp\/v2\/cars\/598157","targetHints":{"allow":["GET"]}}],"collection":[{"href":"https:\/\/cf-motors.de\/pt\/wp-json\/wp\/v2\/cars"}],"about":[{"href":"https:\/\/cf-motors.de\/pt\/wp-json\/wp\/v2\/types\/vehica_car"}],"author":[{"embeddable":true,"href":"https:\/\/cf-motors.de\/pt\/wp-json\/wp\/v2\/users\/95"}],"wp:attachment":[{"href":"https:\/\/cf-motors.de\/pt\/wp-json\/wp\/v2\/media?parent=598157"}],"wp:term":[{"taxonomy":"vehica_6654","embeddable":true,"href":"https:\/\/cf-motors.de\/pt\/wp-json\/wp\/v2\/vehica_6654?post=598157"},{"taxonomy":"vehica_17481","embeddable":true,"href":"https:\/\/cf-motors.de\/pt\/wp-json\/wp\/v2\/vehica_17481?post=598157"},{"taxonomy":"vehica_6655","embeddable":true,"href":"https:\/\/cf-motors.de\/pt\/wp-json\/wp\/v2\/vehica_6655?post=598157"},{"taxonomy":"vehica_6659","embeddable":true,"href":"https:\/\/cf-motors.de\/pt\/wp-json\/wp\/v2\/vehica_6659?post=598157"},{"taxonomy":"vehica_6660","embeddable":true,"href":"https:\/\/cf-motors.de\/pt\/wp-json\/wp\/v2\/vehica_6660?post=598157"},{"taxonomy":"vehica_6657","embeddable":true,"href":"https:\/\/cf-motors.de\/pt\/wp-json\/wp\/v2\/vehica_6657?post=598157"},{"taxonomy":"vehica_6661","embeddable":true,"href":"https:\/\/cf-motors.de\/pt\/wp-json\/wp\/v2\/vehica_6661?post=598157"},{"taxonomy":"vehica_6662","embeddable":true,"href":"https:\/\/cf-motors.de\/pt\/wp-json\/wp\/v2\/vehica_6662?post=598157"},{"taxonomy":"vehica_6663","embeddable":true,"href":"https:\/\/cf-motors.de\/pt\/wp-json\/wp\/v2\/vehica_6663?post=598157"},{"taxonomy":"vehica_12974","embeddable":true,"href":"https:\/\/cf-motors.de\/pt\/wp-json\/wp\/v2\/vehica_12974?post=598157"},{"taxonomy":"vehica_6666","embeddable":true,"href":"https:\/\/cf-motors.de\/pt\/wp-json\/wp\/v2\/vehica_6666?post=598157"},{"taxonomy":"vehica_12770","embeddable":true,"href":"https:\/\/cf-motors.de\/pt\/wp-json\/wp\/v2\/vehica_12770?post=598157"},{"taxonomy":"vehica_6670","embeddable":true,"href":"https:\/\/cf-motors.de\/pt\/wp-json\/wp\/v2\/vehica_6670?post=598157"},{"taxonomy":"vehica_12723","embeddable":true,"href":"https:\/\/cf-motors.de\/pt\/wp-json\/wp\/v2\/vehica_12723?post=598157"},{"taxonomy":"vehica_18854","embeddable":true,"href":"https:\/\/cf-motors.de\/pt\/wp-json\/wp\/v2\/vehica_18854?post=598157"}],"curies":[{"name":"wp","href":"https:\/\/api.w.org\/{rel}","templated":true}]}}