{"id":599869,"date":"2026-07-21T13:00:28","date_gmt":"2026-07-21T13:00:28","guid":{"rendered":"http:\/\/cf-motors.de\/de\/listing\/mercedes-benz-g-63-amg-my27-ext-carbon-a22-fond-ent-burmes\/"},"modified":"2026-07-21T13:00:28","modified_gmt":"2026-07-21T13:00:28","slug":"mercedes-benz-g-63-amg-my27-ext-carbon-a22-fond-ent-burmes","status":"publish","type":"vehica_car","link":"https:\/\/cf-motors.de\/fr\/listing\/mercedes-benz-g-63-amg-my27-ext-carbon-a22-fond-ent-burmes\/","title":{"rendered":"MERCEDES-BENZ G 63 AMG MY27, EXT CARBON, A22, SI\u00c8GES ARRI\u00c8RE AMOVIBLES, BURMES"},"content":{"rendered":"<p><strong>MERCI DE VOTRE INT\u00c9R\u00caT POUR L'UN DE NOS V\u00c9HICULES<\/strong><\/p>\n<hr\/>\n<p>Nous avons le plaisir de vous pr\u00e9senter un G63 AMG MY27 (V-VIN) disponible imm\u00e9diatement et enti\u00e8rement \u00e9quip\u00e9. N'h\u00e9sitez pas \u00e0 nous contacter \u00e0 tout moment si vous avez d'autres questions ou si vous souhaitez obtenir la liste compl\u00e8te des \u00e9quipements !<br \/>Pack carbone AMG ext\u00e9rieur<br \/>\u2013 Bo\u00eetiers de r\u00e9troviseurs ext\u00e9rieurs AMG au design carbone<br \/>\u2013 Car\u00e9nage de radiateur sp\u00e9cifique AMG en chrome fonc\u00e9<br \/>\u2013 Baguettes de protection ext\u00e9rieures avec inserts d\u00e9coratifs au design carbone<br \/>\u2013 Inserts de pare-chocs en carbone<br \/>\u2013 Cache-roue de secours en carbone<br \/>\u2013 Jante de roue de secours peinte en noir nuit magno<br \/>\u2013 \u00c9clairages att\u00e9nu\u00e9s<br \/>\u2013 Protection optique arri\u00e8re en carbone<br \/>\u2013 Protection inf\u00e9rieure avant en carbone<br \/>Pack Nuit AMG II<br \/>\u2013 Embl\u00e8me AMG sur le capot, en chrome fonc\u00e9<br \/>\u2013 MANUFAKTUR : \u00e9toile Mercedes sur les capuchons de moyeu en chrome fonc\u00e9<br \/>\u2013 \u00c9toile Mercedes \u00e0 l'avant et \u00e0 l'arri\u00e8re, en noir brillant<br \/>\u2013 Typographie en noir brillant<br \/>Paquet confort<br \/>\u2013 Porte-gobelet climatis\u00e9<br \/>- Ouverture de la porte de garage<br \/>\u2013 Syst\u00e8me de recharge sans fil pour appareils mobiles \u00e0 l'avant<br \/>\u2013 KEYLESS-GO<br \/>Int\u00e9rieur de la ligne SUPERIOR<br \/>\u2013 Pack \u00ab Si\u00e8ges actifs multicontours Plus \u00bb<br \/>\u2013 Forfait ENERGIZING Plus<br \/>\u2013 Tableau de bord en cuir Nappa<br \/>Ext\u00e9rieur<br \/>\u2013 Jantes forg\u00e9es AMG de 22 pouces \u00e0 rayons multiples<br \/>\u2013 \u00c9triers de frein AMG peints en rouge \u00e0 l'avant et \u00e0 l'arri\u00e8re<br \/>\u2013 Syst\u00e8me d'\u00e9chappement sp\u00e9cifique AMG, couleur noire<br \/>\u2013 Pack logo MANUFAKTUR en noir<br \/>\u2013 MANUFAKTUR : projecteur de logo int\u00e9gr\u00e9 au r\u00e9troviseur ext\u00e9rieur<br \/>\u2013 Bouton de porte MANUFAKTUR noir avec logo en relief<br \/>\u2013 MANUFAKTUR noir nuit magno<br \/>\u2013 Marchepieds MANUFAKTUR, couleur noire<br \/>\u2013 PROFESSIONAL : pare-boue arri\u00e8re<br \/>\u2013 Protection pendant le transport<br \/>Int\u00e9rieur<br \/>\u2013 Volant AMG Performance au design carbone \/ microfibre MICROCUT<br \/>- Inserts d\u00e9coratifs AMG en carbone<br \/>\u2013 MANUFAKTUR rouge bengale \/ noir<br \/>\u2013 Filet de s\u00e9paration<br \/>\u2013 Pack confort thermique<br \/>\u2013 Chauffage des accoudoirs pour le conducteur et le passager avant<br \/>\u2013 Pare-brise chauffant<br \/>- Chauffage du volant<br \/>\u2013 \u00c9l\u00e9ment d\u00e9coratif sur la poign\u00e9e portant l'inscription \u201e MANUFAKTUR \u201c<\/p>\n<hr\/>\n<p><strong>Packs d'\u00e9quipement :<\/strong><\/p>\n<ul>\n<li>Ensemble conducteur AMG<\/li>\n<li>Forfait de nuit<\/li>\n<\/ul>\n<p><strong class='title'>Garantie &amp; label de qualit\u00e9 :<\/strong><\/p>\n<ul>\n<li>Garantie<\/li>\n<\/ul>\n<p><strong class='title'>Syst\u00e8mes d'assistance :<\/strong><\/p>\n<ul>\n<li>Groupe d'aide \u00e0 la conduite<\/li>\n<li>Pack stationnement avec cam\u00e9ra \u00e0 360 degr\u00e9s<\/li>\n<\/ul>\n<p><strong class='title'>M\u00e9dias et infodivertissement :<\/strong><\/p>\n<ul>\n<li>Syst\u00e8me audio Burmester\u00ae haut de gamme Surround<\/li>\n<li>Divertissement arri\u00e8re<\/li>\n<\/ul>\n<p><strong class='title'>S\u00e9curit\u00e9 et technique :<\/strong><\/p>\n<ul>\n<li>assistant de freinage actif<\/li>\n<li>Syst\u00e8me de freinage antiblocage (ABS)<\/li>\n<li>Programme de stabilit\u00e9 \u00e9lectronique (ESP)<\/li>\n<li>Airbag conducteur<\/li>\n<li>Syst\u00e8me d'airbag frontal<\/li>\n<li>PRE-SAFE<\/li>\n<\/ul>\n<p><strong class='title'>Confort et climat :<\/strong><\/p>\n<ul>\n<li>Si\u00e8ges actifs (si\u00e8ges avec fonction de massage)<\/li>\n<li>Climatisation automatique<\/li>\n<li>Si\u00e8ge(s) multicontour<\/li>\n<li>Ventilation du si\u00e8ge<\/li>\n<li>Chauffage des si\u00e8ges<\/li>\n<li>Vitrages feuillet\u00e9s hydrofuges et insonorisants<\/li>\n<\/ul>\n<p><strong class='title'>Ext\u00e9rieur &amp; design :<\/strong><\/p>\n<ul>\n<li>\u00c9triers de frein AMG<\/li>\n<li>Syst\u00e8me de freinage AMG haute performance (composite)<\/li>\n<li>Syst\u00e8me d'\u00e9chappement AMG Performance<\/li>\n<li>Pack ext\u00e9rieur carbone<\/li>\n<\/ul>\n<p><strong class='title'>Int\u00e9rieur &amp; Design :<\/strong><\/p>\n<ul>\n<li>\u00c9clairage d'ambiance<\/li>\n<li>Volant Performance AMG<\/li>\n<li>Applications int\u00e9rieures en carbone<\/li>\n<li>Int\u00e9rieur exclusif<\/li>\n<li>Ceintures de s\u00e9curit\u00e9 rouges<\/li>\n<\/ul>\n<p><strong class='title'>Environnement &amp; magasin :<\/strong><\/p>\n<ul>\n<li>E10 convient<\/li>\n<li>EURO 6d<\/li>\n<li>Catalyseur<\/li>\n<li>Insigne de l'environnement 4<\/li>\n<\/ul>\n<p><strong class='title'>Bo\u00eete de vitesses :<\/strong><\/p>\n<ul>\n<li>AMG SPEEDSHIFT TCT<\/li>\n<\/ul>\n<p><strong class='title'>Plus d'informations :<\/strong><\/p>\n<ul>\n<li>sans accident<\/li>\n<\/ul>\n<p><\/p>\n<hr\/>\n<p>Sous r\u00e9serve de vente interm\u00e9diaire et d'erreurs. La description du v\u00e9hicule sert uniquement \u00e0 l'identification g\u00e9n\u00e9rale du v\u00e9hicule et ne constitue pas une garantie juridiquement contraignante. Seuls les accords figurant dans le contrat de vente et la confirmation de commande sont contraignants. Veuillez noter que certains \u00e9quipements sp\u00e9ciaux peuvent entra\u00eener des co\u00fbts suppl\u00e9mentaires. Vous obtiendrez des informations d\u00e9taill\u00e9es sur l'\u00e9tendue des \u00e9quipements aupr\u00e8s de notre personnel de vente.<\/p>","protected":false},"author":95,"featured_media":0,"template":"","vehica_6654":[2072],"vehica_17481":[2452],"vehica_6655":[2476],"vehica_6659":[2720],"vehica_6660":[2729],"vehica_6657":[],"vehica_6661":[],"vehica_6662":[2483],"vehica_6663":[2107],"vehica_12974":[],"vehica_6666":[2374],"vehica_12770":[],"vehica_6670":[],"vehica_12723":[],"vehica_18854":[2500],"class_list":["post-599869","vehica_car","type-vehica_car","status-publish","hentry","vehica_6654-new","vehica_17481-car","vehica_6655-car","vehica_6659-mercedes-benz","vehica_6660-g-63-amg","vehica_6662-automatic_gear","vehica_6663-petrol","vehica_6666-black","vehica_18854-euro6d"],"vehica_6656":{"vehica_currency_6656_2316":264180},"vehica_14696":"","vehica_6664":"0","vehica_6665":"3982","vehica_6671":"","vehica_6673":["https:\/\/cf-motors.de\/wp-content\/uploads\/cars_pictures\/2572788_1.jpg","https:\/\/cf-motors.de\/wp-content\/uploads\/cars_pictures\/2572788_2.jpg","https:\/\/cf-motors.de\/wp-content\/uploads\/cars_pictures\/2572788_3.jpg","https:\/\/cf-motors.de\/wp-content\/uploads\/cars_pictures\/2572788_4.jpg","https:\/\/cf-motors.de\/wp-content\/uploads\/cars_pictures\/2572788_5.jpg","https:\/\/cf-motors.de\/wp-content\/uploads\/cars_pictures\/2572788_6.jpg","https:\/\/cf-motors.de\/wp-content\/uploads\/cars_pictures\/2572788_7.jpg"],"vehica_6674":{"embed":"","url":""},"vehica_16721":"","vehica_18845":"G63_matteblack_Jul26","vehica_18846":"430 kW (585 PS)","vehica_18847":"","vehica_18848":"","vehica_18849":"","vehica_18850":"19","vehica_18851":"","vehica_18852":"","vehica_18853":"","vehica_18855":"","vehica_18856":"","vehica_18857":"","vehica_18858":"","vehica_22348":"1","vehica_22990":"585","vehica_346997":"0","vehica_437603":"G","vehica_439584":"","vehica_439585":"60;3015+127;6382+200;10050","vehica_439586":"1.85","vehica_439587":"2023","vehica_439588":"900","vehica_439589":"4079","vehica_449495":"335","vehica_449496":"14.7","vehica_449497":"","vehica_454484":"","vehica_454485":"","vehica_454486":"","vehica_454487":"","vehica_454488":"14.7","vehica_472325":"","vehica_472326":"","vehica_472327":"","vehica_472328":"335","vehica_472329":"G","vehica_472330":"","vehica_472331":"","vehica_472332":"","vehica_472333":"","vehica_472366":"","vehica_597916":"","_links":{"self":[{"href":"https:\/\/cf-motors.de\/fr\/wp-json\/wp\/v2\/cars\/599869","targetHints":{"allow":["GET"]}}],"collection":[{"href":"https:\/\/cf-motors.de\/fr\/wp-json\/wp\/v2\/cars"}],"about":[{"href":"https:\/\/cf-motors.de\/fr\/wp-json\/wp\/v2\/types\/vehica_car"}],"author":[{"embeddable":true,"href":"https:\/\/cf-motors.de\/fr\/wp-json\/wp\/v2\/users\/95"}],"wp:attachment":[{"href":"https:\/\/cf-motors.de\/fr\/wp-json\/wp\/v2\/media?parent=599869"}],"wp:term":[{"taxonomy":"vehica_6654","embeddable":true,"href":"https:\/\/cf-motors.de\/fr\/wp-json\/wp\/v2\/vehica_6654?post=599869"},{"taxonomy":"vehica_17481","embeddable":true,"href":"https:\/\/cf-motors.de\/fr\/wp-json\/wp\/v2\/vehica_17481?post=599869"},{"taxonomy":"vehica_6655","embeddable":true,"href":"https:\/\/cf-motors.de\/fr\/wp-json\/wp\/v2\/vehica_6655?post=599869"},{"taxonomy":"vehica_6659","embeddable":true,"href":"https:\/\/cf-motors.de\/fr\/wp-json\/wp\/v2\/vehica_6659?post=599869"},{"taxonomy":"vehica_6660","embeddable":true,"href":"https:\/\/cf-motors.de\/fr\/wp-json\/wp\/v2\/vehica_6660?post=599869"},{"taxonomy":"vehica_6657","embeddable":true,"href":"https:\/\/cf-motors.de\/fr\/wp-json\/wp\/v2\/vehica_6657?post=599869"},{"taxonomy":"vehica_6661","embeddable":true,"href":"https:\/\/cf-motors.de\/fr\/wp-json\/wp\/v2\/vehica_6661?post=599869"},{"taxonomy":"vehica_6662","embeddable":true,"href":"https:\/\/cf-motors.de\/fr\/wp-json\/wp\/v2\/vehica_6662?post=599869"},{"taxonomy":"vehica_6663","embeddable":true,"href":"https:\/\/cf-motors.de\/fr\/wp-json\/wp\/v2\/vehica_6663?post=599869"},{"taxonomy":"vehica_12974","embeddable":true,"href":"https:\/\/cf-motors.de\/fr\/wp-json\/wp\/v2\/vehica_12974?post=599869"},{"taxonomy":"vehica_6666","embeddable":true,"href":"https:\/\/cf-motors.de\/fr\/wp-json\/wp\/v2\/vehica_6666?post=599869"},{"taxonomy":"vehica_12770","embeddable":true,"href":"https:\/\/cf-motors.de\/fr\/wp-json\/wp\/v2\/vehica_12770?post=599869"},{"taxonomy":"vehica_6670","embeddable":true,"href":"https:\/\/cf-motors.de\/fr\/wp-json\/wp\/v2\/vehica_6670?post=599869"},{"taxonomy":"vehica_12723","embeddable":true,"href":"https:\/\/cf-motors.de\/fr\/wp-json\/wp\/v2\/vehica_12723?post=599869"},{"taxonomy":"vehica_18854","embeddable":true,"href":"https:\/\/cf-motors.de\/fr\/wp-json\/wp\/v2\/vehica_18854?post=599869"}],"curies":[{"name":"wp","href":"https:\/\/api.w.org\/{rel}","templated":true}]}}