{"id":599840,"date":"2026-07-21T13:00:52","date_gmt":"2026-07-21T13:00:52","guid":{"rendered":"http:\/\/cf-motors.de\/de\/listing\/mercedes-benz-amg-gt-r-1-of-750-carbon-cam-keramik\/"},"modified":"2026-07-21T13:00:52","modified_gmt":"2026-07-21T13:00:52","slug":"mercedes-benz-amg-gt-r-1-of-750-carbon-cam-keramik","status":"publish","type":"vehica_car","link":"https:\/\/cf-motors.de\/fr\/listing\/mercedes-benz-amg-gt-r-1-of-750-carbon-cam-keramik\/","title":{"rendered":"MERCEDES-BENZ AMG GT R, 1 sur 750, CARBONE, CAM, C\u00c9RAMIQUE"},"content":{"rendered":"<p><strong>MERCI DE VOTRE INT\u00c9R\u00caT POUR L'UN DE NOS V\u00c9HICULES<\/strong><\/p>\n<hr\/>\n<p>Nous sommes ravis de vous pr\u00e9senter cette AMG GT R Cabrio tr\u00e8s bien entretenue. Avec un certificat d'immatriculation et un historique tra\u00e7able, c'est le compagnon id\u00e9al pour de belles balades estivales. N'h\u00e9sitez pas \u00e0 nous contacter \u00e0 tout moment si vous avez d'autres questions !<br \/>\u00c9quipement sp\u00e9cial :<br \/>AMG Track Pace (application), t\u00e9l\u00e9phonie embarqu\u00e9e (module t\u00e9l\u00e9phonique Bluetooth), fonction bureau \u00e0 bord, seuils de porte (AMG) \u00e9clair\u00e9s, pack d'aide \u00e0 la conduite : maintien de voie, syst\u00e8me d'aide \u00e0 la conduite : assistant de feux de route adaptatif, syst\u00e8me d'aide \u00e0 la conduite : syst\u00e8me d'informations routi\u00e8res Live Traffic, configuration du v\u00e9hicule (services en ligne \/ applications), extincteur, syst\u00e8me de freinage en c\u00e9ramique (AMG), interface multim\u00e9dia (interface universelle pour iPod \/ AUX \/ USB \/ MP3), Couvercle de compartiment moteur en carbone, pack Parking, kit de r\u00e9paration des pneus (Tirefit), si\u00e8ges avant chauffants, int\u00e9gration smartphone, pack R\u00e9troviseurs, pr\u00e9-\u00e9quipement pour services de navigation, d\u00e9flecteur en verre (Airguide)<br \/>Qu'est-ce que CF Automotive Services GmbH repr\u00e9sente :<br \/>- Plus de 10 ans d'exp\u00e9rience dans la vente de voitures de luxe dans le monde entier<\/p>\n<ul>\n<li>)<\/li>\n<\/ul>\n<p>- Un correspondant comp\u00e9tent d\u00e8s la premi\u00e8re question jusqu'au jour de la livraison, bien s\u00fbr nous sommes \u00e9galement disponibles apr\u00e8s l'achat de votre voiture de r\u00eave<br \/>- Nous parlons couramment les langues suivantes : allemand et anglais<br \/>Vous pouvez \u00e9galement nous rendre visite sur les r\u00e9seaux sociaux - Instagram : cf_motors_international<br \/>Nous sommes impatients d'avoir de vos nouvelles !<br \/>Vous pouvez nous contacter par t\u00e9l\u00e9phone, par e-mail ou nous envoyer un message via WhatsApp.<br \/>- Par t\u00e9l\u00e9phone : +49 1579 2372427<br \/>- Par mail : info(at)cf-motors.de<\/p>\n<hr\/>\n<p><strong>Syst\u00e8mes d'assistance :<\/strong><\/p>\n<ul>\n<li>Cam\u00e9ra frontale<\/li>\n<li>Parktronic<\/li>\n<li>PDC (aide au stationnement)<\/li>\n<li>Capteur de pluie<\/li>\n<li>Cam\u00e9ra de recul<\/li>\n<\/ul>\n<p><strong class='title'>M\u00e9dias et infodivertissement :<\/strong><\/p>\n<ul>\n<li>Interface Bluetooth<\/li>\n<li>COMAND en ligne<\/li>\n<li>Kit mains libres<\/li>\n<li>Navigation \/ Navigation en ligne<\/li>\n<li>Radio<\/li>\n<li>Pr\u00e9paration du t\u00e9l\u00e9phone avec Bluetooth<\/li>\n<li>Interface\/connexion USB<\/li>\n<\/ul>\n<p><strong class='title'>S\u00e9curit\u00e9 et technique :<\/strong><\/p>\n<ul>\n<li>Syst\u00e8me de freinage antiblocage (ABS)<\/li>\n<li>Airbag passager<\/li>\n<li>Programme de stabilit\u00e9 \u00e9lectronique (ESP)<\/li>\n<li>Airbag conducteur<\/li>\n<li>Syst\u00e8me de freinage en c\u00e9ramique<\/li>\n<li>Syst\u00e8me d'airbag frontal<\/li>\n<li>Ch\u00e2ssis sport<\/li>\n<\/ul>\n<p><strong class='title'>Confort et climat :<\/strong><\/p>\n<ul>\n<li>R\u00e9troviseurs int\u00e9rieurs\/ext\u00e9rieurs \u00e0 gradation automatique<\/li>\n<li>Fonction de d\u00e9marrage sans cl\u00e9<\/li>\n<li>Climatisation automatique<\/li>\n<li>Direction assist\u00e9e<\/li>\n<li>T\u00e9l\u00e9matique\/syst\u00e8me d'appel d'urgence (pr\u00e9paration)<\/li>\n<\/ul>\n<p><strong class='title'>Ext\u00e9rieur &amp; design :<\/strong><\/p>\n<ul>\n<li>Syst\u00e8me d'\u00e9chappement AMG Performance<\/li>\n<li>Pack ext\u00e9rieur carbone<\/li>\n<li>Aileron avant en carbone<\/li>\n<li>Cache-miroirs en carbone<\/li>\n<li>Becquet arri\u00e8re<\/li>\n<li>Couvercle de moteur en carbone<\/li>\n<li>Syst\u00e8me d'\u00e9chappement en titane \/ Silencieux arri\u00e8re<\/li>\n<\/ul>\n<p><strong class='title'>Int\u00e9rieur &amp; Design :<\/strong><\/p>\n<ul>\n<li>Volant en Alcantara<\/li>\n<li>Garnitures de seuil de porte AMG<\/li>\n<li>Volant Performance AMG<\/li>\n<li>Applications int\u00e9rieures en carbone<\/li>\n<li>Palettes au volant<\/li>\n<li>P\u00e9dales sport en acier inoxydable<\/li>\n<\/ul>\n<p><strong class='title'>Environnement &amp; magasin :<\/strong><\/p>\n<ul>\n<li>E10 convient<\/li>\n<li>Catalyseur<\/li>\n<\/ul>\n<p><strong class='title'>Bo\u00eete de vitesses :<\/strong><\/p>\n<ul>\n<li>AMG SPEEDSHIFT DCT<\/li>\n<\/ul>\n<p><strong class='title'>Plus d'informations :<\/strong><\/p>\n<ul>\n<li>Premi\u00e8re propri\u00e9t\u00e9<\/li>\n<li>sans accident<\/li>\n<\/ul>\n<p><\/p>\n<hr\/>\n<p>Sous r\u00e9serve de vente interm\u00e9diaire et d'erreurs. La description du v\u00e9hicule sert uniquement \u00e0 l'identification g\u00e9n\u00e9rale du v\u00e9hicule et ne constitue pas une garantie juridiquement contraignante. Seuls les accords figurant dans le contrat de vente et la confirmation de commande sont contraignants. Veuillez noter que certains \u00e9quipements sp\u00e9ciaux peuvent entra\u00eener des co\u00fbts suppl\u00e9mentaires. Vous obtiendrez des informations d\u00e9taill\u00e9es sur l'\u00e9tendue des \u00e9quipements aupr\u00e8s de notre personnel de vente.<\/p>","protected":false},"author":95,"featured_media":0,"template":"","vehica_6654":[2073],"vehica_17481":[2452],"vehica_6655":[2476],"vehica_6659":[2720],"vehica_6660":[2771],"vehica_6657":[],"vehica_6661":[],"vehica_6662":[2483],"vehica_6663":[2107],"vehica_12974":[],"vehica_6666":[2323],"vehica_12770":[],"vehica_6670":[],"vehica_12723":[],"vehica_18854":[],"class_list":["post-599840","vehica_car","type-vehica_car","status-publish","hentry","vehica_6654-used","vehica_17481-car","vehica_6655-car","vehica_6659-mercedes-benz","vehica_6660-amg-gt-r","vehica_6662-automatic_gear","vehica_6663-petrol","vehica_6666-grey"],"vehica_6656":{"vehica_currency_6656_2316":174930},"vehica_14696":"2019","vehica_6664":"43152","vehica_6665":"3982","vehica_6671":"","vehica_6673":["https:\/\/cf-motors.de\/wp-content\/uploads\/cars_pictures\/2571552_1.jpg","https:\/\/cf-motors.de\/wp-content\/uploads\/cars_pictures\/2571552_2.jpg","https:\/\/cf-motors.de\/wp-content\/uploads\/cars_pictures\/2571552_3.jpg","https:\/\/cf-motors.de\/wp-content\/uploads\/cars_pictures\/2571552_4.jpg","https:\/\/cf-motors.de\/wp-content\/uploads\/cars_pictures\/2571552_5.jpg","https:\/\/cf-motors.de\/wp-content\/uploads\/cars_pictures\/2571552_6.jpg","https:\/\/cf-motors.de\/wp-content\/uploads\/cars_pictures\/2571552_7.jpg","https:\/\/cf-motors.de\/wp-content\/uploads\/cars_pictures\/2571552_8.jpg","https:\/\/cf-motors.de\/wp-content\/uploads\/cars_pictures\/2571552_9.jpg","https:\/\/cf-motors.de\/wp-content\/uploads\/cars_pictures\/2571552_10.jpg","https:\/\/cf-motors.de\/wp-content\/uploads\/cars_pictures\/2571552_11.jpg","https:\/\/cf-motors.de\/wp-content\/uploads\/cars_pictures\/2571552_12.jpg","https:\/\/cf-motors.de\/wp-content\/uploads\/cars_pictures\/2571552_13.jpg","https:\/\/cf-motors.de\/wp-content\/uploads\/cars_pictures\/2571552_14.jpg","https:\/\/cf-motors.de\/wp-content\/uploads\/cars_pictures\/2571552_15.jpg","https:\/\/cf-motors.de\/wp-content\/uploads\/cars_pictures\/2571552_16.jpg","https:\/\/cf-motors.de\/wp-content\/uploads\/cars_pictures\/2571552_17.jpg","https:\/\/cf-motors.de\/wp-content\/uploads\/cars_pictures\/2571552_18.jpg","https:\/\/cf-motors.de\/wp-content\/uploads\/cars_pictures\/2571552_19.jpg","https:\/\/cf-motors.de\/wp-content\/uploads\/cars_pictures\/2571552_20.jpg","https:\/\/cf-motors.de\/wp-content\/uploads\/cars_pictures\/2571552_21.jpg","https:\/\/cf-motors.de\/wp-content\/uploads\/cars_pictures\/2571552_22.jpg","https:\/\/cf-motors.de\/wp-content\/uploads\/cars_pictures\/2571552_23.jpg","https:\/\/cf-motors.de\/wp-content\/uploads\/cars_pictures\/2571552_24.jpg","https:\/\/cf-motors.de\/wp-content\/uploads\/cars_pictures\/2571552_25.jpg","https:\/\/cf-motors.de\/wp-content\/uploads\/cars_pictures\/2571552_26.jpg","https:\/\/cf-motors.de\/wp-content\/uploads\/cars_pictures\/2571552_27.jpg","https:\/\/cf-motors.de\/wp-content\/uploads\/cars_pictures\/2571552_28.jpg"],"vehica_6674":{"embed":"","url":""},"vehica_16721":"","vehica_18845":"AMG_GTRJUL26","vehica_18846":"430 kW (585 PS)","vehica_18847":"","vehica_18848":"1","vehica_18849":"","vehica_18850":"19","vehica_18851":"","vehica_18852":"","vehica_18853":"","vehica_18855":"08\/2019","vehica_18856":"2019","vehica_18857":"","vehica_18858":"","vehica_22348":"1","vehica_22990":"585","vehica_346997":"0","vehica_437603":"G","vehica_439584":"","vehica_439585":"60;2556+127;5410+200;8520","vehica_439586":"1.85","vehica_439587":"2023","vehica_439588":"","vehica_439589":"3441","vehica_449495":"284","vehica_449496":"12.4","vehica_449497":"","vehica_454484":"","vehica_454485":"","vehica_454486":"","vehica_454487":"","vehica_454488":"12.4","vehica_472325":"","vehica_472326":"","vehica_472327":"","vehica_472328":"284","vehica_472329":"G","vehica_472330":"","vehica_472331":"","vehica_472332":"","vehica_472333":"","vehica_472366":"","vehica_597916":"","_links":{"self":[{"href":"https:\/\/cf-motors.de\/fr\/wp-json\/wp\/v2\/cars\/599840","targetHints":{"allow":["GET"]}}],"collection":[{"href":"https:\/\/cf-motors.de\/fr\/wp-json\/wp\/v2\/cars"}],"about":[{"href":"https:\/\/cf-motors.de\/fr\/wp-json\/wp\/v2\/types\/vehica_car"}],"author":[{"embeddable":true,"href":"https:\/\/cf-motors.de\/fr\/wp-json\/wp\/v2\/users\/95"}],"wp:attachment":[{"href":"https:\/\/cf-motors.de\/fr\/wp-json\/wp\/v2\/media?parent=599840"}],"wp:term":[{"taxonomy":"vehica_6654","embeddable":true,"href":"https:\/\/cf-motors.de\/fr\/wp-json\/wp\/v2\/vehica_6654?post=599840"},{"taxonomy":"vehica_17481","embeddable":true,"href":"https:\/\/cf-motors.de\/fr\/wp-json\/wp\/v2\/vehica_17481?post=599840"},{"taxonomy":"vehica_6655","embeddable":true,"href":"https:\/\/cf-motors.de\/fr\/wp-json\/wp\/v2\/vehica_6655?post=599840"},{"taxonomy":"vehica_6659","embeddable":true,"href":"https:\/\/cf-motors.de\/fr\/wp-json\/wp\/v2\/vehica_6659?post=599840"},{"taxonomy":"vehica_6660","embeddable":true,"href":"https:\/\/cf-motors.de\/fr\/wp-json\/wp\/v2\/vehica_6660?post=599840"},{"taxonomy":"vehica_6657","embeddable":true,"href":"https:\/\/cf-motors.de\/fr\/wp-json\/wp\/v2\/vehica_6657?post=599840"},{"taxonomy":"vehica_6661","embeddable":true,"href":"https:\/\/cf-motors.de\/fr\/wp-json\/wp\/v2\/vehica_6661?post=599840"},{"taxonomy":"vehica_6662","embeddable":true,"href":"https:\/\/cf-motors.de\/fr\/wp-json\/wp\/v2\/vehica_6662?post=599840"},{"taxonomy":"vehica_6663","embeddable":true,"href":"https:\/\/cf-motors.de\/fr\/wp-json\/wp\/v2\/vehica_6663?post=599840"},{"taxonomy":"vehica_12974","embeddable":true,"href":"https:\/\/cf-motors.de\/fr\/wp-json\/wp\/v2\/vehica_12974?post=599840"},{"taxonomy":"vehica_6666","embeddable":true,"href":"https:\/\/cf-motors.de\/fr\/wp-json\/wp\/v2\/vehica_6666?post=599840"},{"taxonomy":"vehica_12770","embeddable":true,"href":"https:\/\/cf-motors.de\/fr\/wp-json\/wp\/v2\/vehica_12770?post=599840"},{"taxonomy":"vehica_6670","embeddable":true,"href":"https:\/\/cf-motors.de\/fr\/wp-json\/wp\/v2\/vehica_6670?post=599840"},{"taxonomy":"vehica_12723","embeddable":true,"href":"https:\/\/cf-motors.de\/fr\/wp-json\/wp\/v2\/vehica_12723?post=599840"},{"taxonomy":"vehica_18854","embeddable":true,"href":"https:\/\/cf-motors.de\/fr\/wp-json\/wp\/v2\/vehica_18854?post=599840"}],"curies":[{"name":"wp","href":"https:\/\/api.w.org\/{rel}","templated":true}]}}