{"id":599569,"date":"2026-04-26T14:00:23","date_gmt":"2026-04-26T14:00:23","guid":{"rendered":"http:\/\/cf-motors.de\/de\/listing\/audi-r8-spyder-5-2-fsi-quattro-bo-carbon-ccb-cam\/"},"modified":"2026-04-26T14:00:23","modified_gmt":"2026-04-26T14:00:23","slug":"audi-r8-spyder-5-2-fsi-quattro-bo-carbon-ccb-cam","status":"publish","type":"vehica_car","link":"https:\/\/cf-motors.de\/fr\/listing\/audi-r8-spyder-5-2-fsi-quattro-bo-carbon-ccb-cam\/","title":{"rendered":"AUDI R8 Spyder 5.2 FSI quattro B&amp;O, CARBON, CCB, CAM"},"content":{"rendered":"<p><strong>MERCI DE VOTRE INT\u00c9R\u00caT POUR L'UN DE NOS V\u00c9HICULES<\/strong><\/p>\n<hr\/>\n<p>Nous avons le plaisir de vous pr\u00e9senter une Audi R8 Spyder tr\u00e8s bien entretenue avec de superbes options. N'h\u00e9sitez pas \u00e0 nous contacter si vous avez des questions !<br \/>\u00c9quipement sp\u00e9cial :<br \/>Audi connect (services bas\u00e9s sur Internet), Audi Smartphone Interface, Dispositif mains libres Bluetooth avec reconnaissance vocale (Audi Phone Box), \u00c9triers de frein peints en rouge, Aide au stationnement avant et arri\u00e8re, optique avec cam\u00e9ra de recul (APS Advanced), Syst\u00e8me d'aide \u00e0 la conduite : Assistant de feux de route, Int\u00e9rieur : Inserts d\u00e9coratifs carbone brillant \u00e9tendu, Int\u00e9rieur : Inserts d\u00e9coratifs laque piano, noir, Int\u00e9rieur : Cuir pleine fleur Nappa fin, Syst\u00e8me de freinage c\u00e9ramique \u00e0 l'avant et \u00e0 l'arri\u00e8re, Jantes LM avant\/arri\u00e8re : 8,5\u00d720 \/ 11\u00d720 (10 branches, design Y, pour pneus d'hiver), Jantes LM avant\/arri\u00e8re : 8,5\u00d720 \/ 11\u00d720 (10-branches, design Y, noir brillant), El\u00e9ment d\u00e9flecteur d'air lat\u00e9ral Sideblade Mythos noir m\u00e9tallique, Peinture m\u00e9tallis\u00e9e, Pack optique noir Audi exclusive, R\u00e9ception radio digitale (DAB), Phares LED avec lumi\u00e8re laser, Emetteur pour ouvre-porte de garage (int\u00e9gr\u00e9), Syst\u00e8me d'\u00e9chappement sport<\/p>\n<hr\/>\n<p><strong>Garantie &amp; label de qualit\u00e9 :<\/strong><\/p>\n<ul>\n<li>Garantie voiture d'occasion<\/li>\n<\/ul>\n<p><strong class='title'>Syst\u00e8mes d'assistance :<\/strong><\/p>\n<ul>\n<li>Aide au stationnement plus avec cam\u00e9ra de recul<\/li>\n<li>Assistant de feux de route<\/li>\n<li>Capteur de lumi\u00e8re<\/li>\n<li>R\u00e9gulateur de vitesse<\/li>\n<\/ul>\n<p><strong class='title'>de la lumi\u00e8re :<\/strong><\/p>\n<ul>\n<li>Lumi\u00e8re laser<\/li>\n<li>Feux arri\u00e8re \u00e0 LED (partiel)<\/li>\n<li>Phare \u00e0 LED<\/li>\n<li>Feux de circulation diurne \u00e0 LED<\/li>\n<\/ul>\n<p><strong class='title'>M\u00e9dias et infodivertissement :<\/strong><\/p>\n<ul>\n<li>Audi connect<\/li>\n<li>Syst\u00e8me audio compatible MP3<\/li>\n<li>Syst\u00e8me de sonorisation Bang &amp; Olufsen<\/li>\n<li>Navigation MMI plus avec MMI touch<\/li>\n<\/ul>\n<p><strong class='title'>S\u00e9curit\u00e9 et technique :<\/strong><\/p>\n<ul>\n<li>Syst\u00e8me de freinage antiblocage (ABS)<\/li>\n<li>Syst\u00e8me de contr\u00f4le de la traction (ASR)<\/li>\n<li>Airbag passager<\/li>\n<li>Frein en c\u00e9ramique de carbone (CCB)<\/li>\n<li>Programme de stabilit\u00e9 \u00e9lectronique (ESP)<\/li>\n<li>Airbag conducteur<\/li>\n<li>Contr\u00f4le du port de la ceinture de s\u00e9curit\u00e9<\/li>\n<li>Ride magn\u00e9tique<\/li>\n<li>Airbags lat\u00e9raux avant<\/li>\n<li>Immobilisateur<\/li>\n<\/ul>\n<p><strong class='title'>Confort et climat :<\/strong><\/p>\n<ul>\n<li>Audi virtual cockpit<\/li>\n<li>R\u00e9troviseurs chauffants \u00e9lectriques<\/li>\n<li>vitres \u00e9lectriques<\/li>\n<li>r\u00e9glage \u00e9lectrique du si\u00e8ge conducteur\/passager avec m\u00e9moire du conducteur<\/li>\n<li>Ouvreur de porte de garage<\/li>\n<li>Climatisation automatique<\/li>\n<li>Chauffage des si\u00e8ges<\/li>\n<li>Si\u00e8ge(s) sport<\/li>\n<li>Pare-vent<\/li>\n<\/ul>\n<p><strong class='title'>Pneus et jantes :<\/strong><\/p>\n<ul>\n<li>Jantes en alliage 20 pouces<\/li>\n<li>Contr\u00f4le de la pression des pneus<\/li>\n<\/ul>\n<p><strong class='title'>Ext\u00e9rieur &amp; design :<\/strong><\/p>\n<ul>\n<li>\u00c9triers de frein rouges<\/li>\n<li>Pack optique noir<\/li>\n<li>Syst\u00e8me d'\u00e9chappement sport<\/li>\n<\/ul>\n<p><strong class='title'>Int\u00e9rieur &amp; Design :<\/strong><\/p>\n<ul>\n<li>Applications int\u00e9rieures en carbone<\/li>\n<li>E-top<\/li>\n<li>Garnitures de seuil de porte en aluminium\/(inserts en aluminium)<\/li>\n<li>Pack \u00e9clairage<\/li>\n<li>Volant multifonctionnel<\/li>\n<li>Volant en cuir sport<\/li>\n<li>P\u00e9dales sport en acier inoxydable<\/li>\n<li>Paquet tout cuir<\/li>\n<\/ul>\n<p><strong class='title'>Environnement &amp; magasin :<\/strong><\/p>\n<ul>\n<li>Classe d'efficacit\u00e9 G<\/li>\n<li>EURO VI<\/li>\n<li>Catalyseur<\/li>\n<li>R\u00e9cup\u00e9ration<\/li>\n<li>Start\/Stop automatique<\/li>\n<li>Insigne de l'environnement 4<\/li>\n<\/ul>\n<p><strong class='title'>Bo\u00eete de vitesses :<\/strong><\/p>\n<ul>\n<li>S tronic<\/li>\n<\/ul>\n<p><strong class='title'>Plus d'informations :<\/strong><\/p>\n<ul>\n<li>Sur commande du client<\/li>\n<li>Ch\u00e9quier<\/li>\n<li>sans accident<\/li>\n<\/ul>\n<p><\/p>\n<hr\/>\n<p>Sous r\u00e9serve de vente interm\u00e9diaire et d'erreurs. La description du v\u00e9hicule sert uniquement \u00e0 l'identification g\u00e9n\u00e9rale du v\u00e9hicule et ne constitue pas une garantie juridiquement contraignante. Seuls les accords figurant dans le contrat de vente et la confirmation de commande sont contraignants. Veuillez noter que certains \u00e9quipements sp\u00e9ciaux peuvent entra\u00eener des co\u00fbts suppl\u00e9mentaires. Vous obtiendrez des informations d\u00e9taill\u00e9es sur l'\u00e9tendue des \u00e9quipements aupr\u00e8s de notre personnel de vente.<\/p>","protected":false},"author":95,"featured_media":0,"template":"","vehica_6654":[2073],"vehica_17481":[2452],"vehica_6655":[2476],"vehica_6659":[2765],"vehica_6660":[2766],"vehica_6657":[],"vehica_6661":[],"vehica_6662":[2483],"vehica_6663":[2107],"vehica_12974":[],"vehica_6666":[2374],"vehica_12770":[],"vehica_6670":[],"vehica_12723":[],"vehica_18854":[2480],"class_list":["post-599569","vehica_car","type-vehica_car","status-publish","hentry","vehica_6654-used","vehica_17481-car","vehica_6655-car","vehica_6659-audi","vehica_6660-r8","vehica_6662-automatic_gear","vehica_6663-petrol","vehica_6666-black","vehica_18854-euro6"],"vehica_6656":{"vehica_currency_6656_2316":112900},"vehica_14696":"2017","vehica_6664":"42923","vehica_6665":"5204","vehica_6671":"","vehica_6673":["https:\/\/cf-motors.de\/wp-content\/uploads\/cars_pictures\/2325665_1.jpg","https:\/\/cf-motors.de\/wp-content\/uploads\/cars_pictures\/2325665_2.jpg","https:\/\/cf-motors.de\/wp-content\/uploads\/cars_pictures\/2325665_3.jpg","https:\/\/cf-motors.de\/wp-content\/uploads\/cars_pictures\/2325665_4.jpg","https:\/\/cf-motors.de\/wp-content\/uploads\/cars_pictures\/2325665_5.jpg","https:\/\/cf-motors.de\/wp-content\/uploads\/cars_pictures\/2325665_6.jpg","https:\/\/cf-motors.de\/wp-content\/uploads\/cars_pictures\/2325665_7.jpg","https:\/\/cf-motors.de\/wp-content\/uploads\/cars_pictures\/2325665_8.jpg","https:\/\/cf-motors.de\/wp-content\/uploads\/cars_pictures\/2325665_9.jpg","https:\/\/cf-motors.de\/wp-content\/uploads\/cars_pictures\/2325665_10.jpg","https:\/\/cf-motors.de\/wp-content\/uploads\/cars_pictures\/2325665_11.jpg","https:\/\/cf-motors.de\/wp-content\/uploads\/cars_pictures\/2325665_12.jpg","https:\/\/cf-motors.de\/wp-content\/uploads\/cars_pictures\/2325665_13.jpg","https:\/\/cf-motors.de\/wp-content\/uploads\/cars_pictures\/2325665_14.jpg","https:\/\/cf-motors.de\/wp-content\/uploads\/cars_pictures\/2325665_15.jpg"],"vehica_6674":{"embed":"","url":""},"vehica_16721":"","vehica_18845":"R8Spider_black_Sep24","vehica_18846":"397 kW (540 PS)","vehica_18847":"277","vehica_18848":"","vehica_18849":"11.7","vehica_18850":"","vehica_18851":"G","vehica_18852":"17","vehica_18853":"8.7","vehica_18855":"09\/2017","vehica_18856":"2017","vehica_18857":"","vehica_18858":"","vehica_22348":"3","vehica_22990":"540","vehica_346997":"0","vehica_437603":"","vehica_439584":"","vehica_439585":";+;+;","vehica_439586":"","vehica_439587":"","vehica_439588":"","vehica_439589":"","vehica_449495":"","vehica_449496":"","vehica_449497":"","vehica_454484":"","vehica_454485":"","vehica_454486":"","vehica_454487":"","vehica_454488":"","vehica_472325":"","vehica_472326":"","vehica_472327":"","vehica_472328":"","vehica_472329":"","vehica_472330":"","vehica_472331":"","vehica_472332":"","vehica_472333":"","vehica_472366":"","vehica_597916":"","_links":{"self":[{"href":"https:\/\/cf-motors.de\/fr\/wp-json\/wp\/v2\/cars\/599569","targetHints":{"allow":["GET"]}}],"collection":[{"href":"https:\/\/cf-motors.de\/fr\/wp-json\/wp\/v2\/cars"}],"about":[{"href":"https:\/\/cf-motors.de\/fr\/wp-json\/wp\/v2\/types\/vehica_car"}],"author":[{"embeddable":true,"href":"https:\/\/cf-motors.de\/fr\/wp-json\/wp\/v2\/users\/95"}],"wp:attachment":[{"href":"https:\/\/cf-motors.de\/fr\/wp-json\/wp\/v2\/media?parent=599569"}],"wp:term":[{"taxonomy":"vehica_6654","embeddable":true,"href":"https:\/\/cf-motors.de\/fr\/wp-json\/wp\/v2\/vehica_6654?post=599569"},{"taxonomy":"vehica_17481","embeddable":true,"href":"https:\/\/cf-motors.de\/fr\/wp-json\/wp\/v2\/vehica_17481?post=599569"},{"taxonomy":"vehica_6655","embeddable":true,"href":"https:\/\/cf-motors.de\/fr\/wp-json\/wp\/v2\/vehica_6655?post=599569"},{"taxonomy":"vehica_6659","embeddable":true,"href":"https:\/\/cf-motors.de\/fr\/wp-json\/wp\/v2\/vehica_6659?post=599569"},{"taxonomy":"vehica_6660","embeddable":true,"href":"https:\/\/cf-motors.de\/fr\/wp-json\/wp\/v2\/vehica_6660?post=599569"},{"taxonomy":"vehica_6657","embeddable":true,"href":"https:\/\/cf-motors.de\/fr\/wp-json\/wp\/v2\/vehica_6657?post=599569"},{"taxonomy":"vehica_6661","embeddable":true,"href":"https:\/\/cf-motors.de\/fr\/wp-json\/wp\/v2\/vehica_6661?post=599569"},{"taxonomy":"vehica_6662","embeddable":true,"href":"https:\/\/cf-motors.de\/fr\/wp-json\/wp\/v2\/vehica_6662?post=599569"},{"taxonomy":"vehica_6663","embeddable":true,"href":"https:\/\/cf-motors.de\/fr\/wp-json\/wp\/v2\/vehica_6663?post=599569"},{"taxonomy":"vehica_12974","embeddable":true,"href":"https:\/\/cf-motors.de\/fr\/wp-json\/wp\/v2\/vehica_12974?post=599569"},{"taxonomy":"vehica_6666","embeddable":true,"href":"https:\/\/cf-motors.de\/fr\/wp-json\/wp\/v2\/vehica_6666?post=599569"},{"taxonomy":"vehica_12770","embeddable":true,"href":"https:\/\/cf-motors.de\/fr\/wp-json\/wp\/v2\/vehica_12770?post=599569"},{"taxonomy":"vehica_6670","embeddable":true,"href":"https:\/\/cf-motors.de\/fr\/wp-json\/wp\/v2\/vehica_6670?post=599569"},{"taxonomy":"vehica_12723","embeddable":true,"href":"https:\/\/cf-motors.de\/fr\/wp-json\/wp\/v2\/vehica_12723?post=599569"},{"taxonomy":"vehica_18854","embeddable":true,"href":"https:\/\/cf-motors.de\/fr\/wp-json\/wp\/v2\/vehica_18854?post=599569"}],"curies":[{"name":"wp","href":"https:\/\/api.w.org\/{rel}","templated":true}]}}