{"id":598959,"date":"2026-04-30T09:00:24","date_gmt":"2026-04-30T09:00:24","guid":{"rendered":"http:\/\/cf-motors.de\/de\/listing\/mercedes-benz-v-300-d-lang-4m-vip-xbox-nespresso-fridge-tv\/"},"modified":"2026-04-30T09:00:25","modified_gmt":"2026-04-30T09:00:25","slug":"mercedes-benz-v-300-d-lang-4m-vip-xbox-nespresso-fridge-tv","status":"publish","type":"vehica_car","link":"https:\/\/cf-motors.de\/fr\/listing\/mercedes-benz-v-300-d-lang-4m-vip-xbox-nespresso-fridge-tv\/","title":{"rendered":"MERCEDES-BENZ V 300 d long 4M VIP XBOX, NESPRESSO, FRIDGE, TV"},"content":{"rendered":"<p>##MERCI DE VOTRE INT\u00c9R\u00caT POUR L'UN DE NOS V\u00c9HICULES##<br \/>Nous sommes heureux de vous pr\u00e9senter une Classe V qui vous permet de voyager aussi d\u00e9tendu qu'\u00e0 bord d'un jet priv\u00e9. Ext\u00e9rieur discret, int\u00e9rieur luxueux ! En plus des si\u00e8ges couchettes VIP \u00e9lectriques recouverts de cuir nappa tr\u00e8s fin, d'un tapis moelleux et de baguettes de seuil en bois v\u00e9ritable, vous trouverez \u00e0 l'int\u00e9rieur un syst\u00e8me de divertissement \u00e0 bord tr\u00e8s complet (y compris PlayStation5, plusieurs \u00e9crans et un syst\u00e8me de cin\u00e9ma haut de gamme Harman Kardon 5.1), une machine \u00e0 caf\u00e9, un humidor et de nombreux autres extras. N'h\u00e9sitez pas \u00e0 nous contacter si vous avez des questions !<br \/><strong class='title'>Liste des options suppl\u00e9mentaires install\u00e9es :<\/strong><\/p>\n<ul>\n<li>et animation d'\u00e9toiles<\/li>\n<li>-<\/li>\n<li>- 2x cadres de tables \u00e9lectriques<\/li>\n<li>- 2x Mercedes-Benz S-Class miroirs de courtoisie<\/li>\n<li>- 4x ouvertures de ventilation<\/li>\n<li>- 8x Couverture de piliers<\/li>\n<li>- Ceiling construction incorpor\u00e9<\/li>\n<li>- Plafond recouvert d'Alcantara<\/li>\n<li>- Ceiling Rovelver Rolls-Royce Starry Sky avec \u00e9toiles filantes<\/li>\n<li>- Penderie dans le tronc<\/li>\n<li>- Cockpit recouvert d'Alcantara<\/li>\n<li>- Embellissements d\u00e9coratifs avec Alcantara et cuir<\/li>\n<li>- Portes recouvertes d'Alcantara et de cuir<\/li>\n<li>- Moniteur LED pliable \u00e9lectriquement pour les invit\u00e9s<\/li>\n<li>- Sol de l'espace VIP recouvert d'une moquette REX de haute qualit\u00e9<\/li>\n<li>- Compartiment pour gants avec insert d\u00e9coratif<\/li>\n<li>- Int\u00e9gration du contr\u00f4leur de climatisation<\/li>\n<li>- Barre lat\u00e9rale gauche avec ornements d\u00e9coratifs<\/li>\n<li>- Embellissement de la table gauche<\/li>\n<li>- Console centrale de luxe avec accoudoir en cuir<\/li>\n<li>- Barre lat\u00e9rale droite avec ornements d\u00e9coratifs<\/li>\n<li>- Ornement de table droit<\/li>\n<li>- Si\u00e8ges recouverts de cuir Bentley Nappa<\/li>\n<li>- Parois lat\u00e9rales recouvertes d'Alcantara et de cuir<\/li>\n<li>- Roue directrice recouverte d'acajou et de cuir<\/li>\n<li>- Bandes sur la barre lat\u00e9rale gauche<\/li>\n<li>- Strips sur le mur de gauche<\/li>\n<li>- Bandes sur la barre lat\u00e9rale droite<\/li>\n<li>- Strips sur le mur du c\u00f4t\u00e9 droit<\/li>\n<li>- Divers porte-verres<\/li>\n<\/ul>\n<p><strong>MERCI DE VOTRE INT\u00c9R\u00caT POUR L'UN DE NOS V\u00c9HICULES<\/strong><\/p>\n<hr\/>\n<p><strong>Packs d'\u00e9quipement :<\/strong><\/p>\n<ul>\n<li>Ligne AMG<\/li>\n<li>Pack Avantgarde<\/li>\n<\/ul>\n<p><strong class='title'>Garantie &amp; label de qualit\u00e9 :<\/strong><\/p>\n<ul>\n<li>Garantie<\/li>\n<\/ul>\n<p><strong class='title'>Syst\u00e8mes d'assistance :<\/strong><\/p>\n<ul>\n<li>R\u00e9gulateur de vitesse et de distance (Distronic)<\/li>\n<li>Syst\u00e8me d'alerte en cas de collision<\/li>\n<li>Groupe d'aide \u00e0 la conduite<\/li>\n<li>Assistant de feux de route<\/li>\n<li>Mercedes me connecter<\/li>\n<li>Pack stationnement avec cam\u00e9ra \u00e0 360 degr\u00e9s<\/li>\n<li>Assistance au maintien dans la voie<\/li>\n<li>R\u00e9gulateur de vitesse<\/li>\n<li>Aide \u00e0 l'angle mort<\/li>\n<li>Reconnaissance des panneaux de signalisation<\/li>\n<\/ul>\n<p><strong class='title'>de la lumi\u00e8re :<\/strong><\/p>\n<ul>\n<li>Eclairage de virage<\/li>\n<li>la courbure dynamique de la lumi\u00e8re<\/li>\n<li>Syst\u00e8me d'\u00e9clairage intelligent \u00e0 LED<\/li>\n<li>\u00c9clairage de l'environnement\/de la sortie avec projection du logo<\/li>\n<\/ul>\n<p><strong class='title'>M\u00e9dias et infodivertissement :<\/strong><\/p>\n<ul>\n<li>\u00c9cran couleur de 10,2 pouces<\/li>\n<li>Syst\u00e8me de son surround Burmester<\/li>\n<li>Tuner DAB<\/li>\n<li>Interface iPod\u00ae\/iPhone\u00ae\/Android<\/li>\n<li>Syst\u00e8me multim\u00e9dia MBUX<\/li>\n<li>Navigation \/ Navigation en ligne<\/li>\n<li>W-LAN Hotspot \/ Pr\u00e9paration<\/li>\n<\/ul>\n<p><strong class='title'>S\u00e9curit\u00e9 et technique :<\/strong><\/p>\n<ul>\n<li>Airmatic DC<\/li>\n<li>assistant de freinage actif<\/li>\n<li>Syst\u00e8me de freinage antiblocage (ABS)<\/li>\n<li>Syst\u00e8me de contr\u00f4le de la traction (ASR)<\/li>\n<li>Airbag passager<\/li>\n<li>Programme de stabilit\u00e9 \u00e9lectronique (ESP)<\/li>\n<li>Airbag conducteur<\/li>\n<li>Syst\u00e8me d'airbag frontal<\/li>\n<li>empattement long<\/li>\n<li>PRE-SAFE<\/li>\n<li>Protection contre les chocs lat\u00e9raux<\/li>\n<li>Immobilisateur<\/li>\n<\/ul>\n<p><strong class='title'>Confort et climat :<\/strong><\/p>\n<ul>\n<li>(climatisation automatique \u00e0 trois zones)<\/li>\n<li>Prise 12V<\/li>\n<li>Colorglas<\/li>\n<li>portes coulissantes \u00e9lectriques<\/li>\n<li>Porte coulissante \u00e0 gauche<\/li>\n<li>Porte coulissante \u00e0 droite<\/li>\n<li>Direction assist\u00e9e<\/li>\n<li>Pack confort pour les si\u00e8ges<\/li>\n<li>Smart Mirror View \/ r\u00e9troviseur int\u00e9rieur num\u00e9rique<\/li>\n<li>Pack r\u00e9troviseur<\/li>\n<li>Chauffage du parking<\/li>\n<li>T\u00e9l\u00e9matique\/syst\u00e8me d'appel d'urgence (pr\u00e9paration)<\/li>\n<li>Pav\u00e9 tactile<\/li>\n<li>Verrouillage central avec t\u00e9l\u00e9commande<\/li>\n<\/ul>\n<p><strong class='title'>Pneus et jantes :<\/strong><\/p>\n<ul>\n<li>Jantes en aluminium 19 pouces<\/li>\n<li>Contr\u00f4le de la pression des pneus<\/li>\n<\/ul>\n<p><strong class='title'>Int\u00e9rieur &amp; Design :<\/strong><\/p>\n<ul>\n<li>\u00c9clairage d'ambiance<\/li>\n<li>seuils de porte \u00e9clair\u00e9s<\/li>\n<li>Volant multifonctionnel<\/li>\n<\/ul>\n<p><strong class='title'>Aides aux bagages \/ au chargement :<\/strong><\/p>\n<ul>\n<li>Hayon EASY-PACK<\/li>\n<\/ul>\n<p><strong class='title'>Environnement &amp; magasin :<\/strong><\/p>\n<ul>\n<li>EURO 6d<\/li>\n<li>Filtre \u00e0 particules<\/li>\n<li>Start\/Stop automatique<\/li>\n<li>Insigne de l'environnement 4<\/li>\n<\/ul>\n<p><strong class='title'>Bo\u00eete de vitesses :<\/strong><\/p>\n<ul>\n<li>9G-Tronic<\/li>\n<\/ul>\n<p><strong class='title'>Plus d'informations :<\/strong><\/p>\n<ul>\n<li>G\u00e9n\u00e9rateur<\/li>\n<li>Sur commande du client<\/li>\n<li>Ch\u00e9quier<\/li>\n<li>sans accident<\/li>\n<\/ul>\n<p><\/p>\n<hr\/>\n<p>Sous r\u00e9serve de vente interm\u00e9diaire et d'erreurs. La description du v\u00e9hicule sert uniquement \u00e0 l'identification g\u00e9n\u00e9rale du v\u00e9hicule et ne constitue pas une garantie juridiquement contraignante. Seuls les accords figurant dans le contrat de vente et la confirmation de commande sont contraignants. Veuillez noter que certains \u00e9quipements sp\u00e9ciaux peuvent entra\u00eener des co\u00fbts suppl\u00e9mentaires. Vous obtiendrez des informations d\u00e9taill\u00e9es sur l'\u00e9tendue des \u00e9quipements aupr\u00e8s de notre personnel de vente.<\/p>","protected":false},"author":95,"featured_media":0,"template":"","vehica_6654":[2072],"vehica_17481":[2452],"vehica_6655":[2476],"vehica_6659":[2720],"vehica_6660":[2756],"vehica_6657":[],"vehica_6661":[],"vehica_6662":[2483],"vehica_6663":[2108],"vehica_12974":[],"vehica_6666":[2374],"vehica_12770":[],"vehica_6670":[],"vehica_12723":[],"vehica_18854":[2500],"class_list":["post-598959","vehica_car","type-vehica_car","status-publish","hentry","vehica_6654-new","vehica_17481-car","vehica_6655-car","vehica_6659-mercedes-benz","vehica_6660-v-300","vehica_6662-automatic_gear","vehica_6663-diesel","vehica_6666-black","vehica_18854-euro6d"],"vehica_6656":{"vehica_currency_6656_2316":216580},"vehica_14696":"","vehica_6664":"300","vehica_6665":"1950","vehica_6671":"","vehica_6673":["https:\/\/cf-motors.de\/wp-content\/uploads\/cars_pictures\/2256119_1.jpg","https:\/\/cf-motors.de\/wp-content\/uploads\/cars_pictures\/2256119_2.jpg","https:\/\/cf-motors.de\/wp-content\/uploads\/cars_pictures\/2256119_3.jpg","https:\/\/cf-motors.de\/wp-content\/uploads\/cars_pictures\/2256119_4.jpg","https:\/\/cf-motors.de\/wp-content\/uploads\/cars_pictures\/2256119_5.jpg","https:\/\/cf-motors.de\/wp-content\/uploads\/cars_pictures\/2256119_6.jpg","https:\/\/cf-motors.de\/wp-content\/uploads\/cars_pictures\/2256119_7.jpg","https:\/\/cf-motors.de\/wp-content\/uploads\/cars_pictures\/2256119_8.jpg","https:\/\/cf-motors.de\/wp-content\/uploads\/cars_pictures\/2256119_9.jpg","https:\/\/cf-motors.de\/wp-content\/uploads\/cars_pictures\/2256119_10.jpg","https:\/\/cf-motors.de\/wp-content\/uploads\/cars_pictures\/2256119_11.jpg","https:\/\/cf-motors.de\/wp-content\/uploads\/cars_pictures\/2256119_12.jpg","https:\/\/cf-motors.de\/wp-content\/uploads\/cars_pictures\/2256119_13.jpg","https:\/\/cf-motors.de\/wp-content\/uploads\/cars_pictures\/2256119_14.jpg","https:\/\/cf-motors.de\/wp-content\/uploads\/cars_pictures\/2256119_15.jpg","https:\/\/cf-motors.de\/wp-content\/uploads\/cars_pictures\/2256119_16.jpg","https:\/\/cf-motors.de\/wp-content\/uploads\/cars_pictures\/2256119_17.jpg","https:\/\/cf-motors.de\/wp-content\/uploads\/cars_pictures\/2256119_18.jpg","https:\/\/cf-motors.de\/wp-content\/uploads\/cars_pictures\/2256119_19.jpg","https:\/\/cf-motors.de\/wp-content\/uploads\/cars_pictures\/2256119_20.jpg","https:\/\/cf-motors.de\/wp-content\/uploads\/cars_pictures\/2256119_21.jpg","https:\/\/cf-motors.de\/wp-content\/uploads\/cars_pictures\/2256119_22.jpg","https:\/\/cf-motors.de\/wp-content\/uploads\/cars_pictures\/2256119_23.jpg","https:\/\/cf-motors.de\/wp-content\/uploads\/cars_pictures\/2256119_24.jpg","https:\/\/cf-motors.de\/wp-content\/uploads\/cars_pictures\/2256119_25.jpg","https:\/\/cf-motors.de\/wp-content\/uploads\/cars_pictures\/2256119_26.jpg","https:\/\/cf-motors.de\/wp-content\/uploads\/cars_pictures\/2256119_27.jpg"],"vehica_6674":{"embed":"","url":""},"vehica_16721":"","vehica_18845":"V300_VIP_24","vehica_18846":"174 kW (237 PS)","vehica_18847":"191","vehica_18848":"","vehica_18849":"7.3","vehica_18850":"19","vehica_18851":"","vehica_18852":"8.4","vehica_18853":"6.6","vehica_18855":"","vehica_18856":"","vehica_18857":"","vehica_18858":"","vehica_22348":"1","vehica_22990":"237","vehica_346997":"0","vehica_437603":"G","vehica_439584":"","vehica_439585":"50;1433+115;3295+190;5444","vehica_439586":"1.72","vehica_439587":"2023","vehica_439588":"436","vehica_439589":"2121","vehica_449495":"191","vehica_449496":"8.2","vehica_449497":"","vehica_454484":"","vehica_454485":"","vehica_454486":"","vehica_454487":"","vehica_454488":"8.2","vehica_472325":"","vehica_472326":"","vehica_472327":"","vehica_472328":"191","vehica_472329":"G","vehica_472330":"","vehica_472331":"","vehica_472332":"","vehica_472333":"","vehica_472366":"","vehica_597916":"","_links":{"self":[{"href":"https:\/\/cf-motors.de\/fr\/wp-json\/wp\/v2\/cars\/598959","targetHints":{"allow":["GET"]}}],"collection":[{"href":"https:\/\/cf-motors.de\/fr\/wp-json\/wp\/v2\/cars"}],"about":[{"href":"https:\/\/cf-motors.de\/fr\/wp-json\/wp\/v2\/types\/vehica_car"}],"author":[{"embeddable":true,"href":"https:\/\/cf-motors.de\/fr\/wp-json\/wp\/v2\/users\/95"}],"wp:attachment":[{"href":"https:\/\/cf-motors.de\/fr\/wp-json\/wp\/v2\/media?parent=598959"}],"wp:term":[{"taxonomy":"vehica_6654","embeddable":true,"href":"https:\/\/cf-motors.de\/fr\/wp-json\/wp\/v2\/vehica_6654?post=598959"},{"taxonomy":"vehica_17481","embeddable":true,"href":"https:\/\/cf-motors.de\/fr\/wp-json\/wp\/v2\/vehica_17481?post=598959"},{"taxonomy":"vehica_6655","embeddable":true,"href":"https:\/\/cf-motors.de\/fr\/wp-json\/wp\/v2\/vehica_6655?post=598959"},{"taxonomy":"vehica_6659","embeddable":true,"href":"https:\/\/cf-motors.de\/fr\/wp-json\/wp\/v2\/vehica_6659?post=598959"},{"taxonomy":"vehica_6660","embeddable":true,"href":"https:\/\/cf-motors.de\/fr\/wp-json\/wp\/v2\/vehica_6660?post=598959"},{"taxonomy":"vehica_6657","embeddable":true,"href":"https:\/\/cf-motors.de\/fr\/wp-json\/wp\/v2\/vehica_6657?post=598959"},{"taxonomy":"vehica_6661","embeddable":true,"href":"https:\/\/cf-motors.de\/fr\/wp-json\/wp\/v2\/vehica_6661?post=598959"},{"taxonomy":"vehica_6662","embeddable":true,"href":"https:\/\/cf-motors.de\/fr\/wp-json\/wp\/v2\/vehica_6662?post=598959"},{"taxonomy":"vehica_6663","embeddable":true,"href":"https:\/\/cf-motors.de\/fr\/wp-json\/wp\/v2\/vehica_6663?post=598959"},{"taxonomy":"vehica_12974","embeddable":true,"href":"https:\/\/cf-motors.de\/fr\/wp-json\/wp\/v2\/vehica_12974?post=598959"},{"taxonomy":"vehica_6666","embeddable":true,"href":"https:\/\/cf-motors.de\/fr\/wp-json\/wp\/v2\/vehica_6666?post=598959"},{"taxonomy":"vehica_12770","embeddable":true,"href":"https:\/\/cf-motors.de\/fr\/wp-json\/wp\/v2\/vehica_12770?post=598959"},{"taxonomy":"vehica_6670","embeddable":true,"href":"https:\/\/cf-motors.de\/fr\/wp-json\/wp\/v2\/vehica_6670?post=598959"},{"taxonomy":"vehica_12723","embeddable":true,"href":"https:\/\/cf-motors.de\/fr\/wp-json\/wp\/v2\/vehica_12723?post=598959"},{"taxonomy":"vehica_18854","embeddable":true,"href":"https:\/\/cf-motors.de\/fr\/wp-json\/wp\/v2\/vehica_18854?post=598959"}],"curies":[{"name":"wp","href":"https:\/\/api.w.org\/{rel}","templated":true}]}}