{"id":598582,"date":"2026-04-30T23:00:31","date_gmt":"2026-04-30T23:00:31","guid":{"rendered":"http:\/\/cf-motors.de\/de\/listing\/mercedes-benz-g-63-amg-full-carbon-a22-fond-ent-360\/"},"modified":"2026-04-30T23:00:31","modified_gmt":"2026-04-30T23:00:31","slug":"mercedes-benz-g-63-amg-full-carbon-a22-fond-ent-360","status":"publish","type":"vehica_car","link":"https:\/\/cf-motors.de\/fr\/listing\/mercedes-benz-g-63-amg-full-carbon-a22-fond-ent-360\/","title":{"rendered":"MERCEDES-BENZ G 63 AMG FULL CARBON, A22, FOND ENT, 360"},"content":{"rendered":"<p><strong>MERCI DE VOTRE INT\u00c9R\u00caT POUR L'UN DE NOS V\u00c9HICULES<\/strong><\/p>\n<hr\/>\n<p>Nous avons le plaisir de vous pr\u00e9senter une G63 AMG enti\u00e8rement \u00e9quip\u00e9e. N'h\u00e9sitez pas \u00e0 nous contacter pour toute question suppl\u00e9mentaire ou pour obtenir la liste compl\u00e8te des \u00e9quipements !<br \/>Extrait de la vaste gamme d'options :<br \/>A22 Train de roulement AMG ACTIVE RIDE CONTROL<br \/>773 Pack Carbone Ext\u00e9rieur AMG<br \/>RC1 Enjoliveur de roue de secours en carbone<br \/>CZ4 Inserts de pare-chocs en carbone<br \/>5U8 Unit\u00e9s d'\u00e9clairage assombries<br \/>F05 Protection optique inf\u00e9rieure arri\u00e8re en carbone<br \/>CA0 Habillage de radiateur sp\u00e9cifique AMG en Dark Chrome<br \/>C47 Protection optique inf\u00e9rieure avant en carbone<br \/>B28 Bo\u00eetiers de r\u00e9troviseurs ext\u00e9rieurs AMG en design carbone<br \/>CE4 Baguettes de protection ext\u00e9rieures avec inserts d\u00e9coratifs en design carbone RR4 Jante de roue de secours peinte en noir obsidienne<br \/>P77 Int\u00e9rieur de la ligne SUPERIOR<br \/>414 Toit ouvrant<br \/>810 Syst\u00e8me audio Burmester\u00ae 3D Surround<br \/>JC1 Tableau de bord en cuir Nappa<br \/>PAZ Pack Nuit AMG II<br \/>7U8 Typographie en noir brillant<br \/>7U1 Ecusson AMG sur capot moteur en Dark Chrome<br \/>CS1 \u00c9toile Mercedes \u00e0 l'avant et \u00e0 l'arri\u00e8re en noir brillant<br \/>PT3 Pack Performance AMG<br \/>A22 Train de roulement AMG ACTIVE RIDE CONTROL<br \/>R20 55,9 cm (22\") Jantes forg\u00e9es AMG multibranches 256 AMG TRACK PACE<br \/>250 AMG Driver's Package<br \/>PW1 Pack confort thermique<br \/>443 Chauffage du volant<br \/>597 Pare-brise chauffant<br \/>854 MBUX Divertissement arri\u00e8re haut de gamme<br \/>L6H Volant AMG Performance en design carbone \/ microfibre MICROCUT<br \/>T81 MANUFAKTUR Marchepieds en noir<br \/>PK1 Paquet confort<br \/>897 Syst\u00e8me de recharge sans fil pour terminaux mobiles \u00e0 l'avant<br \/>311 Porte-gobelets temp\u00e9r\u00e9s<br \/>231 Ouverture de la porte de garage<br \/>889 KEYLESS-GO<\/p>\n<hr\/>\n<p><strong>Packs d'\u00e9quipement :<\/strong><\/p>\n<ul>\n<li>Ensemble conducteur AMG<\/li>\n<li>Forfait de nuit<\/li>\n<li>Pack Performance<\/li>\n<\/ul>\n<p><strong class='title'>Garantie &amp; label de qualit\u00e9 :<\/strong><\/p>\n<ul>\n<li>Garantie<\/li>\n<\/ul>\n<p><strong class='title'>Syst\u00e8mes d'assistance :<\/strong><\/p>\n<ul>\n<li>Groupe d'aide \u00e0 la conduite<\/li>\n<li>Pack stationnement avec cam\u00e9ra \u00e0 360 degr\u00e9s<\/li>\n<\/ul>\n<p><strong class='title'>M\u00e9dias et infodivertissement :<\/strong><\/p>\n<ul>\n<li>Syst\u00e8me audio Burmester\u00ae haut de gamme Surround<\/li>\n<li>Divertissement arri\u00e8re<\/li>\n<\/ul>\n<p><strong class='title'>S\u00e9curit\u00e9 et technique :<\/strong><\/p>\n<ul>\n<li>assistant de freinage actif<\/li>\n<li>PRE-SAFE<\/li>\n<\/ul>\n<p><strong class='title'>Confort et climat :<\/strong><\/p>\n<ul>\n<li>Si\u00e8ges actifs (si\u00e8ges avec fonction de massage)<\/li>\n<li>Climatisation automatique<\/li>\n<li>Si\u00e8ge(s) multicontour<\/li>\n<li>Ventilation du si\u00e8ge<\/li>\n<li>Chauffage des si\u00e8ges<\/li>\n<li>Vitrages feuillet\u00e9s hydrofuges et insonorisants<\/li>\n<li>Cockpit \u00e0 \u00e9cran large<\/li>\n<\/ul>\n<p><strong class='title'>Ext\u00e9rieur &amp; design :<\/strong><\/p>\n<ul>\n<li>\u00c9triers de frein AMG<\/li>\n<li>Syst\u00e8me de freinage AMG haute performance (composite)<\/li>\n<li>Syst\u00e8me d'\u00e9chappement AMG Performance<\/li>\n<li>Marchepieds<\/li>\n<\/ul>\n<p><strong class='title'>Int\u00e9rieur &amp; Design :<\/strong><\/p>\n<ul>\n<li>\u00c9clairage d'ambiance<\/li>\n<li>Volant Performance AMG<\/li>\n<li>Applications int\u00e9rieures en carbone<\/li>\n<li>toit ouvrant vitr\u00e9 \u00e0 \u00e9l\u00e9vation \u00e9lectrique<\/li>\n<li>Int\u00e9rieur exclusif<\/li>\n<li>Ceintures de s\u00e9curit\u00e9 rouges<\/li>\n<\/ul>\n<p><strong class='title'>Environnement &amp; magasin :<\/strong><\/p>\n<ul>\n<li>E10 convient<\/li>\n<li>EURO 6d<\/li>\n<li>Catalyseur<\/li>\n<li>Insigne de l'environnement 4<\/li>\n<\/ul>\n<p><strong class='title'>Bo\u00eete de vitesses :<\/strong><\/p>\n<ul>\n<li>AMG SPEEDSHIFT TCT<\/li>\n<\/ul>\n<p><strong class='title'>Plus d'informations :<\/strong><\/p>\n<ul>\n<li>Sur commande du client<\/li>\n<li>sans accident<\/li>\n<\/ul>\n<p><\/p>\n<hr\/>\n<p>Sous r\u00e9serve de vente interm\u00e9diaire et d'erreurs. La description du v\u00e9hicule sert uniquement \u00e0 l'identification g\u00e9n\u00e9rale du v\u00e9hicule et ne constitue pas une garantie juridiquement contraignante. Seuls les accords figurant dans le contrat de vente et la confirmation de commande sont contraignants. Veuillez noter que certains \u00e9quipements sp\u00e9ciaux peuvent entra\u00eener des co\u00fbts suppl\u00e9mentaires. Vous obtiendrez des informations d\u00e9taill\u00e9es sur l'\u00e9tendue des \u00e9quipements aupr\u00e8s de notre personnel de vente.<\/p>","protected":false},"author":95,"featured_media":0,"template":"","vehica_6654":[2072],"vehica_17481":[2452],"vehica_6655":[2476],"vehica_6659":[2720],"vehica_6660":[2729],"vehica_6657":[],"vehica_6661":[],"vehica_6662":[2483],"vehica_6663":[2107],"vehica_12974":[],"vehica_6666":[2374],"vehica_12770":[],"vehica_6670":[],"vehica_12723":[],"vehica_18854":[2500],"class_list":["post-598582","vehica_car","type-vehica_car","status-publish","hentry","vehica_6654-new","vehica_17481-car","vehica_6655-car","vehica_6659-mercedes-benz","vehica_6660-g-63-amg","vehica_6662-automatic_gear","vehica_6663-petrol","vehica_6666-black","vehica_18854-euro6d"],"vehica_6656":{"vehica_currency_6656_2316":273700},"vehica_14696":"","vehica_6664":"0","vehica_6665":"3982","vehica_6671":"","vehica_6673":["https:\/\/cf-motors.de\/wp-content\/uploads\/cars_pictures\/2393467_1.jpg","https:\/\/cf-motors.de\/wp-content\/uploads\/cars_pictures\/2393467_2.jpg","https:\/\/cf-motors.de\/wp-content\/uploads\/cars_pictures\/2393467_3.jpg","https:\/\/cf-motors.de\/wp-content\/uploads\/cars_pictures\/2393467_4.jpg","https:\/\/cf-motors.de\/wp-content\/uploads\/cars_pictures\/2393467_5.jpg","https:\/\/cf-motors.de\/wp-content\/uploads\/cars_pictures\/2393467_6.jpg","https:\/\/cf-motors.de\/wp-content\/uploads\/cars_pictures\/2393467_7.jpg","https:\/\/cf-motors.de\/wp-content\/uploads\/cars_pictures\/2393467_8.jpg","https:\/\/cf-motors.de\/wp-content\/uploads\/cars_pictures\/2393467_9.jpg","https:\/\/cf-motors.de\/wp-content\/uploads\/cars_pictures\/2393467_10.jpg","https:\/\/cf-motors.de\/wp-content\/uploads\/cars_pictures\/2393467_11.jpg","https:\/\/cf-motors.de\/wp-content\/uploads\/cars_pictures\/2393467_12.jpg","https:\/\/cf-motors.de\/wp-content\/uploads\/cars_pictures\/2393467_13.jpg","https:\/\/cf-motors.de\/wp-content\/uploads\/cars_pictures\/2393467_14.jpg","https:\/\/cf-motors.de\/wp-content\/uploads\/cars_pictures\/2393467_15.jpg","https:\/\/cf-motors.de\/wp-content\/uploads\/cars_pictures\/2393467_16.jpg","https:\/\/cf-motors.de\/wp-content\/uploads\/cars_pictures\/2393467_17.jpg","https:\/\/cf-motors.de\/wp-content\/uploads\/cars_pictures\/2393467_18.jpg","https:\/\/cf-motors.de\/wp-content\/uploads\/cars_pictures\/2393467_19.jpg","https:\/\/cf-motors.de\/wp-content\/uploads\/cars_pictures\/2393467_20.jpg","https:\/\/cf-motors.de\/wp-content\/uploads\/cars_pictures\/2393467_21.jpg","https:\/\/cf-motors.de\/wp-content\/uploads\/cars_pictures\/2393467_22.jpg","https:\/\/cf-motors.de\/wp-content\/uploads\/cars_pictures\/2393467_23.jpg"],"vehica_6674":{"embed":"","url":""},"vehica_16721":"","vehica_18845":"G63_blackred_Jan26","vehica_18846":"430 kW (585 PS)","vehica_18847":"","vehica_18848":"","vehica_18849":"","vehica_18850":"19","vehica_18851":"","vehica_18852":"","vehica_18853":"","vehica_18855":"","vehica_18856":"","vehica_18857":"","vehica_18858":"","vehica_22348":"1","vehica_22990":"585","vehica_346997":"0","vehica_437603":"G","vehica_439584":"","vehica_439585":"50;2513+115;5779+190;9548","vehica_439586":"1.85","vehica_439587":"2023","vehica_439588":"900","vehica_439589":"4079","vehica_449495":"335","vehica_449496":"14.7","vehica_449497":"","vehica_454484":"","vehica_454485":"","vehica_454486":"","vehica_454487":"","vehica_454488":"14.7","vehica_472325":"","vehica_472326":"","vehica_472327":"","vehica_472328":"335","vehica_472329":"G","vehica_472330":"","vehica_472331":"","vehica_472332":"","vehica_472333":"","vehica_472366":"","vehica_597916":"","_links":{"self":[{"href":"https:\/\/cf-motors.de\/fr\/wp-json\/wp\/v2\/cars\/598582","targetHints":{"allow":["GET"]}}],"collection":[{"href":"https:\/\/cf-motors.de\/fr\/wp-json\/wp\/v2\/cars"}],"about":[{"href":"https:\/\/cf-motors.de\/fr\/wp-json\/wp\/v2\/types\/vehica_car"}],"author":[{"embeddable":true,"href":"https:\/\/cf-motors.de\/fr\/wp-json\/wp\/v2\/users\/95"}],"wp:attachment":[{"href":"https:\/\/cf-motors.de\/fr\/wp-json\/wp\/v2\/media?parent=598582"}],"wp:term":[{"taxonomy":"vehica_6654","embeddable":true,"href":"https:\/\/cf-motors.de\/fr\/wp-json\/wp\/v2\/vehica_6654?post=598582"},{"taxonomy":"vehica_17481","embeddable":true,"href":"https:\/\/cf-motors.de\/fr\/wp-json\/wp\/v2\/vehica_17481?post=598582"},{"taxonomy":"vehica_6655","embeddable":true,"href":"https:\/\/cf-motors.de\/fr\/wp-json\/wp\/v2\/vehica_6655?post=598582"},{"taxonomy":"vehica_6659","embeddable":true,"href":"https:\/\/cf-motors.de\/fr\/wp-json\/wp\/v2\/vehica_6659?post=598582"},{"taxonomy":"vehica_6660","embeddable":true,"href":"https:\/\/cf-motors.de\/fr\/wp-json\/wp\/v2\/vehica_6660?post=598582"},{"taxonomy":"vehica_6657","embeddable":true,"href":"https:\/\/cf-motors.de\/fr\/wp-json\/wp\/v2\/vehica_6657?post=598582"},{"taxonomy":"vehica_6661","embeddable":true,"href":"https:\/\/cf-motors.de\/fr\/wp-json\/wp\/v2\/vehica_6661?post=598582"},{"taxonomy":"vehica_6662","embeddable":true,"href":"https:\/\/cf-motors.de\/fr\/wp-json\/wp\/v2\/vehica_6662?post=598582"},{"taxonomy":"vehica_6663","embeddable":true,"href":"https:\/\/cf-motors.de\/fr\/wp-json\/wp\/v2\/vehica_6663?post=598582"},{"taxonomy":"vehica_12974","embeddable":true,"href":"https:\/\/cf-motors.de\/fr\/wp-json\/wp\/v2\/vehica_12974?post=598582"},{"taxonomy":"vehica_6666","embeddable":true,"href":"https:\/\/cf-motors.de\/fr\/wp-json\/wp\/v2\/vehica_6666?post=598582"},{"taxonomy":"vehica_12770","embeddable":true,"href":"https:\/\/cf-motors.de\/fr\/wp-json\/wp\/v2\/vehica_12770?post=598582"},{"taxonomy":"vehica_6670","embeddable":true,"href":"https:\/\/cf-motors.de\/fr\/wp-json\/wp\/v2\/vehica_6670?post=598582"},{"taxonomy":"vehica_12723","embeddable":true,"href":"https:\/\/cf-motors.de\/fr\/wp-json\/wp\/v2\/vehica_12723?post=598582"},{"taxonomy":"vehica_18854","embeddable":true,"href":"https:\/\/cf-motors.de\/fr\/wp-json\/wp\/v2\/vehica_18854?post=598582"}],"curies":[{"name":"wp","href":"https:\/\/api.w.org\/{rel}","templated":true}]}}