{"id":598556,"date":"2026-04-27T12:00:21","date_gmt":"2026-04-27T12:00:21","guid":{"rendered":"http:\/\/cf-motors.de\/de\/listing\/porsche-991-2-gt3-rs-non-opf-lift-cam-approved-pccb\/"},"modified":"2026-04-27T12:00:21","modified_gmt":"2026-04-27T12:00:21","slug":"porsche-991-2-gt3-rs-non-opf-lift-cam-approved-pccb","status":"publish","type":"vehica_car","link":"https:\/\/cf-motors.de\/fr\/listing\/porsche-991-2-gt3-rs-non-opf-lift-cam-approved-pccb\/","title":{"rendered":"PORSCHE 991.2 GT3 RS NON OPF, LIFT, CAM, APPROVED, PCCB"},"content":{"rendered":"<p><strong>MERCI DE VOTRE INT\u00c9R\u00caT POUR L'UN DE NOS V\u00c9HICULES<\/strong><\/p>\n<hr\/>\n<p>Nous avons le plaisir de vous pr\u00e9senter cette 991.2 GT3RS SANS FO, tr\u00e8s bien entretenue, de premi\u00e8re main, avec garantie Approved jusqu'en 08\/2026 dans la couleur sp\u00e9ciale Miami Blue. Le v\u00e9hicule a re\u00e7u un nouveau service en ao\u00fbt 2025. N'h\u00e9sitez pas \u00e0 nous contacter si vous avez d'autres questions concernant cette voiture !<br \/>Points forts de la vaste gamme d'options :<br \/>- Ceinture de s\u00e9curit\u00e9 6 points c\u00f4t\u00e9 passager<br \/>- Cache sortie de ceinture montant B Alcantara<br \/>- Pack Clubsport<br \/>- Enjoliveurs de seuil (carbone) \u00e9clair\u00e9s<br \/>- Projecteurs principaux \u00e0 LED (assombris) y compris Porsche Dynamic Light System (PDLS)<br \/>- Pack \u00e9clairage int\u00e9rieur \/ Pack design \u00e9clairage<br \/>- Tableau de bord en cuir<br \/>- Panneau de porte cuir\/Alcantara<br \/>- Syst\u00e8me de freinage en c\u00e9ramique (Porsche Ceramic Composite Brake, PCCB)<br \/>- R\u00e9servoir de carburant : 90 litres.<br \/>- Habillage de la colonne de direction en cuir<br \/>- Syst\u00e8me de levage de l'essieu avant<br \/>- Jantes LM (noir, peinture satin\u00e9e)<br \/>- Console centrale avant en cuir, bandeau avant en carbone<br \/>- Couvercle du compartiment de rangement arri\u00e8re Alcantara avec inscription Porsche<br \/>- P\u00e9dales et repose-pieds en aluminium<br \/>- Cam\u00e9ra de recul<br \/>- Pare-soleil Alcantara<br \/>- Syst\u00e8me audio BOSE<br \/>- Pack chrono sport<br \/>- Bouchon de r\u00e9servoir en aluminium<br \/>- Syst\u00e8me de suivi des v\u00e9hicules Plus (PVTS Plus)<br \/>- Chronom\u00e8tre Sport Chrono<\/p>\n<hr\/>\n<p><strong>Garantie &amp; label de qualit\u00e9 :<\/strong><\/p>\n<ul>\n<li>Garantie voiture d'occasion<\/li>\n<\/ul>\n<p><strong class='title'>Syst\u00e8mes d'assistance :<\/strong><\/p>\n<ul>\n<li>Cam\u00e9ra de recul<\/li>\n<\/ul>\n<p><strong class='title'>de la lumi\u00e8re :<\/strong><\/p>\n<ul>\n<li>Syst\u00e8me d'\u00e9clairage dynamique de Porsche (PDLS)<\/li>\n<\/ul>\n<p><strong class='title'>M\u00e9dias et infodivertissement :<\/strong><\/p>\n<ul>\n<li>Interface Bluetooth<\/li>\n<li>Syst\u00e8me audio BOSE\u00ae Surround Sound<\/li>\n<li>Tuner DAB<\/li>\n<li>Porsche Communication Management (PCM)<\/li>\n<li>Radio<\/li>\n<\/ul>\n<p><strong class='title'>S\u00e9curit\u00e9 et technique :<\/strong><\/p>\n<ul>\n<li>Airbag passager<\/li>\n<li>Airbag conducteur<\/li>\n<li>Contr\u00f4le du port de la ceinture de s\u00e9curit\u00e9<\/li>\n<li>Limiteur de force de la courroie<\/li>\n<li>Syst\u00e8me d'airbag frontal<\/li>\n<li>Porsche Ceramic Composite Break (PCCB)<\/li>\n<li>Airbags lat\u00e9raux avant<\/li>\n<li>Protection contre les chocs lat\u00e9raux<\/li>\n<li>Ceintures de s\u00e9curit\u00e9 avec tendeurs de ceinture<\/li>\n<li>Pr\u00e9-\u00e9quipement pour le syst\u00e8me de suivi des v\u00e9hicules (Vehicle Tracking System)<\/li>\n<li>Immobilisateur<\/li>\n<\/ul>\n<p><strong class='title'>Confort et climat :<\/strong><\/p>\n<ul>\n<li>ATA \/ affichage de la temp\u00e9rature ext\u00e9rieure<\/li>\n<li>Ordinateur embarqu\u00e9<\/li>\n<li>Colorglas<\/li>\n<li>vitres \u00e9lectriques<\/li>\n<li>Climatisation automatique<\/li>\n<li>Si\u00e8ges baquets<\/li>\n<\/ul>\n<p><strong class='title'>Pneus et jantes :<\/strong><\/p>\n<ul>\n<li>Jantes en aluminium 20\/21 pouces<\/li>\n<li>Contr\u00f4le de la pression des pneus<\/li>\n<\/ul>\n<p><strong class='title'>Ext\u00e9rieur &amp; design :<\/strong><\/p>\n<ul>\n<li>Becquet arri\u00e8re<\/li>\n<li>Syst\u00e8me de levage de l'essieu avant<\/li>\n<\/ul>\n<p><strong class='title'>Int\u00e9rieur &amp; Design :<\/strong><\/p>\n<ul>\n<li>Volant en Alcantara<\/li>\n<li>Rev\u00eatement de toit noir<\/li>\n<li>Pack Int\u00e9rieur additionnel Tableau de bord carbone<\/li>\n<li>Pack Int\u00e9rieur suppl\u00e9mentaire Tableau de bord cuir<\/li>\n<li>Pack int\u00e9rieur suppl\u00e9mentaire panneau de porte cuir<\/li>\n<li>Coutures contrast\u00e9es<\/li>\n<\/ul>\n<p><strong class='title'>Environnement &amp; magasin :<\/strong><\/p>\n<ul>\n<li>E10 convient<\/li>\n<li>EURO VI<\/li>\n<li>Catalyseur<\/li>\n<li>Insigne de l'environnement 4<\/li>\n<\/ul>\n<p><strong class='title'>Bo\u00eete de vitesses :<\/strong><\/p>\n<ul>\n<li>Transmission \u00e0 double embrayage (PDK)<\/li>\n<\/ul>\n<p><strong class='title'>Plus d'informations :<\/strong><\/p>\n<ul>\n<li>Premi\u00e8re propri\u00e9t\u00e9<\/li>\n<li>Sur commande du client<\/li>\n<li>Ch\u00e9quier<\/li>\n<\/ul>\n<p><\/p>\n<hr\/>\n<p>Sous r\u00e9serve de vente interm\u00e9diaire et d'erreurs. La description du v\u00e9hicule sert uniquement \u00e0 l'identification g\u00e9n\u00e9rale du v\u00e9hicule et ne constitue pas une garantie juridiquement contraignante. Seuls les accords figurant dans le contrat de vente et la confirmation de commande sont contraignants. Veuillez noter que certains \u00e9quipements sp\u00e9ciaux peuvent entra\u00eener des co\u00fbts suppl\u00e9mentaires. Vous obtiendrez des informations d\u00e9taill\u00e9es sur l'\u00e9tendue des \u00e9quipements aupr\u00e8s de notre personnel de vente.<\/p>","protected":false},"author":95,"featured_media":0,"template":"","vehica_6654":[2073],"vehica_17481":[2452],"vehica_6655":[2476],"vehica_6659":[2718],"vehica_6660":[2719],"vehica_6657":[],"vehica_6661":[],"vehica_6662":[2483],"vehica_6663":[2107],"vehica_12974":[],"vehica_6666":[2324],"vehica_12770":[],"vehica_6670":[],"vehica_12723":[],"vehica_18854":[2480],"class_list":["post-598556","vehica_car","type-vehica_car","status-publish","hentry","vehica_6654-used","vehica_17481-car","vehica_6655-car","vehica_6659-porsche","vehica_6660-2719","vehica_6662-automatic_gear","vehica_6663-petrol","vehica_6666-blue","vehica_18854-euro6"],"vehica_6656":{"vehica_currency_6656_2316":233000},"vehica_14696":"2018","vehica_6664":"16950","vehica_6665":"3996","vehica_6671":"","vehica_6673":["https:\/\/cf-motors.de\/wp-content\/uploads\/cars_pictures\/2444606_1.jpg","https:\/\/cf-motors.de\/wp-content\/uploads\/cars_pictures\/2444606_2.jpg","https:\/\/cf-motors.de\/wp-content\/uploads\/cars_pictures\/2444606_3.jpg","https:\/\/cf-motors.de\/wp-content\/uploads\/cars_pictures\/2444606_4.jpg","https:\/\/cf-motors.de\/wp-content\/uploads\/cars_pictures\/2444606_5.jpg","https:\/\/cf-motors.de\/wp-content\/uploads\/cars_pictures\/2444606_6.jpg","https:\/\/cf-motors.de\/wp-content\/uploads\/cars_pictures\/2444606_7.jpg","https:\/\/cf-motors.de\/wp-content\/uploads\/cars_pictures\/2444606_8.jpg","https:\/\/cf-motors.de\/wp-content\/uploads\/cars_pictures\/2444606_9.jpg","https:\/\/cf-motors.de\/wp-content\/uploads\/cars_pictures\/2444606_10.jpg","https:\/\/cf-motors.de\/wp-content\/uploads\/cars_pictures\/2444606_11.jpg","https:\/\/cf-motors.de\/wp-content\/uploads\/cars_pictures\/2444606_12.jpg","https:\/\/cf-motors.de\/wp-content\/uploads\/cars_pictures\/2444606_13.jpg","https:\/\/cf-motors.de\/wp-content\/uploads\/cars_pictures\/2444606_14.jpg","https:\/\/cf-motors.de\/wp-content\/uploads\/cars_pictures\/2444606_15.jpg","https:\/\/cf-motors.de\/wp-content\/uploads\/cars_pictures\/2444606_16.jpg","https:\/\/cf-motors.de\/wp-content\/uploads\/cars_pictures\/2444606_17.jpg","https:\/\/cf-motors.de\/wp-content\/uploads\/cars_pictures\/2444606_18.jpg","https:\/\/cf-motors.de\/wp-content\/uploads\/cars_pictures\/2444606_19.jpg","https:\/\/cf-motors.de\/wp-content\/uploads\/cars_pictures\/2444606_20.jpg","https:\/\/cf-motors.de\/wp-content\/uploads\/cars_pictures\/2444606_21.jpg","https:\/\/cf-motors.de\/wp-content\/uploads\/cars_pictures\/2444606_22.jpg","https:\/\/cf-motors.de\/wp-content\/uploads\/cars_pictures\/2444606_23.jpg","https:\/\/cf-motors.de\/wp-content\/uploads\/cars_pictures\/2444606_24.jpg","https:\/\/cf-motors.de\/wp-content\/uploads\/cars_pictures\/2444606_25.jpg"],"vehica_6674":{"embed":"","url":""},"vehica_16721":"","vehica_18845":"GT3RSMK2_BLUE","vehica_18846":"383 kW (521 PS)","vehica_18847":"","vehica_18848":"1","vehica_18849":"","vehica_18850":"","vehica_18851":"","vehica_18852":"","vehica_18853":"","vehica_18855":"06\/2018","vehica_18856":"2018","vehica_18857":"","vehica_18858":"","vehica_22348":"1","vehica_22990":"521","vehica_346997":"0","vehica_437603":"G","vehica_439584":"","vehica_439585":"50;2243+115;5158+190;8522","vehica_439586":"1.85","vehica_439587":"2023","vehica_439588":"","vehica_439589":"3608","vehica_449495":"299","vehica_449496":"13","vehica_449497":"","vehica_454484":"","vehica_454485":"","vehica_454486":"","vehica_454487":"","vehica_454488":"13","vehica_472325":"","vehica_472326":"","vehica_472327":"","vehica_472328":"299","vehica_472329":"G","vehica_472330":"","vehica_472331":"","vehica_472332":"","vehica_472333":"","vehica_472366":"","vehica_597916":"","_links":{"self":[{"href":"https:\/\/cf-motors.de\/fr\/wp-json\/wp\/v2\/cars\/598556","targetHints":{"allow":["GET"]}}],"collection":[{"href":"https:\/\/cf-motors.de\/fr\/wp-json\/wp\/v2\/cars"}],"about":[{"href":"https:\/\/cf-motors.de\/fr\/wp-json\/wp\/v2\/types\/vehica_car"}],"author":[{"embeddable":true,"href":"https:\/\/cf-motors.de\/fr\/wp-json\/wp\/v2\/users\/95"}],"wp:attachment":[{"href":"https:\/\/cf-motors.de\/fr\/wp-json\/wp\/v2\/media?parent=598556"}],"wp:term":[{"taxonomy":"vehica_6654","embeddable":true,"href":"https:\/\/cf-motors.de\/fr\/wp-json\/wp\/v2\/vehica_6654?post=598556"},{"taxonomy":"vehica_17481","embeddable":true,"href":"https:\/\/cf-motors.de\/fr\/wp-json\/wp\/v2\/vehica_17481?post=598556"},{"taxonomy":"vehica_6655","embeddable":true,"href":"https:\/\/cf-motors.de\/fr\/wp-json\/wp\/v2\/vehica_6655?post=598556"},{"taxonomy":"vehica_6659","embeddable":true,"href":"https:\/\/cf-motors.de\/fr\/wp-json\/wp\/v2\/vehica_6659?post=598556"},{"taxonomy":"vehica_6660","embeddable":true,"href":"https:\/\/cf-motors.de\/fr\/wp-json\/wp\/v2\/vehica_6660?post=598556"},{"taxonomy":"vehica_6657","embeddable":true,"href":"https:\/\/cf-motors.de\/fr\/wp-json\/wp\/v2\/vehica_6657?post=598556"},{"taxonomy":"vehica_6661","embeddable":true,"href":"https:\/\/cf-motors.de\/fr\/wp-json\/wp\/v2\/vehica_6661?post=598556"},{"taxonomy":"vehica_6662","embeddable":true,"href":"https:\/\/cf-motors.de\/fr\/wp-json\/wp\/v2\/vehica_6662?post=598556"},{"taxonomy":"vehica_6663","embeddable":true,"href":"https:\/\/cf-motors.de\/fr\/wp-json\/wp\/v2\/vehica_6663?post=598556"},{"taxonomy":"vehica_12974","embeddable":true,"href":"https:\/\/cf-motors.de\/fr\/wp-json\/wp\/v2\/vehica_12974?post=598556"},{"taxonomy":"vehica_6666","embeddable":true,"href":"https:\/\/cf-motors.de\/fr\/wp-json\/wp\/v2\/vehica_6666?post=598556"},{"taxonomy":"vehica_12770","embeddable":true,"href":"https:\/\/cf-motors.de\/fr\/wp-json\/wp\/v2\/vehica_12770?post=598556"},{"taxonomy":"vehica_6670","embeddable":true,"href":"https:\/\/cf-motors.de\/fr\/wp-json\/wp\/v2\/vehica_6670?post=598556"},{"taxonomy":"vehica_12723","embeddable":true,"href":"https:\/\/cf-motors.de\/fr\/wp-json\/wp\/v2\/vehica_12723?post=598556"},{"taxonomy":"vehica_18854","embeddable":true,"href":"https:\/\/cf-motors.de\/fr\/wp-json\/wp\/v2\/vehica_18854?post=598556"}],"curies":[{"name":"wp","href":"https:\/\/api.w.org\/{rel}","templated":true}]}}