{"id":599569,"date":"2026-04-26T14:00:23","date_gmt":"2026-04-26T14:00:23","guid":{"rendered":"http:\/\/cf-motors.de\/de\/listing\/audi-r8-spyder-5-2-fsi-quattro-bo-carbon-ccb-cam\/"},"modified":"2026-04-26T14:00:23","modified_gmt":"2026-04-26T14:00:23","slug":"audi-r8-spyder-5-2-fsi-quattro-bo-carbon-ccb-cam","status":"publish","type":"vehica_car","link":"https:\/\/cf-motors.de\/de\/listing\/audi-r8-spyder-5-2-fsi-quattro-bo-carbon-ccb-cam\/","title":{"rendered":"AUDI R8 Spyder 5.2 FSI quattro B&#038;O, CARBON, CCB, CAM"},"content":{"rendered":"<p><strong>VIELEN DANK F\u00dcR IHR INTERESSE AN EINEM UNSERER FAHRZEUGE<\/strong><\/p>\n<hr\/>\n<p>Wir freuen uns, Ihnen einen sehr gepflegten Audi R8 Spyder mit tollen Extras pr\u00e4sentieren zu k\u00f6nnen. Bei weiteren Fragen stehen wir Ihnen gerne jederzeit zur Verf\u00fcgung!<br \/>Sonderausstattung:<br \/>Audi connect (Internetbasierende Dienste), Audi Smartphone Interface, Bluetooth-Freisprecheinrichtung mit Spracherkennung (Audi Phone Box), Bremss\u00e4ttel Rot lackiert, Einparkhilfe vorn und hinten, optisch mit R\u00fcckfahrkamera (APS Advanced), Fahrassistenz-System: Fernlichtassistent, Innenausstattung: Dekoreinlagen Carbon hochgl\u00e4nzend erweitert, Innenausstattung: Dekoreinlagen Klavierlack, schwarz, Innenausstattung: Voll-Leder Feinnappa, Keramik-Bremsanlage vorn und hinten, LM-Felgen vorn\/hinten: 8,5&#215;20 \/ 11&#215;20 (10-Speichen, Y-Design, f\u00fcr Winterbereifung), LM-Felgen vorn\/hinten: 8,5&#215;20 \/ 11&#215;20 (10-Speichen, Y-Design, schwarz gl\u00e4nzend), Luftleitelement seitlich Sideblade Mythos-Schwarz Metallic, Metallic-Lackierung, Optik-Paket schwarz Audi exclusive, Radioempfang digital (DAB), Scheinwerfer LED mit Laserlicht, Sender f\u00fcr Garagentor\u00f6ffner (integriert), Sport-Auspuffanlage<\/p>\n<hr\/>\n<p><strong>Garantie &amp; Qualit\u00e4tssiegel:<\/strong><\/p>\n<ul>\n<li>Gebrauchtwagengarantie<\/li>\n<\/ul>\n<p><strong class='title'>Assistenzsysteme:<\/strong><\/p>\n<ul>\n<li>Einparkhilfe plus mit R\u00fcckfahrkamera<\/li>\n<li>Fernlichtassistent<\/li>\n<li>Lichtsensor<\/li>\n<li>Tempomat<\/li>\n<\/ul>\n<p><strong class='title'>Licht:<\/strong><\/p>\n<ul>\n<li>Laserlicht<\/li>\n<li>LED (Teil)-R\u00fcckleuchten<\/li>\n<li>LED Scheinwerfer<\/li>\n<li>LED Tagfahrlicht<\/li>\n<\/ul>\n<p><strong class='title'>Media &amp; Infotainment:<\/strong><\/p>\n<ul>\n<li>Audi connect<\/li>\n<li>Audiosystem MP3-f\u00e4hig<\/li>\n<li>Bang &amp; Olufsen Sound System<\/li>\n<li>MMI Navigation plus mit MMI touch<\/li>\n<\/ul>\n<p><strong class='title'>Sicherheit &amp; Technik:<\/strong><\/p>\n<ul>\n<li>Antiblockiersystem (ABS)<\/li>\n<li>Antriebsschlupfregelung (ASR)<\/li>\n<li>Beifahrerairbag<\/li>\n<li>Carbon Ceramic Brake (CCB)<\/li>\n<li>elektronisches Stabilit\u00e4ts Programm (ESP)<\/li>\n<li>Fahrerairbag<\/li>\n<li>Gurtanlegekontrolle<\/li>\n<li>Magnetic Ride<\/li>\n<li>Seitenairbags vorn<\/li>\n<li>Wegfahrsperre<\/li>\n<\/ul>\n<p><strong class='title'>Komfort &amp; Klima:<\/strong><\/p>\n<ul>\n<li>Audi virtual cockpit<\/li>\n<li>elektr. Spiegel beheizt<\/li>\n<li>elektrische Fensterheber<\/li>\n<li>elektrische Sitzverstellung Fahrer\/Beifahrer mit Fahrermemory<\/li>\n<li>Garagentor\u00f6ffner<\/li>\n<li>Klimaautomatik<\/li>\n<li>Sitzheizung<\/li>\n<li>Sportsitz(e)<\/li>\n<li>Windschott<\/li>\n<\/ul>\n<p><strong class='title'>Reifen &amp; Felgen:<\/strong><\/p>\n<ul>\n<li>Alufelgen 20 Zoll<\/li>\n<li>Reifendruck-Kontrolle<\/li>\n<\/ul>\n<p><strong class='title'>Exterieur &amp; Design:<\/strong><\/p>\n<ul>\n<li>Bremss\u00e4ttel rot<\/li>\n<li>Optikpaket schwarz<\/li>\n<li>Sportabgasanlage<\/li>\n<\/ul>\n<p><strong class='title'>Interieur &amp; Design:<\/strong><\/p>\n<ul>\n<li>Applikationen Innenraum in Carbon<\/li>\n<li>E-Verdeck<\/li>\n<li>Einstiegsleisten Aluminium\/(Aluminium Einlagen)<\/li>\n<li>Lichtpaket<\/li>\n<li>Multifunktionslenkrad<\/li>\n<li>Sportlederlenkrad<\/li>\n<li>Sportpedale Edelstahl<\/li>\n<li>Vollleder Paket<\/li>\n<\/ul>\n<p><strong class='title'>Umwelt &amp; Laden:<\/strong><\/p>\n<ul>\n<li>Effizienzklasse G<\/li>\n<li>EURO VI<\/li>\n<li>Katalysator<\/li>\n<li>Rekuperation<\/li>\n<li>Start\/Stopp Automatic<\/li>\n<li>Umweltplakette 4<\/li>\n<\/ul>\n<p><strong class='title'>Getriebe:<\/strong><\/p>\n<ul>\n<li>S tronic<\/li>\n<\/ul>\n<p><strong class='title'>Weitere Informationen:<\/strong><\/p>\n<ul>\n<li>Im Kundenauftrag<\/li>\n<li>Scheckheft<\/li>\n<li>unfallfrei<\/li>\n<\/ul>\n<p><\/p>\n<hr\/>\n<p>Zwischenverkauf und Irrt\u00fcmer vorbehalten. Die Fahrzeugbeschreibung dient ausschlie\u00dflich der allgemeinen Identifikation des Fahrzeugs und stellt keine rechtsverbindliche Gew\u00e4hrleistung dar. Verbindlich sind nur die Vereinbarungen im Kaufvertrag und der Auftragsbest\u00e4tigung. Bitte beachten Sie, dass bestimmte Sonderausstattungen zus\u00e4tzliche Kosten verursachen k\u00f6nnen. Detaillierte Informationen zum Ausstattungsumfang erhalten Sie von unserem Verkaufspersonal.<\/p>\n","protected":false},"author":95,"featured_media":0,"template":"","vehica_6654":[2073],"vehica_17481":[2452],"vehica_6655":[2476],"vehica_6659":[2765],"vehica_6660":[2766],"vehica_6657":[],"vehica_6661":[],"vehica_6662":[2483],"vehica_6663":[2107],"vehica_12974":[],"vehica_6666":[2374],"vehica_12770":[],"vehica_6670":[],"vehica_12723":[],"vehica_18854":[2480],"class_list":["post-599569","vehica_car","type-vehica_car","status-publish","hentry","vehica_6654-used","vehica_17481-car","vehica_6655-car","vehica_6659-audi","vehica_6660-r8","vehica_6662-automatic_gear","vehica_6663-petrol","vehica_6666-black","vehica_18854-euro6"],"vehica_6656":{"vehica_currency_6656_2316":112900},"vehica_14696":"2017","vehica_6664":"42923","vehica_6665":"5204","vehica_6671":"","vehica_6673":["https:\/\/cf-motors.de\/wp-content\/uploads\/cars_pictures\/2325665_1.jpg","https:\/\/cf-motors.de\/wp-content\/uploads\/cars_pictures\/2325665_2.jpg","https:\/\/cf-motors.de\/wp-content\/uploads\/cars_pictures\/2325665_3.jpg","https:\/\/cf-motors.de\/wp-content\/uploads\/cars_pictures\/2325665_4.jpg","https:\/\/cf-motors.de\/wp-content\/uploads\/cars_pictures\/2325665_5.jpg","https:\/\/cf-motors.de\/wp-content\/uploads\/cars_pictures\/2325665_6.jpg","https:\/\/cf-motors.de\/wp-content\/uploads\/cars_pictures\/2325665_7.jpg","https:\/\/cf-motors.de\/wp-content\/uploads\/cars_pictures\/2325665_8.jpg","https:\/\/cf-motors.de\/wp-content\/uploads\/cars_pictures\/2325665_9.jpg","https:\/\/cf-motors.de\/wp-content\/uploads\/cars_pictures\/2325665_10.jpg","https:\/\/cf-motors.de\/wp-content\/uploads\/cars_pictures\/2325665_11.jpg","https:\/\/cf-motors.de\/wp-content\/uploads\/cars_pictures\/2325665_12.jpg","https:\/\/cf-motors.de\/wp-content\/uploads\/cars_pictures\/2325665_13.jpg","https:\/\/cf-motors.de\/wp-content\/uploads\/cars_pictures\/2325665_14.jpg","https:\/\/cf-motors.de\/wp-content\/uploads\/cars_pictures\/2325665_15.jpg"],"vehica_6674":{"embed":"","url":""},"vehica_16721":"","vehica_18845":"R8Spider_black_Sep24","vehica_18846":"397 kW (540 PS)","vehica_18847":"277","vehica_18848":"","vehica_18849":"11.7","vehica_18850":"","vehica_18851":"G","vehica_18852":"17","vehica_18853":"8.7","vehica_18855":"09\/2017","vehica_18856":"2017","vehica_18857":"","vehica_18858":"","vehica_22348":"3","vehica_22990":"540","vehica_346997":"0","vehica_437603":"","vehica_439584":"","vehica_439585":";+;+;","vehica_439586":"","vehica_439587":"","vehica_439588":"","vehica_439589":"","vehica_449495":"","vehica_449496":"","vehica_449497":"","vehica_454484":"","vehica_454485":"","vehica_454486":"","vehica_454487":"","vehica_454488":"","vehica_472325":"","vehica_472326":"","vehica_472327":"","vehica_472328":"","vehica_472329":"","vehica_472330":"","vehica_472331":"","vehica_472332":"","vehica_472333":"","vehica_472366":"","vehica_597916":"","_links":{"self":[{"href":"https:\/\/cf-motors.de\/de\/wp-json\/wp\/v2\/cars\/599569","targetHints":{"allow":["GET"]}}],"collection":[{"href":"https:\/\/cf-motors.de\/de\/wp-json\/wp\/v2\/cars"}],"about":[{"href":"https:\/\/cf-motors.de\/de\/wp-json\/wp\/v2\/types\/vehica_car"}],"author":[{"embeddable":true,"href":"https:\/\/cf-motors.de\/de\/wp-json\/wp\/v2\/users\/95"}],"wp:attachment":[{"href":"https:\/\/cf-motors.de\/de\/wp-json\/wp\/v2\/media?parent=599569"}],"wp:term":[{"taxonomy":"vehica_6654","embeddable":true,"href":"https:\/\/cf-motors.de\/de\/wp-json\/wp\/v2\/vehica_6654?post=599569"},{"taxonomy":"vehica_17481","embeddable":true,"href":"https:\/\/cf-motors.de\/de\/wp-json\/wp\/v2\/vehica_17481?post=599569"},{"taxonomy":"vehica_6655","embeddable":true,"href":"https:\/\/cf-motors.de\/de\/wp-json\/wp\/v2\/vehica_6655?post=599569"},{"taxonomy":"vehica_6659","embeddable":true,"href":"https:\/\/cf-motors.de\/de\/wp-json\/wp\/v2\/vehica_6659?post=599569"},{"taxonomy":"vehica_6660","embeddable":true,"href":"https:\/\/cf-motors.de\/de\/wp-json\/wp\/v2\/vehica_6660?post=599569"},{"taxonomy":"vehica_6657","embeddable":true,"href":"https:\/\/cf-motors.de\/de\/wp-json\/wp\/v2\/vehica_6657?post=599569"},{"taxonomy":"vehica_6661","embeddable":true,"href":"https:\/\/cf-motors.de\/de\/wp-json\/wp\/v2\/vehica_6661?post=599569"},{"taxonomy":"vehica_6662","embeddable":true,"href":"https:\/\/cf-motors.de\/de\/wp-json\/wp\/v2\/vehica_6662?post=599569"},{"taxonomy":"vehica_6663","embeddable":true,"href":"https:\/\/cf-motors.de\/de\/wp-json\/wp\/v2\/vehica_6663?post=599569"},{"taxonomy":"vehica_12974","embeddable":true,"href":"https:\/\/cf-motors.de\/de\/wp-json\/wp\/v2\/vehica_12974?post=599569"},{"taxonomy":"vehica_6666","embeddable":true,"href":"https:\/\/cf-motors.de\/de\/wp-json\/wp\/v2\/vehica_6666?post=599569"},{"taxonomy":"vehica_12770","embeddable":true,"href":"https:\/\/cf-motors.de\/de\/wp-json\/wp\/v2\/vehica_12770?post=599569"},{"taxonomy":"vehica_6670","embeddable":true,"href":"https:\/\/cf-motors.de\/de\/wp-json\/wp\/v2\/vehica_6670?post=599569"},{"taxonomy":"vehica_12723","embeddable":true,"href":"https:\/\/cf-motors.de\/de\/wp-json\/wp\/v2\/vehica_12723?post=599569"},{"taxonomy":"vehica_18854","embeddable":true,"href":"https:\/\/cf-motors.de\/de\/wp-json\/wp\/v2\/vehica_18854?post=599569"}],"curies":[{"name":"wp","href":"https:\/\/api.w.org\/{rel}","templated":true}]}}