{"id":599319,"date":"2026-05-01T06:00:29","date_gmt":"2026-05-01T06:00:29","guid":{"rendered":"http:\/\/cf-motors.de\/de\/listing\/porsche-cayenne-turbo-coupe\/"},"modified":"2026-05-01T06:00:30","modified_gmt":"2026-05-01T06:00:30","slug":"porsche-cayenne-turbo-coupe","status":"publish","type":"vehica_car","link":"https:\/\/cf-motors.de\/de\/listing\/porsche-cayenne-turbo-coupe\/","title":{"rendered":"PORSCHE Cayenne Turbo Coup\u00e9"},"content":{"rendered":"<p>##VIELEN DANK F\u00dcR IHR INTERESSE AN EINEM UNSERER FAHRZEUGE##<br \/>Exterior: Schwarz<br \/>Interior: Lederausstattung in schwarz, Glattleder<br \/>Sofort verf\u00fcgbar!<br \/><strong class='title'>Ausstattung:<\/strong><\/p>\n<ul>\n<li>&#8211; &#8222;PORSCHE&#8220; Schriftzug lackiert in Schwarz (matt) inkl. Entfall Modellbezeichnung<\/li>\n<li>&#8211; 2+1 Komfort-Fondsitzanlage<\/li>\n<li>&#8211; 4-Zonen Klimaautomatik<\/li>\n<li>&#8211; 8-Gang Tiptronic S<\/li>\n<li>&#8211; 22-Zoll 911 Turbo Design R\u00e4der inkl. Radhausverbreiterung in Exterieurfarbe<\/li>\n<li>&#8211; Adaptive Sportsitze vorn (18-Wege, elektrisch) mit integrierten Kopfst\u00fctzen und Memorypaket<\/li>\n<li>&#8211; Ambientebeleuchtung<\/li>\n<li>&#8211; Beheizbare Frontscheibe<\/li>\n<li>&#8211; Burmester 3D High-End Surround Sound-System<\/li>\n<li>&#8211; CD-\/DVD-Wechsler, sechsfach<\/li>\n<li>&#8211; DAB<\/li>\n<li>&#8211; Ger\u00e4usch- und W\u00e4rmeschutzverglasung inkl. Privacy-Verglasung<\/li>\n<li>&#8211; Head-Up Display<\/li>\n<li>&#8211; Hinterachslenkung<\/li>\n<li>&#8211; HomeLink (Garagentor\u00f6ffner)<\/li>\n<li>&#8211; Interieur-Paket schwarz (Hochglanz)<\/li>\n<li>&#8211; LED-Matrix-Hauptscheinwerfer abgedunkelt inkl. PDLS Plus<\/li>\n<li>&#8211; Nachtsichtassistent<\/li>\n<li>&#8211; Parkassistent vorn und hinten inkl. Surround View<\/li>\n<li>&#8211; Porsche Dynamic Chassis Control (PDCC)<\/li>\n<li>&#8211; Porsche InnoDrive inkl. Abstandsregeletempostat<\/li>\n<li>&#8211; Porsche Torque Voctoring Plus (PTV Plus)<\/li>\n<li>&#8211; Raucherpaket<\/li>\n<li>&#8211; Sitzbel\u00fcftung vorne<\/li>\n<li>&#8211; Smartphone-Ablage inkl. induktiver Ladefunktion<\/li>\n<li>&#8211; Soft-Close-T\u00fcren<\/li>\n<li>&#8211; Sportabgasanlage inkl. Sportendrohren schwarz<\/li>\n<li>&#8211; Spurwechselassistent<\/li>\n<li>&#8211; Standheizung<\/li>\n<\/ul>\n<p><strong>VIELEN DANK F\u00dcR IHR INTERESSE AN EINEM UNSERER FAHRZEUGE<\/strong><\/p>\n<hr\/>\n<p><strong>Garantie &amp; Qualit\u00e4tssiegel:<\/strong><\/p>\n<ul>\n<li>Gebrauchtwagengarantie<\/li>\n<\/ul>\n<p><strong class='title'>Umwelt &amp; Laden:<\/strong><\/p>\n<ul>\n<li>Effizienzklasse F<\/li>\n<li>EURO 6d-TEMP<\/li>\n<li>Umweltplakette 4<\/li>\n<\/ul>\n<p><strong class='title'>Getriebe:<\/strong><\/p>\n<ul>\n<li>tiptronic<\/li>\n<\/ul>\n<p><strong class='title'>Weitere Informationen:<\/strong><\/p>\n<ul>\n<li>Im Kundenauftrag<\/li>\n<li>Scheckheft<\/li>\n<li>unfallfrei<\/li>\n<\/ul>\n<p><\/p>\n<hr\/>\n<p>Zwischenverkauf und Irrt\u00fcmer vorbehalten. Die Fahrzeugbeschreibung dient ausschlie\u00dflich der allgemeinen Identifikation des Fahrzeugs und stellt keine rechtsverbindliche Gew\u00e4hrleistung dar. Verbindlich sind nur die Vereinbarungen im Kaufvertrag und der Auftragsbest\u00e4tigung. Bitte beachten Sie, dass bestimmte Sonderausstattungen zus\u00e4tzliche Kosten verursachen k\u00f6nnen. Detaillierte Informationen zum Ausstattungsumfang erhalten Sie von unserem Verkaufspersonal.<\/p>\n","protected":false},"author":95,"featured_media":0,"template":"","vehica_6654":[2073],"vehica_17481":[2452],"vehica_6655":[2476],"vehica_6659":[2718],"vehica_6660":[2763],"vehica_6657":[],"vehica_6661":[],"vehica_6662":[2483],"vehica_6663":[2107],"vehica_12974":[],"vehica_6666":[2374],"vehica_12770":[],"vehica_6670":[2675],"vehica_12723":[],"vehica_18854":[2498],"class_list":["post-599319","vehica_car","type-vehica_car","status-publish","hentry","vehica_6654-used","vehica_17481-car","vehica_6655-car","vehica_6659-porsche","vehica_6660-cayenne","vehica_6662-automatic_gear","vehica_6663-petrol","vehica_6666-black","vehica_6670-gebrauchtwagengarantieunfallfreischeckheftim-kundenauftrag","vehica_18854-euro6d_temp"],"vehica_6656":{"vehica_currency_6656_2316":126900},"vehica_14696":"2019","vehica_6664":"45000","vehica_6665":"3996","vehica_6671":"","vehica_6673":["https:\/\/cf-motors.de\/wp-content\/uploads\/cars_pictures\/2049102_1.jpg","https:\/\/cf-motors.de\/wp-content\/uploads\/cars_pictures\/2049102_2.jpg","https:\/\/cf-motors.de\/wp-content\/uploads\/cars_pictures\/2049102_3.jpg","https:\/\/cf-motors.de\/wp-content\/uploads\/cars_pictures\/2049102_4.jpg","https:\/\/cf-motors.de\/wp-content\/uploads\/cars_pictures\/2049102_5.jpg","https:\/\/cf-motors.de\/wp-content\/uploads\/cars_pictures\/2049102_6.jpg","https:\/\/cf-motors.de\/wp-content\/uploads\/cars_pictures\/2049102_7.jpg","https:\/\/cf-motors.de\/wp-content\/uploads\/cars_pictures\/2049102_8.jpg","https:\/\/cf-motors.de\/wp-content\/uploads\/cars_pictures\/2049102_9.jpg","https:\/\/cf-motors.de\/wp-content\/uploads\/cars_pictures\/2049102_10.jpg","https:\/\/cf-motors.de\/wp-content\/uploads\/cars_pictures\/2049102_11.jpg","https:\/\/cf-motors.de\/wp-content\/uploads\/cars_pictures\/2049102_12.jpg","https:\/\/cf-motors.de\/wp-content\/uploads\/cars_pictures\/2049102_13.jpg","https:\/\/cf-motors.de\/wp-content\/uploads\/cars_pictures\/2049102_14.jpg","https:\/\/cf-motors.de\/wp-content\/uploads\/cars_pictures\/2049102_15.jpg","https:\/\/cf-motors.de\/wp-content\/uploads\/cars_pictures\/2049102_16.jpg","https:\/\/cf-motors.de\/wp-content\/uploads\/cars_pictures\/2049102_17.jpg","https:\/\/cf-motors.de\/wp-content\/uploads\/cars_pictures\/2049102_18.jpg","https:\/\/cf-motors.de\/wp-content\/uploads\/cars_pictures\/2049102_19.jpg","https:\/\/cf-motors.de\/wp-content\/uploads\/cars_pictures\/2049102_20.jpg"],"vehica_6674":{"embed":"","url":""},"vehica_16721":"","vehica_18845":"CayenneTurboCoupe_black","vehica_18846":"404 kW (549 PS)","vehica_18847":"261","vehica_18848":"","vehica_18849":"11.4","vehica_18850":"19","vehica_18851":"F","vehica_18852":"14.8","vehica_18853":"9.4","vehica_18855":"05\/2019","vehica_18856":"2019","vehica_18857":"","vehica_18858":"","vehica_22348":"3","vehica_22990":"549","vehica_346997":"0","vehica_437603":"","vehica_439584":"","vehica_439585":";+;+;","vehica_439586":"","vehica_439587":"","vehica_439588":"","vehica_439589":"","vehica_449495":"","vehica_449496":"","vehica_449497":"","vehica_454484":"","vehica_454485":"","vehica_454486":"","vehica_454487":"","vehica_454488":"","vehica_472325":"","vehica_472326":"","vehica_472327":"","vehica_472328":"","vehica_472329":"","vehica_472330":"","vehica_472331":"","vehica_472332":"","vehica_472333":"","vehica_472366":"","vehica_597916":"","_links":{"self":[{"href":"https:\/\/cf-motors.de\/de\/wp-json\/wp\/v2\/cars\/599319","targetHints":{"allow":["GET"]}}],"collection":[{"href":"https:\/\/cf-motors.de\/de\/wp-json\/wp\/v2\/cars"}],"about":[{"href":"https:\/\/cf-motors.de\/de\/wp-json\/wp\/v2\/types\/vehica_car"}],"author":[{"embeddable":true,"href":"https:\/\/cf-motors.de\/de\/wp-json\/wp\/v2\/users\/95"}],"wp:attachment":[{"href":"https:\/\/cf-motors.de\/de\/wp-json\/wp\/v2\/media?parent=599319"}],"wp:term":[{"taxonomy":"vehica_6654","embeddable":true,"href":"https:\/\/cf-motors.de\/de\/wp-json\/wp\/v2\/vehica_6654?post=599319"},{"taxonomy":"vehica_17481","embeddable":true,"href":"https:\/\/cf-motors.de\/de\/wp-json\/wp\/v2\/vehica_17481?post=599319"},{"taxonomy":"vehica_6655","embeddable":true,"href":"https:\/\/cf-motors.de\/de\/wp-json\/wp\/v2\/vehica_6655?post=599319"},{"taxonomy":"vehica_6659","embeddable":true,"href":"https:\/\/cf-motors.de\/de\/wp-json\/wp\/v2\/vehica_6659?post=599319"},{"taxonomy":"vehica_6660","embeddable":true,"href":"https:\/\/cf-motors.de\/de\/wp-json\/wp\/v2\/vehica_6660?post=599319"},{"taxonomy":"vehica_6657","embeddable":true,"href":"https:\/\/cf-motors.de\/de\/wp-json\/wp\/v2\/vehica_6657?post=599319"},{"taxonomy":"vehica_6661","embeddable":true,"href":"https:\/\/cf-motors.de\/de\/wp-json\/wp\/v2\/vehica_6661?post=599319"},{"taxonomy":"vehica_6662","embeddable":true,"href":"https:\/\/cf-motors.de\/de\/wp-json\/wp\/v2\/vehica_6662?post=599319"},{"taxonomy":"vehica_6663","embeddable":true,"href":"https:\/\/cf-motors.de\/de\/wp-json\/wp\/v2\/vehica_6663?post=599319"},{"taxonomy":"vehica_12974","embeddable":true,"href":"https:\/\/cf-motors.de\/de\/wp-json\/wp\/v2\/vehica_12974?post=599319"},{"taxonomy":"vehica_6666","embeddable":true,"href":"https:\/\/cf-motors.de\/de\/wp-json\/wp\/v2\/vehica_6666?post=599319"},{"taxonomy":"vehica_12770","embeddable":true,"href":"https:\/\/cf-motors.de\/de\/wp-json\/wp\/v2\/vehica_12770?post=599319"},{"taxonomy":"vehica_6670","embeddable":true,"href":"https:\/\/cf-motors.de\/de\/wp-json\/wp\/v2\/vehica_6670?post=599319"},{"taxonomy":"vehica_12723","embeddable":true,"href":"https:\/\/cf-motors.de\/de\/wp-json\/wp\/v2\/vehica_12723?post=599319"},{"taxonomy":"vehica_18854","embeddable":true,"href":"https:\/\/cf-motors.de\/de\/wp-json\/wp\/v2\/vehica_18854?post=599319"}],"curies":[{"name":"wp","href":"https:\/\/api.w.org\/{rel}","templated":true}]}}