{"id":599280,"date":"2026-05-02T03:00:17","date_gmt":"2026-05-02T03:00:17","guid":{"rendered":"http:\/\/cf-motors.de\/de\/listing\/ferrari-sf90-spider-assetto-fiorano-360-carbon-jbl\/"},"modified":"2026-05-02T03:00:18","modified_gmt":"2026-05-02T03:00:18","slug":"ferrari-sf90-spider-assetto-fiorano-360-carbon-jbl","status":"publish","type":"vehica_car","link":"https:\/\/cf-motors.de\/de\/listing\/ferrari-sf90-spider-assetto-fiorano-360-carbon-jbl\/","title":{"rendered":"FERRARI SF90 Spider ASSETTO FIORANO, 360, CARBON, JBL"},"content":{"rendered":"<p><strong>VIELEN DANK F\u00dcR IHR INTERESSE AN EINEM UNSERER FAHRZEUGE<\/strong><\/p>\n<hr\/>\n<p>Wir freuen uns, Ihnen einen neuwertigen Ferrari SF90 Spider mit tollen Extras pr\u00e4sentieren zu k\u00f6nnen. Bei weiteren Fragen stehen wir Ihnen gerne jederzeit zur Verf\u00fcgung!<br \/>EXTERIOR: ROSSO CORSA DS 322<br \/>INTERIOR: NERO 8500<br \/>MATS: NERO 152<br \/>CODE\/OPTION:<br \/>AFS &#8211; ADAPTIVE FRONTLIGHT SYSTEM<br \/>ALCN &#8211; CENTRAL PART OF SEATS IN INTC ALCANTARA<br \/>BIC2 &#8211; TWO-TONE BODYWORK (NERO DS 1250)<br \/>CALR &#8211; RED BRAKE CALLIPERS<br \/>CEIS &#8211; CARBON FIBRE SIDE AIR SPLITTER<br \/>CIDL &#8211; CARBON FIBRE DRIVER ZONE+LEDS<br \/>DAYT &#8211; DAYTONA STYLE SEATS<br \/>DEDI &#8211; DEDICATION PLATE IN SILVER<br \/>EMPH &#8211; CAVALLINO STITCHED ON HEADREST<br \/>EXAB &#8211; BLACK TAILPIPE TIPS<br \/>FIO1 &#8211; FIORANO PACKAGE<br \/>FIO2 &#8211; EXTENDED FIORANO PACKAGE<br \/>HOLK &#8211; HOMELINK<br \/>LOGO &#8211; SCUDERIA FERRARI SHIELDS<br \/>MIR3 &#8211; ELECTROCHROMIC REAR-VIEW MIRROR<br \/>PAC1 &#8211; PARKING CAMERA<br \/>PAR2 &#8211; FRONT AND REAR PARKING SENSORS<br \/>RMSC &#8211; MATTE GREY WHEELS<br \/>STC2 &#8211; COLOURED SPECIAL STITCHING O.R. (ROSSO 0504)<br \/>STP2 &#8211; ALCANTARA PERFORATED INSERTS (ALCANTARA ROSSO)<\/p>\n<hr\/>\n<p><strong>Garantie &amp; Qualit\u00e4tssiegel:<\/strong><\/p>\n<ul>\n<li>Gebrauchtwagengarantie<\/li>\n<\/ul>\n<p><strong class='title'>Assistenzsysteme:<\/strong><\/p>\n<ul>\n<li>Einparkhilfe hinten<\/li>\n<li>Einparkhilfe vorne<\/li>\n<li>Launch Control<\/li>\n<li>R\u00fcckfahrkamera<\/li>\n<\/ul>\n<p><strong class='title'>Licht:<\/strong><\/p>\n<ul>\n<li>LED (Teil)-R\u00fcckleuchten<\/li>\n<li>LED Scheinwerfer<\/li>\n<li>LED Tagfahrlicht<\/li>\n<\/ul>\n<p><strong class='title'>Media &amp; Infotainment:<\/strong><\/p>\n<ul>\n<li>Apple Car Play \/ Vorbereitung<\/li>\n<li>Bluetooth Schnittstelle<\/li>\n<li>Navigation \/ Online Navigation<\/li>\n<li>Radio<\/li>\n<li>Soundsystem JBL<\/li>\n<li>Telefonvorbereitung mit Bluetooth<\/li>\n<\/ul>\n<p><strong class='title'>Sicherheit &amp; Technik:<\/strong><\/p>\n<ul>\n<li>Antiblockiersystem (ABS)<\/li>\n<li>Beifahrerairbag<\/li>\n<li>Carbon Ceramic Brake (CCB)<\/li>\n<li>Einstellbares Fahrdynamik-Set Up<\/li>\n<li>Elektronische Bremskraftverteilung (EBV)<\/li>\n<li>elektronische D\u00e4mpferkontrolle<\/li>\n<li>elektronisches Stabilit\u00e4ts Programm (ESP)<\/li>\n<li>Fahrerairbag<\/li>\n<li>Gurtanlegekontrolle<\/li>\n<li>Gurtkraftbegrenzer<\/li>\n<li>Seitenairbags vorn<\/li>\n<li>Seitenaufprallschutz<\/li>\n<li>Sicherheitsgurte mit Gurtstraffern<\/li>\n<li>Sportfahrwerk<\/li>\n<li>Traktionskontrolle<\/li>\n<li>Wegfahrsperre<\/li>\n<\/ul>\n<p><strong class='title'>Komfort &amp; Klima:<\/strong><\/p>\n<ul>\n<li>ATA \/ Aussentemperaturanzeige<\/li>\n<li>elektrische Fensterheber<\/li>\n<li>elektrische Parkbremse<\/li>\n<li>Innen-\/Aussenspiegel automatisch abblendend<\/li>\n<li>Klimaautomatik<\/li>\n<li>schl\u00fcsselloser Motorstart<\/li>\n<li>Servolenkung<\/li>\n<li>Sitzheizung<\/li>\n<li>Sportsitz(e)<\/li>\n<li>Zentralverriegelung mit Fernbedienung<\/li>\n<\/ul>\n<p><strong class='title'>Reifen &amp; Felgen:<\/strong><\/p>\n<ul>\n<li>Alufelgen 20 Zoll<\/li>\n<li>Reifendruck-Kontrolle<\/li>\n<\/ul>\n<p><strong class='title'>Exterieur &amp; Design:<\/strong><\/p>\n<ul>\n<li>Bremss\u00e4ttel rot<\/li>\n<li>Scuderia Embleme<\/li>\n<\/ul>\n<p><strong class='title'>Interieur &amp; Design:<\/strong><\/p>\n<ul>\n<li>Cavallino rampante auf den Kopfst\u00fctzen<\/li>\n<li>Dachhimmel schwarz<\/li>\n<li>Drehzahlmesser in Rosso<\/li>\n<li>E-Verdeck<\/li>\n<li>Einstiegsblenden aus Carbon<\/li>\n<li>Getr\u00e4nkehalter<\/li>\n<li>Interieur-Paket Carbon<\/li>\n<li>Kontrastn\u00e4hte<\/li>\n<li>lederbezogene Armaturentafel<\/li>\n<li>Lederlenkrad mit Karbon und LEDs<\/li>\n<li>virtuelle Instrumente<\/li>\n<\/ul>\n<p><strong class='title'>Gep\u00e4ck- \/ Ladehilfen:<\/strong><\/p>\n<ul>\n<li>Fernentriegelung f\u00fcr Gep\u00e4ckraumklappe<\/li>\n<\/ul>\n<p><strong class='title'>Umwelt &amp; Laden:<\/strong><\/p>\n<ul>\n<li>Effizienzklasse C<\/li>\n<li>EURO 6d-TEMP<\/li>\n<li>Katalysator<\/li>\n<li>Ladekabel<\/li>\n<li>Start\/Stopp Automatic<\/li>\n<li>Umweltplakette 4<\/li>\n<\/ul>\n<p><strong class='title'>Getriebe:<\/strong><\/p>\n<ul>\n<li>Doppelkupplungsgetriebe<\/li>\n<\/ul>\n<p><strong class='title'>Weitere Informationen:<\/strong><\/p>\n<ul>\n<li>Im Kundenauftrag<\/li>\n<li>Plug-in-Hybrid<\/li>\n<li>Scheckheft<\/li>\n<li>unfallfrei<\/li>\n<\/ul>\n<p><\/p>\n<hr\/>\n<p>Zwischenverkauf und Irrt\u00fcmer vorbehalten. Die Fahrzeugbeschreibung dient ausschlie\u00dflich der allgemeinen Identifikation des Fahrzeugs und stellt keine rechtsverbindliche Gew\u00e4hrleistung dar. Verbindlich sind nur die Vereinbarungen im Kaufvertrag und der Auftragsbest\u00e4tigung. Bitte beachten Sie, dass bestimmte Sonderausstattungen zus\u00e4tzliche Kosten verursachen k\u00f6nnen. Detaillierte Informationen zum Ausstattungsumfang erhalten Sie von unserem Verkaufspersonal.<\/p>\n","protected":false},"author":95,"featured_media":0,"template":"","vehica_6654":[2073],"vehica_17481":[2452],"vehica_6655":[2476],"vehica_6659":[2716],"vehica_6660":[2735],"vehica_6657":[],"vehica_6661":[],"vehica_6662":[2483],"vehica_6663":[2620],"vehica_12974":[],"vehica_6666":[2584],"vehica_12770":[],"vehica_6670":[],"vehica_12723":[],"vehica_18854":[2498],"class_list":["post-599280","vehica_car","type-vehica_car","status-publish","hentry","vehica_6654-used","vehica_17481-car","vehica_6655-car","vehica_6659-ferrari","vehica_6660-sf90","vehica_6662-automatic_gear","vehica_6663-hybrid","vehica_6666-red","vehica_18854-euro6d_temp"],"vehica_6656":{"vehica_currency_6656_2316":478380},"vehica_14696":"2022","vehica_6664":"1830","vehica_6665":"3990","vehica_6671":"","vehica_6673":["https:\/\/cf-motors.de\/wp-content\/uploads\/cars_pictures\/2210290_1.jpg","https:\/\/cf-motors.de\/wp-content\/uploads\/cars_pictures\/2210290_2.jpg","https:\/\/cf-motors.de\/wp-content\/uploads\/cars_pictures\/2210290_3.jpg","https:\/\/cf-motors.de\/wp-content\/uploads\/cars_pictures\/2210290_4.jpg","https:\/\/cf-motors.de\/wp-content\/uploads\/cars_pictures\/2210290_5.jpg","https:\/\/cf-motors.de\/wp-content\/uploads\/cars_pictures\/2210290_6.jpg","https:\/\/cf-motors.de\/wp-content\/uploads\/cars_pictures\/2210290_7.jpg","https:\/\/cf-motors.de\/wp-content\/uploads\/cars_pictures\/2210290_8.jpg","https:\/\/cf-motors.de\/wp-content\/uploads\/cars_pictures\/2210290_9.jpg","https:\/\/cf-motors.de\/wp-content\/uploads\/cars_pictures\/2210290_10.jpg","https:\/\/cf-motors.de\/wp-content\/uploads\/cars_pictures\/2210290_11.jpg","https:\/\/cf-motors.de\/wp-content\/uploads\/cars_pictures\/2210290_12.jpg","https:\/\/cf-motors.de\/wp-content\/uploads\/cars_pictures\/2210290_13.jpg","https:\/\/cf-motors.de\/wp-content\/uploads\/cars_pictures\/2210290_14.jpg","https:\/\/cf-motors.de\/wp-content\/uploads\/cars_pictures\/2210290_15.jpg"],"vehica_6674":{"embed":"","url":""},"vehica_16721":"","vehica_18845":"SF90SpiderAFSep23","vehica_18846":"736 kW (1001 PS)","vehica_18847":"184","vehica_18848":"","vehica_18849":"8.1","vehica_18850":"19","vehica_18851":"C","vehica_18852":"","vehica_18853":"","vehica_18855":"03\/2022","vehica_18856":"2022","vehica_18857":"","vehica_18858":"","vehica_22348":"1","vehica_22990":"1001","vehica_346997":"0","vehica_437603":"","vehica_439584":"","vehica_439585":";+;+;","vehica_439586":"","vehica_439587":"","vehica_439588":"","vehica_439589":"","vehica_449495":"","vehica_449496":"","vehica_449497":"","vehica_454484":"","vehica_454485":"","vehica_454486":"","vehica_454487":"","vehica_454488":"","vehica_472325":"","vehica_472326":"","vehica_472327":"","vehica_472328":"","vehica_472329":"","vehica_472330":"","vehica_472331":"","vehica_472332":"","vehica_472333":"","vehica_472366":"","vehica_597916":"true","_links":{"self":[{"href":"https:\/\/cf-motors.de\/de\/wp-json\/wp\/v2\/cars\/599280","targetHints":{"allow":["GET"]}}],"collection":[{"href":"https:\/\/cf-motors.de\/de\/wp-json\/wp\/v2\/cars"}],"about":[{"href":"https:\/\/cf-motors.de\/de\/wp-json\/wp\/v2\/types\/vehica_car"}],"author":[{"embeddable":true,"href":"https:\/\/cf-motors.de\/de\/wp-json\/wp\/v2\/users\/95"}],"wp:attachment":[{"href":"https:\/\/cf-motors.de\/de\/wp-json\/wp\/v2\/media?parent=599280"}],"wp:term":[{"taxonomy":"vehica_6654","embeddable":true,"href":"https:\/\/cf-motors.de\/de\/wp-json\/wp\/v2\/vehica_6654?post=599280"},{"taxonomy":"vehica_17481","embeddable":true,"href":"https:\/\/cf-motors.de\/de\/wp-json\/wp\/v2\/vehica_17481?post=599280"},{"taxonomy":"vehica_6655","embeddable":true,"href":"https:\/\/cf-motors.de\/de\/wp-json\/wp\/v2\/vehica_6655?post=599280"},{"taxonomy":"vehica_6659","embeddable":true,"href":"https:\/\/cf-motors.de\/de\/wp-json\/wp\/v2\/vehica_6659?post=599280"},{"taxonomy":"vehica_6660","embeddable":true,"href":"https:\/\/cf-motors.de\/de\/wp-json\/wp\/v2\/vehica_6660?post=599280"},{"taxonomy":"vehica_6657","embeddable":true,"href":"https:\/\/cf-motors.de\/de\/wp-json\/wp\/v2\/vehica_6657?post=599280"},{"taxonomy":"vehica_6661","embeddable":true,"href":"https:\/\/cf-motors.de\/de\/wp-json\/wp\/v2\/vehica_6661?post=599280"},{"taxonomy":"vehica_6662","embeddable":true,"href":"https:\/\/cf-motors.de\/de\/wp-json\/wp\/v2\/vehica_6662?post=599280"},{"taxonomy":"vehica_6663","embeddable":true,"href":"https:\/\/cf-motors.de\/de\/wp-json\/wp\/v2\/vehica_6663?post=599280"},{"taxonomy":"vehica_12974","embeddable":true,"href":"https:\/\/cf-motors.de\/de\/wp-json\/wp\/v2\/vehica_12974?post=599280"},{"taxonomy":"vehica_6666","embeddable":true,"href":"https:\/\/cf-motors.de\/de\/wp-json\/wp\/v2\/vehica_6666?post=599280"},{"taxonomy":"vehica_12770","embeddable":true,"href":"https:\/\/cf-motors.de\/de\/wp-json\/wp\/v2\/vehica_12770?post=599280"},{"taxonomy":"vehica_6670","embeddable":true,"href":"https:\/\/cf-motors.de\/de\/wp-json\/wp\/v2\/vehica_6670?post=599280"},{"taxonomy":"vehica_12723","embeddable":true,"href":"https:\/\/cf-motors.de\/de\/wp-json\/wp\/v2\/vehica_12723?post=599280"},{"taxonomy":"vehica_18854","embeddable":true,"href":"https:\/\/cf-motors.de\/de\/wp-json\/wp\/v2\/vehica_18854?post=599280"}],"curies":[{"name":"wp","href":"https:\/\/api.w.org\/{rel}","templated":true}]}}