{"id":598656,"date":"2026-04-29T17:00:30","date_gmt":"2026-04-29T17:00:30","guid":{"rendered":"http:\/\/cf-motors.de\/de\/listing\/mercedes-benz-g-63-amg-2\/"},"modified":"2026-04-29T17:00:30","modified_gmt":"2026-04-29T17:00:30","slug":"mercedes-benz-g-63-amg-2","status":"publish","type":"vehica_car","link":"https:\/\/cf-motors.de\/de\/listing\/mercedes-benz-g-63-amg-2\/","title":{"rendered":"MERCEDES-BENZ G 63 AMG"},"content":{"rendered":"<p>##VIELEN DANK F\u00dcR IHR INTERESSE AN EINEM UNSERER FAHRZEUGE##<br \/>Au\u00dfenfarbe: G Manufaktur mysticblau bright<br \/>Innenfarbe: Leder Nappa schwarz<br \/>A20 &#8211; AMG Ride Control Fahrwerk<br \/>A53 &#8211; Aktiver Spukhafte-Assistent<br \/>BB3 &#8211; Elektronisches Stabilit\u00e4tsprogramm<br \/>BS2 &#8211; AMG Bremss\u00e4ttel vorne und hinten rot lackiert<br \/>C92 &#8211; Au\u00dfenschutzleiste mit Ziereinlage schwarz<br \/>EA2 &#8211; Totwinkel-Assistent<br \/>EF6 &#8211; Digitales Radio<br \/>EK0 &#8211; MB Notrufsystem<br \/>EK1 &#8211; Kommunikationsmodul (LTE) f\u00fcr die Nutzung von Mercedes me connect Diensten<br \/>EM0 &#8211; Vorr\u00fcstung f\u00fcr Live Traffic Information<br \/>EM4 &#8211; Assistenz Paket<br \/>EU4 &#8211; COMAND Online<br \/>EU8 &#8211; Burmester Surround-Soundsystem<br \/>EX6 &#8211; 6 Jahre kostenfreie Kartendaten-Updates<br \/>EZ8 &#8211; PARKTRONIC<br \/>EZ9 &#8211; DISTRONIC<br \/>FB1 &#8211; Trennnetz<br \/>FH2 &#8211; Innenhimmel Mikrofaser DINAMICA<br \/>FM2 &#8211; Warnwesten f\u00fcr Fahrer und Passagiere<br \/>FR2 &#8211; Ambientebeleuchtung mit 64 Farben und 10 Farbzonen<br \/>F15 &#8211; Schiebedach<br \/>F75 &#8211; Rahmenloser Innenspiegel<br \/>G44 &#8211; AMG Speedshift TCT 9G<br \/>H12 &#8211; Standheizung<br \/>JA6 &#8211; Aktiver Brems-Assistent<br \/>JA9 &#8211; Verkehrszeichen Assistent<br \/>JC8 &#8211; Instrumententafel in Leder Nappa<br \/>JP0 &#8211; PRE-SAFE System<br \/>JS1 &#8211; 360 Grad Kamera<br \/>JW8 &#8211; ATTENTION ASSIST<br \/>J25 &#8211; Widescreen Cockpit<br \/>K81 &#8211; Kraftstoffbeh\u00e4lter 100l<br \/>L57 &#8211; MULTIBEAM LED<br \/>PA3 &#8211; Edelstahl Paket<br \/>PA8 &#8211; Parkpaket mit 360 Grad Kamera<br \/>PA9 &#8211; Aktiv-Multikontursitz-Paket<br \/>Q30 &#8211; Vorr\u00fcstung f\u00fcr Anh\u00e4ngevorrichtung<br \/>RB9 &#8211; Reserveradabdeckung Edelstahl<br \/>RG4 &#8211; 22&#8243; AMG Schmieder\u00e4der im Kreuzspeichendesign<br \/>RY6 &#8211; Reifendruckkontrolle<br \/>SH1 &#8211; Sidebags im Fond<br \/>SR2 &#8211; Exklusiv Interieur Plus<br \/>T84 &#8211; Trittbretter seitlich<br \/>VA2 &#8211; Zierelemente Holz Walnuss Natur offenporig<br \/>VL4 &#8211; Gummimatte f\u00fcr Laderaum<br \/>VL9 &#8211; AMG Performance Lenkrad in Leder Nappa<br \/>V43 &#8211; AMG Fu\u00dfmatten schwarz<br \/>V57 &#8211; EASY-PACK Laderaumabdeckung<br \/>Unsere Passion ist es seit vielen Jahren, die besten und exklusivsten Fahrzeuge zu beschaffen<br \/><strong>VIELEN DANK F\u00dcR IHR INTERESSE AN EINEM UNSERER FAHRZEUGE<\/strong><\/p>\n<hr\/>\n<p><strong>Garantie &amp; Qualit\u00e4tssiegel:<\/strong><\/p>\n<ul>\n<li>Garantie<\/li>\n<\/ul>\n<p><strong class='title'>Umwelt &amp; Laden:<\/strong><\/p>\n<ul>\n<li>Effizienzklasse G<\/li>\n<li>EURO 6d<\/li>\n<li>Katalysator<\/li>\n<li>Umweltplakette 4<\/li>\n<\/ul>\n<p><strong class='title'>Getriebe:<\/strong><\/p>\n<ul>\n<li>AMG SPEEDSHIFT<\/li>\n<\/ul>\n<p><\/p>\n<hr\/>\n<p>Zwischenverkauf und Irrt\u00fcmer vorbehalten. Die Fahrzeugbeschreibung dient ausschlie\u00dflich der allgemeinen Identifikation des Fahrzeugs und stellt keine rechtsverbindliche Gew\u00e4hrleistung dar. Verbindlich sind nur die Vereinbarungen im Kaufvertrag und der Auftragsbest\u00e4tigung. Bitte beachten Sie, dass bestimmte Sonderausstattungen zus\u00e4tzliche Kosten verursachen k\u00f6nnen. Detaillierte Informationen zum Ausstattungsumfang erhalten Sie von unserem Verkaufspersonal.<\/p>\n","protected":false},"author":95,"featured_media":0,"template":"","vehica_6654":[2072],"vehica_17481":[2452],"vehica_6655":[2476],"vehica_6659":[2720],"vehica_6660":[2729],"vehica_6657":[],"vehica_6661":[],"vehica_6662":[2483],"vehica_6663":[2107],"vehica_12974":[],"vehica_6666":[2324],"vehica_12770":[],"vehica_6670":[2702],"vehica_12723":[],"vehica_18854":[2500],"class_list":["post-598656","vehica_car","type-vehica_car","status-publish","hentry","vehica_6654-new","vehica_17481-car","vehica_6655-car","vehica_6659-mercedes-benz","vehica_6660-g-63-amg","vehica_6662-automatic_gear","vehica_6663-petrol","vehica_6666-blue","vehica_6670-katalysatorgarantie","vehica_18854-euro6d"],"vehica_6656":{"vehica_currency_6656_2316":225862},"vehica_14696":"","vehica_6664":"0","vehica_6665":"3982","vehica_6671":"","vehica_6673":["https:\/\/cf-motors.de\/wp-content\/uploads\/cars_pictures\/2016251_1.jpg","https:\/\/cf-motors.de\/wp-content\/uploads\/cars_pictures\/2016251_2.jpg","https:\/\/cf-motors.de\/wp-content\/uploads\/cars_pictures\/2016251_3.jpg","https:\/\/cf-motors.de\/wp-content\/uploads\/cars_pictures\/2016251_4.jpg","https:\/\/cf-motors.de\/wp-content\/uploads\/cars_pictures\/2016251_5.jpg"],"vehica_6674":{"embed":"","url":""},"vehica_16721":"","vehica_18845":"G63_blue","vehica_18846":"430 kW (585 PS)","vehica_18847":"343","vehica_18848":"","vehica_18849":"15.1","vehica_18850":"19","vehica_18851":"G","vehica_18852":"20.3","vehica_18853":"13","vehica_18855":"","vehica_18856":"","vehica_18857":"","vehica_18858":"","vehica_22348":"3","vehica_22990":"585","vehica_346997":"0","vehica_437603":"G","vehica_439584":"","vehica_439585":"50;2685+115;6176+190;10203","vehica_439586":"","vehica_439587":"2023","vehica_439588":"992","vehica_439589":"","vehica_449495":"358","vehica_449496":"15.1","vehica_449497":"","vehica_454484":"","vehica_454485":"","vehica_454486":"","vehica_454487":"","vehica_454488":"15.1","vehica_472325":"","vehica_472326":"","vehica_472327":"","vehica_472328":"358","vehica_472329":"G","vehica_472330":"","vehica_472331":"","vehica_472332":"","vehica_472333":"","vehica_472366":"","vehica_597916":"","_links":{"self":[{"href":"https:\/\/cf-motors.de\/de\/wp-json\/wp\/v2\/cars\/598656","targetHints":{"allow":["GET"]}}],"collection":[{"href":"https:\/\/cf-motors.de\/de\/wp-json\/wp\/v2\/cars"}],"about":[{"href":"https:\/\/cf-motors.de\/de\/wp-json\/wp\/v2\/types\/vehica_car"}],"author":[{"embeddable":true,"href":"https:\/\/cf-motors.de\/de\/wp-json\/wp\/v2\/users\/95"}],"wp:attachment":[{"href":"https:\/\/cf-motors.de\/de\/wp-json\/wp\/v2\/media?parent=598656"}],"wp:term":[{"taxonomy":"vehica_6654","embeddable":true,"href":"https:\/\/cf-motors.de\/de\/wp-json\/wp\/v2\/vehica_6654?post=598656"},{"taxonomy":"vehica_17481","embeddable":true,"href":"https:\/\/cf-motors.de\/de\/wp-json\/wp\/v2\/vehica_17481?post=598656"},{"taxonomy":"vehica_6655","embeddable":true,"href":"https:\/\/cf-motors.de\/de\/wp-json\/wp\/v2\/vehica_6655?post=598656"},{"taxonomy":"vehica_6659","embeddable":true,"href":"https:\/\/cf-motors.de\/de\/wp-json\/wp\/v2\/vehica_6659?post=598656"},{"taxonomy":"vehica_6660","embeddable":true,"href":"https:\/\/cf-motors.de\/de\/wp-json\/wp\/v2\/vehica_6660?post=598656"},{"taxonomy":"vehica_6657","embeddable":true,"href":"https:\/\/cf-motors.de\/de\/wp-json\/wp\/v2\/vehica_6657?post=598656"},{"taxonomy":"vehica_6661","embeddable":true,"href":"https:\/\/cf-motors.de\/de\/wp-json\/wp\/v2\/vehica_6661?post=598656"},{"taxonomy":"vehica_6662","embeddable":true,"href":"https:\/\/cf-motors.de\/de\/wp-json\/wp\/v2\/vehica_6662?post=598656"},{"taxonomy":"vehica_6663","embeddable":true,"href":"https:\/\/cf-motors.de\/de\/wp-json\/wp\/v2\/vehica_6663?post=598656"},{"taxonomy":"vehica_12974","embeddable":true,"href":"https:\/\/cf-motors.de\/de\/wp-json\/wp\/v2\/vehica_12974?post=598656"},{"taxonomy":"vehica_6666","embeddable":true,"href":"https:\/\/cf-motors.de\/de\/wp-json\/wp\/v2\/vehica_6666?post=598656"},{"taxonomy":"vehica_12770","embeddable":true,"href":"https:\/\/cf-motors.de\/de\/wp-json\/wp\/v2\/vehica_12770?post=598656"},{"taxonomy":"vehica_6670","embeddable":true,"href":"https:\/\/cf-motors.de\/de\/wp-json\/wp\/v2\/vehica_6670?post=598656"},{"taxonomy":"vehica_12723","embeddable":true,"href":"https:\/\/cf-motors.de\/de\/wp-json\/wp\/v2\/vehica_12723?post=598656"},{"taxonomy":"vehica_18854","embeddable":true,"href":"https:\/\/cf-motors.de\/de\/wp-json\/wp\/v2\/vehica_18854?post=598656"}],"curies":[{"name":"wp","href":"https:\/\/api.w.org\/{rel}","templated":true}]}}