{"id":598556,"date":"2026-04-27T12:00:21","date_gmt":"2026-04-27T12:00:21","guid":{"rendered":"http:\/\/cf-motors.de\/de\/listing\/porsche-991-2-gt3-rs-non-opf-lift-cam-approved-pccb\/"},"modified":"2026-04-27T12:00:21","modified_gmt":"2026-04-27T12:00:21","slug":"porsche-991-2-gt3-rs-non-opf-lift-cam-approved-pccb","status":"publish","type":"vehica_car","link":"https:\/\/cf-motors.de\/de\/listing\/porsche-991-2-gt3-rs-non-opf-lift-cam-approved-pccb\/","title":{"rendered":"PORSCHE 991.2 GT3 RS NON OPF, LIFT, CAM, APPROVED, PCCB"},"content":{"rendered":"<p><strong>VIELEN DANK F\u00dcR IHR INTERESSE AN EINEM UNSERER FAHRZEUGE<\/strong><\/p>\n<hr\/>\n<p>Wir freuen uns, Ihnen diesen sehr gepflegten 991.2 GT3RS OHNE OPF aus Erstbesitz mit Approved Garantie bis 08\/2026 in der Sonderfarbe Miami Blue pr\u00e4sentieren zu d\u00fcrfen. Das Fahrzeug hat im August 2025 neuen Service bekommen. Bei weiteren Fragen rund um das Auto stehen wir Ihnen gerne jederzeit zur Verf\u00fcgung!<br \/>Highlights der umfangreichen Sonderausstattung:<br \/>&#8211; 6-Punkt-Sicherheitsgurt Beifahrerseite<br \/>&#8211; Blende Gurtaustritt B-S\u00e4ule Alcantara<br \/>&#8211; Clubsport-Paket<br \/>&#8211; Einstiegsblenden (Carbon) beleuchtet<br \/>&#8211; Hauptscheinwerfer LED (abgedunkelt) inkl. Porsche Dynamic Light System (PDLS)<br \/>&#8211; Innenraumlicht-Paket \/ Licht-Design-Paket<br \/>&#8211; Schalttafel Leder<br \/>&#8211; T\u00fcrtafel Leder\/Alcantara<br \/>&#8211; Keramik-Bremsanlage (Porsche Ceramic Composite Brake, PCCB)<br \/>&#8211; Kraftstofftank: 90 Ltr.<br \/>&#8211; Lenks\u00e4ulenverkleidung Leder<br \/>&#8211; Liftsystem Vorderachse<br \/>&#8211; LM-Felgen (schwarz, seidengl\u00e4nzend lackiert)<br \/>&#8211; Mittelkonsole vorn Leder, Blende vorn Carbon<br \/>&#8211; Deckel Ablagefach hinten Alcantara mit Schriftzug Porsche<br \/>&#8211; Pedalerie und Fu\u00dfst\u00fctze aus Aluminium<br \/>&#8211; R\u00fcckfahrkamera<br \/>&#8211; Sonnenblenden Alcantara<br \/>&#8211; Sound-System BOSE<br \/>&#8211; Sport-Chrono-Paket<br \/>&#8211; Tankdeckel Alu-Optik<br \/>&#8211; Vehicle-Tracking-System Plus (PVTS Plus)<br \/>&#8211; Sport Chrono Stoppuhr<\/p>\n<hr\/>\n<p><strong>Garantie &amp; Qualit\u00e4tssiegel:<\/strong><\/p>\n<ul>\n<li>Gebrauchtwagengarantie<\/li>\n<\/ul>\n<p><strong class='title'>Assistenzsysteme:<\/strong><\/p>\n<ul>\n<li>R\u00fcckfahrkamera<\/li>\n<\/ul>\n<p><strong class='title'>Licht:<\/strong><\/p>\n<ul>\n<li>Porsche Dynamic Light System (PDLS)<\/li>\n<\/ul>\n<p><strong class='title'>Media &amp; Infotainment:<\/strong><\/p>\n<ul>\n<li>Bluetooth Schnittstelle<\/li>\n<li>BOSE\u00ae Surround Sound-System<\/li>\n<li>DAB Tuner<\/li>\n<li>Porsche Communication Management (PCM)<\/li>\n<li>Radio<\/li>\n<\/ul>\n<p><strong class='title'>Sicherheit &amp; Technik:<\/strong><\/p>\n<ul>\n<li>Beifahrerairbag<\/li>\n<li>Fahrerairbag<\/li>\n<li>Gurtanlegekontrolle<\/li>\n<li>Gurtkraftbegrenzer<\/li>\n<li>Kopfairbagsystem<\/li>\n<li>Porsche Ceramic Composite Break (PCCB)<\/li>\n<li>Seitenairbags vorn<\/li>\n<li>Seitenaufprallschutz<\/li>\n<li>Sicherheitsgurte mit Gurtstraffern<\/li>\n<li>Vorr\u00fcstung f\u00fcr Vehicle Tracking System<\/li>\n<li>Wegfahrsperre<\/li>\n<\/ul>\n<p><strong class='title'>Komfort &amp; Klima:<\/strong><\/p>\n<ul>\n<li>ATA \/ Aussentemperaturanzeige<\/li>\n<li>Bordcomputer<\/li>\n<li>Colorglas<\/li>\n<li>elektrische Fensterheber<\/li>\n<li>Klimaautomatik<\/li>\n<li>Schalensitze<\/li>\n<\/ul>\n<p><strong class='title'>Reifen &amp; Felgen:<\/strong><\/p>\n<ul>\n<li>20\/21 Zoll Alufelgen<\/li>\n<li>Reifendruck-Kontrolle<\/li>\n<\/ul>\n<p><strong class='title'>Exterieur &amp; Design:<\/strong><\/p>\n<ul>\n<li>Heckspoiler<\/li>\n<li>Liftsystem Vorderachse<\/li>\n<\/ul>\n<p><strong class='title'>Interieur &amp; Design:<\/strong><\/p>\n<ul>\n<li>Alcantara Lenkrad<\/li>\n<li>Dachhimmel schwarz<\/li>\n<li>Interieur-Zusatzpaket Schalttafel Carbon<\/li>\n<li>Interieur-Zusatzpaket Schalttafel Leder<\/li>\n<li>Interieur-Zusatzpaket T\u00fcrtafel Leder<\/li>\n<li>Kontrastn\u00e4hte<\/li>\n<\/ul>\n<p><strong class='title'>Umwelt &amp; Laden:<\/strong><\/p>\n<ul>\n<li>E10 geeignet<\/li>\n<li>EURO VI<\/li>\n<li>Katalysator<\/li>\n<li>Umweltplakette 4<\/li>\n<\/ul>\n<p><strong class='title'>Getriebe:<\/strong><\/p>\n<ul>\n<li>Doppelkupplungsgetriebe (PDK)<\/li>\n<\/ul>\n<p><strong class='title'>Weitere Informationen:<\/strong><\/p>\n<ul>\n<li>Erstbesitz<\/li>\n<li>Im Kundenauftrag<\/li>\n<li>Scheckheft<\/li>\n<\/ul>\n<p><\/p>\n<hr\/>\n<p>Zwischenverkauf und Irrt\u00fcmer vorbehalten. Die Fahrzeugbeschreibung dient ausschlie\u00dflich der allgemeinen Identifikation des Fahrzeugs und stellt keine rechtsverbindliche Gew\u00e4hrleistung dar. Verbindlich sind nur die Vereinbarungen im Kaufvertrag und der Auftragsbest\u00e4tigung. Bitte beachten Sie, dass bestimmte Sonderausstattungen zus\u00e4tzliche Kosten verursachen k\u00f6nnen. Detaillierte Informationen zum Ausstattungsumfang erhalten Sie von unserem Verkaufspersonal.<\/p>\n","protected":false},"author":95,"featured_media":0,"template":"","vehica_6654":[2073],"vehica_17481":[2452],"vehica_6655":[2476],"vehica_6659":[2718],"vehica_6660":[2719],"vehica_6657":[],"vehica_6661":[],"vehica_6662":[2483],"vehica_6663":[2107],"vehica_12974":[],"vehica_6666":[2324],"vehica_12770":[],"vehica_6670":[],"vehica_12723":[],"vehica_18854":[2480],"class_list":["post-598556","vehica_car","type-vehica_car","status-publish","hentry","vehica_6654-used","vehica_17481-car","vehica_6655-car","vehica_6659-porsche","vehica_6660-2719","vehica_6662-automatic_gear","vehica_6663-petrol","vehica_6666-blue","vehica_18854-euro6"],"vehica_6656":{"vehica_currency_6656_2316":233000},"vehica_14696":"2018","vehica_6664":"16950","vehica_6665":"3996","vehica_6671":"","vehica_6673":["https:\/\/cf-motors.de\/wp-content\/uploads\/cars_pictures\/2444606_1.jpg","https:\/\/cf-motors.de\/wp-content\/uploads\/cars_pictures\/2444606_2.jpg","https:\/\/cf-motors.de\/wp-content\/uploads\/cars_pictures\/2444606_3.jpg","https:\/\/cf-motors.de\/wp-content\/uploads\/cars_pictures\/2444606_4.jpg","https:\/\/cf-motors.de\/wp-content\/uploads\/cars_pictures\/2444606_5.jpg","https:\/\/cf-motors.de\/wp-content\/uploads\/cars_pictures\/2444606_6.jpg","https:\/\/cf-motors.de\/wp-content\/uploads\/cars_pictures\/2444606_7.jpg","https:\/\/cf-motors.de\/wp-content\/uploads\/cars_pictures\/2444606_8.jpg","https:\/\/cf-motors.de\/wp-content\/uploads\/cars_pictures\/2444606_9.jpg","https:\/\/cf-motors.de\/wp-content\/uploads\/cars_pictures\/2444606_10.jpg","https:\/\/cf-motors.de\/wp-content\/uploads\/cars_pictures\/2444606_11.jpg","https:\/\/cf-motors.de\/wp-content\/uploads\/cars_pictures\/2444606_12.jpg","https:\/\/cf-motors.de\/wp-content\/uploads\/cars_pictures\/2444606_13.jpg","https:\/\/cf-motors.de\/wp-content\/uploads\/cars_pictures\/2444606_14.jpg","https:\/\/cf-motors.de\/wp-content\/uploads\/cars_pictures\/2444606_15.jpg","https:\/\/cf-motors.de\/wp-content\/uploads\/cars_pictures\/2444606_16.jpg","https:\/\/cf-motors.de\/wp-content\/uploads\/cars_pictures\/2444606_17.jpg","https:\/\/cf-motors.de\/wp-content\/uploads\/cars_pictures\/2444606_18.jpg","https:\/\/cf-motors.de\/wp-content\/uploads\/cars_pictures\/2444606_19.jpg","https:\/\/cf-motors.de\/wp-content\/uploads\/cars_pictures\/2444606_20.jpg","https:\/\/cf-motors.de\/wp-content\/uploads\/cars_pictures\/2444606_21.jpg","https:\/\/cf-motors.de\/wp-content\/uploads\/cars_pictures\/2444606_22.jpg","https:\/\/cf-motors.de\/wp-content\/uploads\/cars_pictures\/2444606_23.jpg","https:\/\/cf-motors.de\/wp-content\/uploads\/cars_pictures\/2444606_24.jpg","https:\/\/cf-motors.de\/wp-content\/uploads\/cars_pictures\/2444606_25.jpg"],"vehica_6674":{"embed":"","url":""},"vehica_16721":"","vehica_18845":"GT3RSMK2_BLUE","vehica_18846":"383 kW (521 PS)","vehica_18847":"","vehica_18848":"1","vehica_18849":"","vehica_18850":"","vehica_18851":"","vehica_18852":"","vehica_18853":"","vehica_18855":"06\/2018","vehica_18856":"2018","vehica_18857":"","vehica_18858":"","vehica_22348":"1","vehica_22990":"521","vehica_346997":"0","vehica_437603":"G","vehica_439584":"","vehica_439585":"50;2243+115;5158+190;8522","vehica_439586":"1.85","vehica_439587":"2023","vehica_439588":"","vehica_439589":"3608","vehica_449495":"299","vehica_449496":"13","vehica_449497":"","vehica_454484":"","vehica_454485":"","vehica_454486":"","vehica_454487":"","vehica_454488":"13","vehica_472325":"","vehica_472326":"","vehica_472327":"","vehica_472328":"299","vehica_472329":"G","vehica_472330":"","vehica_472331":"","vehica_472332":"","vehica_472333":"","vehica_472366":"","vehica_597916":"","_links":{"self":[{"href":"https:\/\/cf-motors.de\/de\/wp-json\/wp\/v2\/cars\/598556","targetHints":{"allow":["GET"]}}],"collection":[{"href":"https:\/\/cf-motors.de\/de\/wp-json\/wp\/v2\/cars"}],"about":[{"href":"https:\/\/cf-motors.de\/de\/wp-json\/wp\/v2\/types\/vehica_car"}],"author":[{"embeddable":true,"href":"https:\/\/cf-motors.de\/de\/wp-json\/wp\/v2\/users\/95"}],"wp:attachment":[{"href":"https:\/\/cf-motors.de\/de\/wp-json\/wp\/v2\/media?parent=598556"}],"wp:term":[{"taxonomy":"vehica_6654","embeddable":true,"href":"https:\/\/cf-motors.de\/de\/wp-json\/wp\/v2\/vehica_6654?post=598556"},{"taxonomy":"vehica_17481","embeddable":true,"href":"https:\/\/cf-motors.de\/de\/wp-json\/wp\/v2\/vehica_17481?post=598556"},{"taxonomy":"vehica_6655","embeddable":true,"href":"https:\/\/cf-motors.de\/de\/wp-json\/wp\/v2\/vehica_6655?post=598556"},{"taxonomy":"vehica_6659","embeddable":true,"href":"https:\/\/cf-motors.de\/de\/wp-json\/wp\/v2\/vehica_6659?post=598556"},{"taxonomy":"vehica_6660","embeddable":true,"href":"https:\/\/cf-motors.de\/de\/wp-json\/wp\/v2\/vehica_6660?post=598556"},{"taxonomy":"vehica_6657","embeddable":true,"href":"https:\/\/cf-motors.de\/de\/wp-json\/wp\/v2\/vehica_6657?post=598556"},{"taxonomy":"vehica_6661","embeddable":true,"href":"https:\/\/cf-motors.de\/de\/wp-json\/wp\/v2\/vehica_6661?post=598556"},{"taxonomy":"vehica_6662","embeddable":true,"href":"https:\/\/cf-motors.de\/de\/wp-json\/wp\/v2\/vehica_6662?post=598556"},{"taxonomy":"vehica_6663","embeddable":true,"href":"https:\/\/cf-motors.de\/de\/wp-json\/wp\/v2\/vehica_6663?post=598556"},{"taxonomy":"vehica_12974","embeddable":true,"href":"https:\/\/cf-motors.de\/de\/wp-json\/wp\/v2\/vehica_12974?post=598556"},{"taxonomy":"vehica_6666","embeddable":true,"href":"https:\/\/cf-motors.de\/de\/wp-json\/wp\/v2\/vehica_6666?post=598556"},{"taxonomy":"vehica_12770","embeddable":true,"href":"https:\/\/cf-motors.de\/de\/wp-json\/wp\/v2\/vehica_12770?post=598556"},{"taxonomy":"vehica_6670","embeddable":true,"href":"https:\/\/cf-motors.de\/de\/wp-json\/wp\/v2\/vehica_6670?post=598556"},{"taxonomy":"vehica_12723","embeddable":true,"href":"https:\/\/cf-motors.de\/de\/wp-json\/wp\/v2\/vehica_12723?post=598556"},{"taxonomy":"vehica_18854","embeddable":true,"href":"https:\/\/cf-motors.de\/de\/wp-json\/wp\/v2\/vehica_18854?post=598556"}],"curies":[{"name":"wp","href":"https:\/\/api.w.org\/{rel}","templated":true}]}}