{"id":598223,"date":"2026-04-27T12:00:44","date_gmt":"2026-04-27T12:00:44","guid":{"rendered":"http:\/\/cf-motors.de\/de\/listing\/ford-gt-carbon-series-limited-edition-brand-new\/"},"modified":"2026-04-27T12:00:45","modified_gmt":"2026-04-27T12:00:45","slug":"ford-gt-carbon-series-limited-edition-brand-new","status":"publish","type":"vehica_car","link":"https:\/\/cf-motors.de\/de\/listing\/ford-gt-carbon-series-limited-edition-brand-new\/","title":{"rendered":"FORD GT Carbon Series LIMITED EDITION, BRAND NEW"},"content":{"rendered":"<p><strong>VIELEN DANK F\u00dcR IHR INTERESSE AN EINEM UNSERER FAHRZEUGE<\/strong><\/p>\n<hr\/>\n<p>Wir freuen uns sehr, Ihnen einen nagelneuen Ford GT Carbon Series pr\u00e4sentieren zu d\u00fcrfen.<br \/>Ausstattungsmerkmale:<br \/>&#8211; Structural Carbon Fiber Passenger Shell, Body Panels and active aerodynamic elements<br \/>&#8211; Mid-mounted 3.5L EcoBoost V6 GTDI Engine<br \/>&#8211; 7-Speed, Dual Clutch Automated Manual Transmission<br \/>&#8211; Front &amp; Rear Independent Suspension with Variable Ride Height and Selectable Drive Modes &#8211; Brembo Carbon Ceramic Brakes<\/p>\n<hr\/>\n<p><strong>Garantie &amp; Qualit\u00e4tssiegel:<\/strong><\/p>\n<ul>\n<li>Garantie<\/li>\n<li>Gebrauchtwagengarantie<\/li>\n<\/ul>\n<p><strong class='title'>Sicherheit &amp; Technik:<\/strong><\/p>\n<ul>\n<li>Carbon Ceramic Brake (CCB)<\/li>\n<\/ul>\n<p><strong class='title'>Komfort &amp; Klima:<\/strong><\/p>\n<ul>\n<li>Servolenkung<\/li>\n<\/ul>\n<p><strong class='title'>Reifen &amp; Felgen:<\/strong><\/p>\n<ul>\n<li>Carbonfelgen<\/li>\n<\/ul>\n<p><strong class='title'>Exterieur &amp; Design:<\/strong><\/p>\n<ul>\n<li>Brembo Bremsanlage<\/li>\n<li>Bremss\u00e4ttel rot<\/li>\n<li>Carbon Frontspoilerlippe<\/li>\n<li>Carbon Heckdiffusor<\/li>\n<li>Carbon Spiegelkappen<\/li>\n<\/ul>\n<p><strong class='title'>Interieur &amp; Design:<\/strong><\/p>\n<ul>\n<li>Alcantara Lenkrad<\/li>\n<\/ul>\n<p><strong class='title'>Umwelt &amp; Laden:<\/strong><\/p>\n<ul>\n<li>Effizienzklasse G<\/li>\n<li>EURO 6c<\/li>\n<li>Katalysator<\/li>\n<li>Umweltplakette 4<\/li>\n<\/ul>\n<p><strong class='title'>Getriebe:<\/strong><\/p>\n<ul>\n<li>Doppelkupplungsgetriebe<\/li>\n<\/ul>\n<p><strong class='title'>Weitere Informationen:<\/strong><\/p>\n<ul>\n<li>Im Kundenauftrag<\/li>\n<\/ul>\n<p><\/p>\n<hr\/>\n<p>Zwischenverkauf und Irrt\u00fcmer vorbehalten. Die Fahrzeugbeschreibung dient ausschlie\u00dflich der allgemeinen Identifikation des Fahrzeugs und stellt keine rechtsverbindliche Gew\u00e4hrleistung dar. Verbindlich sind nur die Vereinbarungen im Kaufvertrag und der Auftragsbest\u00e4tigung. Bitte beachten Sie, dass bestimmte Sonderausstattungen zus\u00e4tzliche Kosten verursachen k\u00f6nnen. Detaillierte Informationen zum Ausstattungsumfang erhalten Sie von unserem Verkaufspersonal.<\/p>\n","protected":false},"author":95,"featured_media":0,"template":"","vehica_6654":[2072],"vehica_17481":[2452],"vehica_6655":[2476],"vehica_6659":[2727],"vehica_6660":[2728],"vehica_6657":[],"vehica_6661":[],"vehica_6662":[2483],"vehica_6663":[2107],"vehica_12974":[],"vehica_6666":[],"vehica_12770":[],"vehica_6670":[2691],"vehica_12723":[],"vehica_18854":[2547],"class_list":["post-598223","vehica_car","type-vehica_car","status-publish","hentry","vehica_6654-new","vehica_17481-car","vehica_6655-car","vehica_6659-ford","vehica_6660-gt","vehica_6662-automatic_gear","vehica_6663-petrol","vehica_6670-brembo-bremsanlagealcantara-lenkradcarbon-heckdiffusorbremssaettel-rotcarbon-spiegelkappenkatalysatorcarbonfelgengebrauchtwagengarantiegarantieservolenkungim-kundenauftrag","vehica_18854-euro6c"],"vehica_6656":{"vehica_currency_6656_2316":821100},"vehica_14696":"","vehica_6664":"0","vehica_6665":"3496","vehica_6671":"","vehica_6673":["https:\/\/cf-motors.de\/wp-content\/uploads\/cars_pictures\/2259122_1.jpg","https:\/\/cf-motors.de\/wp-content\/uploads\/cars_pictures\/2259122_2.jpg","https:\/\/cf-motors.de\/wp-content\/uploads\/cars_pictures\/2259122_3.jpg","https:\/\/cf-motors.de\/wp-content\/uploads\/cars_pictures\/2259122_4.jpg","https:\/\/cf-motors.de\/wp-content\/uploads\/cars_pictures\/2259122_5.jpg","https:\/\/cf-motors.de\/wp-content\/uploads\/cars_pictures\/2259122_6.jpg","https:\/\/cf-motors.de\/wp-content\/uploads\/cars_pictures\/2259122_7.jpg","https:\/\/cf-motors.de\/wp-content\/uploads\/cars_pictures\/2259122_8.jpg","https:\/\/cf-motors.de\/wp-content\/uploads\/cars_pictures\/2259122_9.jpg","https:\/\/cf-motors.de\/wp-content\/uploads\/cars_pictures\/2259122_10.jpg","https:\/\/cf-motors.de\/wp-content\/uploads\/cars_pictures\/2259122_11.jpg","https:\/\/cf-motors.de\/wp-content\/uploads\/cars_pictures\/2259122_12.jpg","https:\/\/cf-motors.de\/wp-content\/uploads\/cars_pictures\/2259122_13.jpg","https:\/\/cf-motors.de\/wp-content\/uploads\/cars_pictures\/2259122_14.jpg"],"vehica_6674":{"embed":"","url":""},"vehica_16721":"","vehica_18845":"FordGTCarbonSeriesFeb24","vehica_18846":"463 kW (629 PS)","vehica_18847":"315","vehica_18848":"","vehica_18849":"14.7","vehica_18850":"19","vehica_18851":"G","vehica_18852":"25.2","vehica_18853":"11.4","vehica_18855":"","vehica_18856":"","vehica_18857":"","vehica_18858":"","vehica_22348":"1","vehica_22990":"629","vehica_346997":"0","vehica_437603":"G","vehica_439584":"","vehica_439585":"50;2363+115;5434+190;8978","vehica_439586":"","vehica_439587":"2023","vehica_439588":"810","vehica_439589":"","vehica_449495":"315","vehica_449496":"13.7","vehica_449497":"","vehica_454484":"25.2","vehica_454485":"14.7","vehica_454486":"11.4","vehica_454487":"11","vehica_454488":"13.7","vehica_472325":"","vehica_472326":"","vehica_472327":"","vehica_472328":"315","vehica_472329":"G","vehica_472330":"","vehica_472331":"","vehica_472332":"","vehica_472333":"","vehica_472366":"","vehica_597916":"","_links":{"self":[{"href":"https:\/\/cf-motors.de\/de\/wp-json\/wp\/v2\/cars\/598223","targetHints":{"allow":["GET"]}}],"collection":[{"href":"https:\/\/cf-motors.de\/de\/wp-json\/wp\/v2\/cars"}],"about":[{"href":"https:\/\/cf-motors.de\/de\/wp-json\/wp\/v2\/types\/vehica_car"}],"author":[{"embeddable":true,"href":"https:\/\/cf-motors.de\/de\/wp-json\/wp\/v2\/users\/95"}],"wp:attachment":[{"href":"https:\/\/cf-motors.de\/de\/wp-json\/wp\/v2\/media?parent=598223"}],"wp:term":[{"taxonomy":"vehica_6654","embeddable":true,"href":"https:\/\/cf-motors.de\/de\/wp-json\/wp\/v2\/vehica_6654?post=598223"},{"taxonomy":"vehica_17481","embeddable":true,"href":"https:\/\/cf-motors.de\/de\/wp-json\/wp\/v2\/vehica_17481?post=598223"},{"taxonomy":"vehica_6655","embeddable":true,"href":"https:\/\/cf-motors.de\/de\/wp-json\/wp\/v2\/vehica_6655?post=598223"},{"taxonomy":"vehica_6659","embeddable":true,"href":"https:\/\/cf-motors.de\/de\/wp-json\/wp\/v2\/vehica_6659?post=598223"},{"taxonomy":"vehica_6660","embeddable":true,"href":"https:\/\/cf-motors.de\/de\/wp-json\/wp\/v2\/vehica_6660?post=598223"},{"taxonomy":"vehica_6657","embeddable":true,"href":"https:\/\/cf-motors.de\/de\/wp-json\/wp\/v2\/vehica_6657?post=598223"},{"taxonomy":"vehica_6661","embeddable":true,"href":"https:\/\/cf-motors.de\/de\/wp-json\/wp\/v2\/vehica_6661?post=598223"},{"taxonomy":"vehica_6662","embeddable":true,"href":"https:\/\/cf-motors.de\/de\/wp-json\/wp\/v2\/vehica_6662?post=598223"},{"taxonomy":"vehica_6663","embeddable":true,"href":"https:\/\/cf-motors.de\/de\/wp-json\/wp\/v2\/vehica_6663?post=598223"},{"taxonomy":"vehica_12974","embeddable":true,"href":"https:\/\/cf-motors.de\/de\/wp-json\/wp\/v2\/vehica_12974?post=598223"},{"taxonomy":"vehica_6666","embeddable":true,"href":"https:\/\/cf-motors.de\/de\/wp-json\/wp\/v2\/vehica_6666?post=598223"},{"taxonomy":"vehica_12770","embeddable":true,"href":"https:\/\/cf-motors.de\/de\/wp-json\/wp\/v2\/vehica_12770?post=598223"},{"taxonomy":"vehica_6670","embeddable":true,"href":"https:\/\/cf-motors.de\/de\/wp-json\/wp\/v2\/vehica_6670?post=598223"},{"taxonomy":"vehica_12723","embeddable":true,"href":"https:\/\/cf-motors.de\/de\/wp-json\/wp\/v2\/vehica_12723?post=598223"},{"taxonomy":"vehica_18854","embeddable":true,"href":"https:\/\/cf-motors.de\/de\/wp-json\/wp\/v2\/vehica_18854?post=598223"}],"curies":[{"name":"wp","href":"https:\/\/api.w.org\/{rel}","templated":true}]}}